{"id":18957,"date":"2024-05-23T11:14:36","date_gmt":"2024-05-23T09:14:36","guid":{"rendered":"https:\/\/johanneum-lueneburg.de\/wordpress\/?page_id=18957"},"modified":"2025-08-09T17:29:09","modified_gmt":"2025-08-09T15:29:09","slug":"oberstufe-abitur","status":"publish","type":"page","link":"https:\/\/johanneum-lueneburg.de\/wordpress\/oberstufe-abitur\/","title":{"rendered":"Oberstufe: Abitur"},"content":{"rendered":"<section class=\"l-section wpb_row height_auto\"><div class=\"l-section-h i-cf\"><div class=\"g-cols vc_row via_flex valign_top type_default stacking_default\"><div class=\"vc_col-sm-12 wpb_column vc_column_container\"><div class=\"vc_column-inner\"><div class=\"wpb_wrapper\"><div class=\"g-cols wpb_row via_flex valign_top type_default stacking_default\"><div class=\"vc_col-sm-12 wpb_column vc_column_container\"><div class=\"vc_column-inner\"><div class=\"wpb_wrapper\"><div class=\"wpb_text_column\"><div class=\"wpb_wrapper\"><h4 style=\"text-align: center;\"><span style=\"color: #ff0000;\"><strong>Hinweis: Alle wichtigen Termine und Fristen zum Abitur sind im IServ-Kalender &#8222;Jahresplaner 13&#8220; zu finden!<\/strong><\/span><\/h4>\n<\/div><\/div><div class=\"w-separator size_small\"><\/div><div class=\"w-separator size_small\"><\/div><div class=\"wpb_text_column\"><div class=\"wpb_wrapper\"><p><span style=\"text-decoration: underline;\"><strong>Termine<\/strong> und <strong>Hinweise<\/strong><\/span> zum Zentralabitur:<\/p>\n<\/div><\/div><div class=\"w-btn-wrapper align_none\"><a class=\"w-btn us-btn-style_1 icon_atleft\" target=\"_blank\" rel=\"nofollow\" href=\"https:\/\/bildungsportal-niedersachsen.de\/allgemeinbildung\/zentrale-arbeiten\/zentralabitur\/zentralabitur\"><i class=\"fas fa-external-link\"><\/i><span class=\"w-btn-label\">Termine, Fachbezogene Hinweise und Thematische Schwerpunkte (Seite vom MK)<\/span><\/a><\/div><div class=\"w-separator size_medium with_line width_default thick_1 style_solid color_border align_center\"><div class=\"w-separator-h\"><\/div><\/div><\/div><\/div><\/div><\/div><div class=\"g-cols wpb_row via_flex valign_top type_default stacking_default\"><div class=\"vc_col-sm-12 wpb_column vc_column_container\"><div class=\"vc_column-inner\"><div class=\"wpb_wrapper\"><div class=\"wpb_text_column\"><div class=\"wpb_wrapper\"><p><strong><span style=\"text-decoration: underline;\">Pr\u00e4sentationspr\u00fcfung im m\u00fcndlichen Abitur<\/span>:<\/strong><\/p>\n<p>Es ist m\u00f6glich, anstatt einer &#8222;normalen&#8220; P5-Abiturpr\u00fcfung eine <strong>Pr\u00e4sentationspr\u00fcfung<\/strong> abzulegen. Dazu ist ein Antrag bis zum Ende des 12. Jahrgangs zu stellen (siehe &#8222;Antr\u00e4ge&#8220;). Informationen rund um die m\u00fcndliche Pr\u00e4sentationspr\u00fcfung sind auf folgender Seite des MK zu finden:<\/p>\n<\/div><\/div><div class=\"w-btn-wrapper align_none\"><a class=\"w-btn us-btn-style_1 icon_atleft\" target=\"_blank\" rel=\"nofollow\" href=\"https:\/\/bildungsportal-niedersachsen.de\/allgemeinbildung\/zentrale-arbeiten\/praesentationspruefungen\"><i class=\"fas fa-external-link\"><\/i><span class=\"w-btn-label\">Informationen Pr\u00e4sentationspr\u00fcfung: Beispiele einzelner F\u00e4cher, Allgemeine Hinweise, FAQ (Seite des MK)<\/span><\/a><\/div><div class=\"w-separator size_medium with_line width_default thick_1 style_solid color_border align_center\"><div class=\"w-separator-h\"><\/div><\/div><\/div><\/div><\/div><\/div><div class=\"g-cols wpb_row via_flex valign_top type_default stacking_default\"><div class=\"vc_col-sm-12 wpb_column vc_column_container\"><div class=\"vc_column-inner\"><div class=\"wpb_wrapper\"><div class=\"wpb_text_column\"><div class=\"wpb_wrapper\"><p><span style=\"text-decoration: underline;\"><strong>Bemerkungen auf dem Abiturzeugnis:<\/strong><\/span><\/p>\n<p>Auf dem Abiturzeugnis k\u00f6nnen <strong>Bemerkungen <\/strong>eingetragen werden, die <strong>eigene besondere Verdienste und Errungenschaften<\/strong> innerhalb und au\u00dferhalb der Schule herausstellen. Bitte verwende das entsprechende IServ-Formular zur Eingabe.<\/p>\n<\/div><\/div><div class=\"w-separator size_medium with_line width_default thick_1 style_solid color_border align_center\"><div class=\"w-separator-h\"><\/div><\/div><\/div><\/div><\/div><\/div><div class=\"g-cols wpb_row via_flex valign_top type_default stacking_default\"><div class=\"vc_col-sm-12 wpb_column vc_column_container\"><div class=\"vc_column-inner\"><div class=\"wpb_wrapper\"><div class=\"wpb_text_column\"><div class=\"wpb_wrapper\"><p><span style=\"text-decoration: underline;\"><strong>Abitur-Note, m\u00fcndliche Nachpr\u00fcfungen:<\/strong><\/span><\/p>\n<p>In den schriftlichen Pr\u00fcfungsf\u00e4chern P1-P4 sind <span style=\"text-decoration: underline;\"><strong>m\u00fcndliche Nachpr\u00fcfungen<\/strong><\/span> m\u00f6glich, um eine noch nicht bestandene Abiturpr\u00fcfung zu bestehen oder um die Note zu verbessern.<\/p>\n<\/div><\/div><div class=\"w-btn-wrapper align_none\"><a class=\"w-btn us-btn-style_1 icon_atleft\" target=\"_blank\" rel=\"nofollow\" href=\"https:\/\/johanneum-lueneburg.de\/wordpress\/abiturrechner\/\"><i class=\"fas fa-link\"><\/i><span class=\"w-btn-label\">Abiturpr\u00fcfungs-Rechner<\/span><\/a><\/div><div class=\"w-separator size_small\"><\/div><\/div><\/div><\/div><\/div><\/div><\/div><\/div><\/div><\/div><\/section>\n","protected":false},"excerpt":{"rendered":"Hinweis: Alle wichtigen Termine und Fristen zum Abitur sind im IServ-Kalender &#8222;Jahresplaner 13&#8220; zu finden! Termine und Hinweise zum Zentralabitur: Termine, Fachbezogene Hinweise und Thematische Schwerpunkte (Seite vom MK)Pr\u00e4sentationspr\u00fcfung im m\u00fcndlichen Abitur: Es ist m\u00f6glich, anstatt einer &#8222;normalen&#8220; P5-Abiturpr\u00fcfung eine Pr\u00e4sentationspr\u00fcfung abzulegen. Dazu ist ein Antrag bis zum Ende des 12. Jahrgangs zu stellen (siehe...","protected":false},"author":3,"featured_media":0,"parent":0,"menu_order":0,"comment_status":"closed","ping_status":"closed","template":"","meta":{"footnotes":""},"class_list":["post-18957","page","type-page","status-publish","hentry"],"_links":{"self":[{"href":"https:\/\/johanneum-lueneburg.de\/wordpress\/wp-json\/wp\/v2\/pages\/18957","targetHints":{"allow":["GET"]}}],"collection":[{"href":"https:\/\/johanneum-lueneburg.de\/wordpress\/wp-json\/wp\/v2\/pages"}],"about":[{"href":"https:\/\/johanneum-lueneburg.de\/wordpress\/wp-json\/wp\/v2\/types\/page"}],"author":[{"embeddable":true,"href":"https:\/\/johanneum-lueneburg.de\/wordpress\/wp-json\/wp\/v2\/users\/3"}],"replies":[{"embeddable":true,"href":"https:\/\/johanneum-lueneburg.de\/wordpress\/wp-json\/wp\/v2\/comments?post=18957"}],"version-history":[{"count":11,"href":"https:\/\/johanneum-lueneburg.de\/wordpress\/wp-json\/wp\/v2\/pages\/18957\/revisions"}],"predecessor-version":[{"id":23584,"href":"https:\/\/johanneum-lueneburg.de\/wordpress\/wp-json\/wp\/v2\/pages\/18957\/revisions\/23584"}],"wp:attachment":[{"href":"https:\/\/johanneum-lueneburg.de\/wordpress\/wp-json\/wp\/v2\/media?parent=18957"}],"curies":[{"name":"wp","href":"https:\/\/api.w.org\/{rel}","templated":true}]}}