{"id":14606,"date":"2023-07-28T12:22:22","date_gmt":"2023-07-28T10:22:22","guid":{"rendered":"https:\/\/johanneum-lueneburg.de\/wordpress\/?page_id=14606"},"modified":"2023-07-28T12:32:28","modified_gmt":"2023-07-28T10:32:28","slug":"bruno-snell-detailinformationen","status":"publish","type":"page","link":"https:\/\/johanneum-lueneburg.de\/wordpress\/bruno-snell-detailinformationen\/","title":{"rendered":"Bruno Snell: Detailinformationen"},"content":{"rendered":"<section class=\"l-section wpb_row height_auto\"><div class=\"l-section-h i-cf\"><div class=\"g-cols vc_row via_flex valign_top type_default stacking_default\"><div class=\"vc_col-sm-12 wpb_column vc_column_container\"><div class=\"vc_column-inner\"><div class=\"wpb_wrapper\"><div class=\"w-tabs layout_hor style_default switch_click has_scrolling\" style=\"--sections-title-size:1em\"><div class=\"w-tabs-list items_2 align_none\"><div class=\"w-tabs-list-h\"><button class=\"w-tabs-item active\" aria-controls=\"content-a3a9\" aria-expanded=\"false\"><span class=\"w-tabs-item-title\">als Sch\u00fcler und Student<\/span><\/button><button class=\"w-tabs-item\" aria-controls=\"content-lc58\" aria-expanded=\"false\"><span class=\"w-tabs-item-title\">weltoffene Pers\u00f6nlichkeit<\/span><\/button><\/div><\/div><div class=\"w-tabs-sections titles-align_none icon_chevron cpos_right\"><div class=\"w-tabs-section active\" id=\"a3a9\"><button class=\"w-tabs-section-header active\" aria-controls=\"content-a3a9\" aria-expanded=\"true\"><div class=\"w-tabs-section-title\">als Sch\u00fcler und Student<\/div><div class=\"w-tabs-section-control\"><\/div><\/button><div  class=\"w-tabs-section-content\" id=\"content-a3a9\"><div class=\"w-tabs-section-content-h i-cf\"><div class=\"g-cols wpb_row via_flex valign_top type_default stacking_default\"><div class=\"vc_col-sm-3 wpb_column vc_column_container\"><div class=\"vc_column-inner\"><div class=\"wpb_wrapper\"><div class=\"wpb_text_column\"><div class=\"wpb_wrapper\"><p><a ref=\"magnificPopup\" href=\"https:\/\/johanneum-lueneburg.de\/wordpress\/wp-content\/uploads\/2023\/07\/snell1908k.jpg\"><img loading=\"lazy\" decoding=\"async\" class=\"alignnone size-full wp-image-14607\" src=\"https:\/\/johanneum-lueneburg.de\/wordpress\/wp-content\/uploads\/2023\/07\/snell1908k.jpg\" alt=\"\" width=\"120\" height=\"200\" srcset=\"https:\/\/johanneum-lueneburg.de\/wordpress\/wp-content\/uploads\/2023\/07\/snell1908k.jpg 120w, https:\/\/johanneum-lueneburg.de\/wordpress\/wp-content\/uploads\/2023\/07\/snell1908k-70x116.jpg 70w\" sizes=\"auto, (max-width: 120px) 100vw, 120px\" \/><\/a><\/p>\n<\/div><\/div><\/div><\/div><\/div><div class=\"vc_col-sm-9 wpb_column vc_column_container\"><div class=\"vc_column-inner\"><div class=\"wpb_wrapper\"><div class=\"wpb_text_column\"><div class=\"wpb_wrapper\"><p>Das Johanneum besitzt ein Klassenfoto von 1908, das Bruno Snell als 12- j\u00e4hrigen Sch\u00fcler zeigt (Foto unten, erster von links, stehend). Er war \u00fcbrigens im gleichen Jahrgang wie Karl August Wittfogel, der in der obersten Reihe (dritter von links, mit M\u00fctze) zu sehen ist. Der wache Blick des Sch\u00fclers Bruno Snell ist typisch f\u00fcr einen aufgeweckten Jungen, der bei den Lehrern zwar durch seine hellen Geistesblitze auffiel, den aber in diesem Alter das Lernen von griechischen und lateinischen Vokabeln keineswegs begeisterte, obwohl sich sein Vater bem\u00fchte, ihn mit allen Tricks zum Arbeiten anzuregen. So kniff er seinen Sohn z.B. beim Vokabelabh\u00f6ren sanft in den Arm, um mit dem Wort &#8222;au&#8220; den Wortanfang von &#8222;auctoritas&#8220; hervorzulocken.<\/p>\n<\/div><\/div><\/div><\/div><\/div><\/div><div class=\"w-separator size_medium\"><\/div><div class=\"g-cols wpb_row via_flex valign_top type_default stacking_default\"><div class=\"vc_col-sm-8 wpb_column vc_column_container\"><div class=\"vc_column-inner\"><div class=\"wpb_wrapper\"><div class=\"wpb_text_column\"><div class=\"wpb_wrapper\"><p>Es war das Elternhaus, das ihm eine gewisse Liberalit\u00e4t mitgab, wenngleich sein Vater, der Psychiater Dr. Otto Snell, der seit 1900 Direktor der &#8222;Provinzial-Irrenanstalt&#8220; in L\u00fcneburg war, sich gew\u00fcnscht hatte, dass sein Sohn Bruno nach seinem Abitur 1914 in eine schlagende Studentenverbindung in G\u00f6ttingen eintreten sollte, was dieser jedoch verweigerte. Was f\u00fcr die Vorfahren der Familie Snell noch revolution\u00e4r war, n\u00e4mlich dass der Uronkel Bruno Snells Anfang des 19. Jahrhunderts die studentischen Burschenschaften mitbegr\u00fcndet hatte, erschien dem Abiturienten im Zusammenhang mit dem nationalen und obrigkeitsstaatlichen Gehabe des wilhelminischen Deutschland eher antiquiert.<\/p>\n<\/div><\/div><\/div><\/div><\/div><div class=\"vc_col-sm-4 wpb_column vc_column_container\"><div class=\"vc_column-inner\"><div class=\"wpb_wrapper\"><div class=\"wpb_text_column\"><div class=\"wpb_wrapper\"><p><a ref=\"magnificPopup\" href=\"https:\/\/johanneum-lueneburg.de\/wordpress\/wp-content\/uploads\/2023\/07\/snell1908g.jpg\"><img loading=\"lazy\" decoding=\"async\" class=\"alignnone size-medium wp-image-14608\" src=\"https:\/\/johanneum-lueneburg.de\/wordpress\/wp-content\/uploads\/2023\/07\/snell1908g-300x217.jpg\" alt=\"\" width=\"300\" height=\"217\" srcset=\"https:\/\/johanneum-lueneburg.de\/wordpress\/wp-content\/uploads\/2023\/07\/snell1908g-300x217.jpg 300w, https:\/\/johanneum-lueneburg.de\/wordpress\/wp-content\/uploads\/2023\/07\/snell1908g-161x116.jpg 161w, https:\/\/johanneum-lueneburg.de\/wordpress\/wp-content\/uploads\/2023\/07\/snell1908g.jpg 450w\" sizes=\"auto, (max-width: 300px) 100vw, 300px\" \/><\/a><\/p>\n<\/div><\/div><\/div><\/div><\/div><\/div><div class=\"g-cols wpb_row via_flex valign_top type_default stacking_default\"><div class=\"vc_col-sm-12 wpb_column vc_column_container\"><div class=\"vc_column-inner\"><div class=\"wpb_wrapper\"><div class=\"wpb_text_column\"><div class=\"wpb_wrapper\"><p>Statt dessen ging Bruno zum Studium nach England, was sich im Nachhinein als Gl\u00fccksfall erwies, da es ihn mit englischer liberaler Gesinnung bekannt machte, worin ein englischer Dozent sp\u00e4ter einen Grund erblickte, dass Snell nicht den Einfl\u00fcssen des Nationalsozialismus erlag. Trotz eines Schl\u00fcsselerlebnisses in einer Vertretungsstunde des Direktors des Johanneums Cornelius H\u00f6lk \u00fcber das logische Verh\u00e4ltnis von S\u00e4tzen, die das Interesse des Johanniters Snell f\u00fcr Sprachphilosophie geweckt hatte, begann er sein Studium nicht mit Philologie. Er immatrikulierte sich f\u00fcr Jura und National\u00f6konomie an der Universit\u00e4t Edinburgh. Auf einer Wanderung in Schottland wurde er vom Ausbruch des 1. Weltkrieges \u00fcberrascht und als Zivilgefangener interniert. Immerhin erlaubte man ihm unter polizeilichen Auflagen 18 Monate lang in Oxford R\u00f6misches Recht zu studieren, bis ihm dieses Privileg angesichts der vielen gefallenen gleichaltrigen Engl\u00e4nder Gewissensbisse bereitete. So wurde er auf der Isle of Man interniert. Hier fiel ihm in der Bibliothek des Lagers eine Ausgabe des Aischylos in die H\u00e4nde, die ihn in den Bann zog. Als er 1917 vorzeitig gegen englische Verwundete ausgetauscht und entlassen wurde, begann er in Leiden das Studium der klassischen Philologie, was er in Berlin, M\u00fcnchen und G\u00f6ttingen weiterf\u00fchrte und mit der Promotion abschloss.<\/p>\n<\/div><\/div><\/div><\/div><\/div><div class=\"vc_col-sm-12 wpb_column vc_column_container\"><div class=\"vc_column-inner\"><div class=\"wpb_wrapper\"><\/div><\/div><\/div><\/div><\/div><\/div><\/div><div class=\"w-tabs-section\" id=\"lc58\"><button class=\"w-tabs-section-header\" aria-controls=\"content-lc58\" aria-expanded=\"false\"><div class=\"w-tabs-section-title\">weltoffene Pers\u00f6nlichkeit<\/div><div class=\"w-tabs-section-control\"><\/div><\/button><div  class=\"w-tabs-section-content\" id=\"content-lc58\"><div class=\"w-tabs-section-content-h i-cf\"><div class=\"g-cols wpb_row via_flex valign_top type_default stacking_default\"><div class=\"vc_col-sm-3 wpb_column vc_column_container\"><div class=\"vc_column-inner\"><div class=\"wpb_wrapper\"><div class=\"wpb_text_column\"><div class=\"wpb_wrapper\"><p style=\"text-align: center;\"><a ref=\"magnificPopup\" href=\"https:\/\/johanneum-lueneburg.de\/wordpress\/wp-content\/uploads\/2023\/07\/snellrektor.jpg\"><img loading=\"lazy\" decoding=\"async\" class=\"alignnone size-full wp-image-14609\" src=\"https:\/\/johanneum-lueneburg.de\/wordpress\/wp-content\/uploads\/2023\/07\/snellrektor.jpg\" alt=\"\" width=\"200\" height=\"285\" srcset=\"https:\/\/johanneum-lueneburg.de\/wordpress\/wp-content\/uploads\/2023\/07\/snellrektor.jpg 200w, https:\/\/johanneum-lueneburg.de\/wordpress\/wp-content\/uploads\/2023\/07\/snellrektor-81x116.jpg 81w\" sizes=\"auto, (max-width: 200px) 100vw, 200px\" \/><\/a><\/p>\n<\/div><\/div><div class=\"wpb_text_column\"><div class=\"wpb_wrapper\"><p style=\"text-align: center;\">Snell als Rektor der Universi\u00e4t Hamburg<br \/>\nFoto: Universit\u00e4t Hamburg<\/p>\n<\/div><\/div><\/div><\/div><\/div><div class=\"vc_col-sm-9 wpb_column vc_column_container\"><div class=\"vc_column-inner\"><div class=\"wpb_wrapper\"><div class=\"wpb_text_column\"><div class=\"wpb_wrapper\"><p>Die &#8222;Wanderjahre&#8220;, die er als Studienreferendar in Wandsbek 1923-24, als Lektor f\u00fcr Deutsch in Pisa 1924-25 und als Assistent am Arch\u00e4ologischen Institut in Rom 1925 verbrachte, machten aus Snell einen \u00fcberzeugten Europ\u00e4er. Er beherrschte au\u00dfer Englisch auch das Niederl\u00e4ndische und das Italienische. Snells Bem\u00fchung um die Unabh\u00e4ngigkeit des Denkens zeigte sich in seiner Art das Griechentum zu erforschen, um noch in der Gegenwart von den Griechen zu lernen. Als 1933 die Nationalsozialisten an die Macht kamen, versuchte Snell als junger Professor, seine Kollegen bei einer Einladung in seiner Wohnung zu einer Stellungnahme gegen den nationalsozialistischen Machteinfluss an der Universit\u00e4t zu gewinnen &#8211; leider vergeblich. Er ging zum neuen von den Nationalsozialisten eingesetzten Rektor der Universit\u00e4t und wies ihn darauf hin, dass dessen Vorhaben sich nicht f\u00fcr die Universit\u00e4t eigneten. Es gelang Snell aber, das philologische Seminar von nationalsozialistischem Einfluss frei zu halten. Man konnte sich in den Seminaren kritisch und offen \u00e4u\u00dfern. Als 1941 der junge Student der Germanistik Walter Jens zu Bruno Snell in die Sprechstunde kam und fragte, ob es noch Sinn habe, Griechisch zu studieren, bejahte Snell und f\u00fcgte hinzu: &#8222;&#8230; unter der Voraussetzung, dass wir den Krieg verlieren.&#8220; Auf die Verwunderung des Studenten angesichts solcher Offenheit des Professors gegen\u00fcber einem Wildfremdem erwiderte Snell: &#8222;Sie haben \u201aguten Tag&#8216; gesagt&#8220; (und nicht \u201aHeil Hitler&#8216;). Snell half verfolgten Kollegen wie Paul Maas und Kurt Latte, der in Hamburg versteckt lebte.<\/p>\n<\/div><\/div><\/div><\/div><\/div><\/div><div class=\"w-separator size_medium\"><\/div><div class=\"g-cols wpb_row via_flex valign_top type_default stacking_default\"><div class=\"vc_col-sm-12 wpb_column vc_column_container\"><div class=\"vc_column-inner\"><div class=\"wpb_wrapper\"><div class=\"wpb_text_column\"><div class=\"wpb_wrapper\"><p>Als 1934 die Volksabstimmung \u00fcber die Vereinigung des Amtes des Reichskanzlers mit dem des Reichspr\u00e4sidenten in der Person Hitlers erfolgte und \u00fcberall die Propagandaplakate mit dem gro\u00dfen &#8222;JA&#8220; hingen, schrieb Snell seinen kleinen Aufsatz &#8222;Das I-ah des goldenen Esels&#8220; mit der Interpretation einiger Stellen in den Metamorphosen des Apuleius &#8211; nur, um ihn mit der ber\u00fchmten ironischen Bemerkung zu schlie\u00dfen: Das einzige Wort, das ein griechischer Esel habe sprechen k\u00f6nnen, sei das griechische Wort &#8222;ou&#8220; (nein) gewesen, w\u00e4hrend kurioserweise die deutschen Esel immer nur &#8222;ja&#8220; sagen k\u00f6nnten. Dieser Satz hatte f\u00fcr Snell gl\u00fccklicherweise keine negativen Folgen. Obwohl er es manchmal mit List schaffte, die lokalen Nazigr\u00f6\u00dfen an der Universit\u00e4t gegeneinander auszuspielen, war Snell aber weit davon entfernt, sich zu einem heldenhaften Widerstandsk\u00e4mpfer hochzustilisieren, wie ihm \u00fcberhaupt jede Form von Pathos zuwider war. Er gestand in einem 20 Jahre sp\u00e4teren Gespr\u00e4ch \u00fcber seine Rolle im Dritten Reich: &#8222;Mir w\u00e4re heute wohler, wenn ich damals, wie alle die anderen, ausgewandert w\u00e4re.&#8220;<\/p>\n<p>Snell bem\u00fchte sich nach 1945 darum, die internationalen Kontakte der Universit\u00e4t Hamburg wiederherzustellen und auszuweiten. Er reiste zu Gastsemestern ins Ausland und veranstaltete 1953 einen internationalen Kongress &#8222;Wissenschaft und Freiheit&#8220; in Hamburg. Er gr\u00fcndete die &#8222;Stiftung Europa- Kolleg&#8220;, die der Begegnung und<\/p>\n<p>wissenschaftlichen Zusammenarbeit junger Menschen gewidmet sein sollte. Er beteiligte sich an Bestrebungen zu einer Hochschulreform; 1953 beschloss der Akademische Senat der Universit\u00e4t unter dem Rektorat Snells, den Studenten 2 Sitze bei der Beratung studentischer Angelegenheiten zu gew\u00e4hren. 1962 unterzeichnete er mit 14 anderen Professoren einen Brief an den Deutschen Bundestag, in dem die Strafbarkeit der Mensur bei Studentenverbindungen gefordert wurde.<\/p>\n<p>Snells Per\u00f6nlichkeit hatte etwas Freundliches und Gewinnbringendes an sich; er war ein geselliger und am\u00fcsanter Unterhalter. Seinen Studenten trat er eher locker gegen\u00fcber: Er sa\u00df manchmal auf der Kante eines Tisches, lie\u00df die Beine herunter baumeln und kramte seine Notizen aus der Jackentasche. Er gab Anregungen und streute Ideen aus; nie aber gab er feste Linien vor. So \u00f6ffnete er seinen Studenten eigene Wege des Forschens.<\/p>\n<\/div><\/div><\/div><\/div><\/div><\/div><\/div><\/div><\/div><\/div><\/div><\/div><\/div><\/div><\/div><\/div><\/section>\n","protected":false},"excerpt":{"rendered":"als Sch\u00fcler und Studentweltoffene Pers\u00f6nlichkeitals Sch\u00fcler und Student Das Johanneum besitzt ein Klassenfoto von 1908, das Bruno Snell als 12- j\u00e4hrigen Sch\u00fcler zeigt (Foto unten, erster von links, stehend). Er war \u00fcbrigens im gleichen Jahrgang wie Karl August Wittfogel, der in der obersten Reihe (dritter von links, mit M\u00fctze) zu sehen ist. Der wache Blick...","protected":false},"author":1,"featured_media":0,"parent":0,"menu_order":0,"comment_status":"closed","ping_status":"closed","template":"","meta":{"footnotes":""},"class_list":["post-14606","page","type-page","status-publish","hentry"],"_links":{"self":[{"href":"https:\/\/johanneum-lueneburg.de\/wordpress\/wp-json\/wp\/v2\/pages\/14606","targetHints":{"allow":["GET"]}}],"collection":[{"href":"https:\/\/johanneum-lueneburg.de\/wordpress\/wp-json\/wp\/v2\/pages"}],"about":[{"href":"https:\/\/johanneum-lueneburg.de\/wordpress\/wp-json\/wp\/v2\/types\/page"}],"author":[{"embeddable":true,"href":"https:\/\/johanneum-lueneburg.de\/wordpress\/wp-json\/wp\/v2\/users\/1"}],"replies":[{"embeddable":true,"href":"https:\/\/johanneum-lueneburg.de\/wordpress\/wp-json\/wp\/v2\/comments?post=14606"}],"version-history":[{"count":1,"href":"https:\/\/johanneum-lueneburg.de\/wordpress\/wp-json\/wp\/v2\/pages\/14606\/revisions"}],"predecessor-version":[{"id":14610,"href":"https:\/\/johanneum-lueneburg.de\/wordpress\/wp-json\/wp\/v2\/pages\/14606\/revisions\/14610"}],"wp:attachment":[{"href":"https:\/\/johanneum-lueneburg.de\/wordpress\/wp-json\/wp\/v2\/media?parent=14606"}],"curies":[{"name":"wp","href":"https:\/\/api.w.org\/{rel}","templated":true}]}}