{"id":11781,"date":"2023-02-08T12:22:11","date_gmt":"2023-02-08T11:22:11","guid":{"rendered":"https:\/\/johanneum-lueneburg.de\/wordpress\/?page_id=11781"},"modified":"2023-07-28T17:03:51","modified_gmt":"2023-07-28T15:03:51","slug":"prominente-johanniter","status":"publish","type":"page","link":"https:\/\/johanneum-lueneburg.de\/wordpress\/prominente-johanniter\/","title":{"rendered":"Prominente Johanniter"},"content":{"rendered":"<section class=\"l-section wpb_row height_auto\"><div class=\"l-section-h i-cf\"><div class=\"g-cols vc_row via_flex valign_top type_default stacking_default\"><div class=\"vc_col-sm-12 wpb_column vc_column_container\"><div class=\"vc_column-inner\"><div class=\"wpb_wrapper\"><div class=\"wpb_text_column\"><div class=\"wpb_wrapper\"><p>Als das Johanneum begann, sich im Rahmen der EXPO 2000 mit einer eigenen Website im Internet zu pr\u00e4sentieren, entstand auch die Dokumentation \u201eProminente ehemalige Johanniter\u201c.<br \/>\nEs war klar, dass auch die schon damals fast 600-j\u00e4hrige Tradition dieses Gymnasiums eine wichtige Rolle spielt.<br \/>\nWodurch kann man diesen Aspekt besser zum Ausdruck bringen als durch die prominenten Pers\u00f6nlichkeiten, die in sechs Jahrhunderten aus dem Johanneum hervorgegangen sind?<\/p>\n<p>Hier stellen wir diese Pers\u00f6nlichkeiten vor &#8211; chronologisch geordnet nach ihrem Geburtsjahr. Das Johanneum dankt vor allem dem ehemaligen Lehrer Gerhard Glombik f\u00fcr das akribische Zusammentragen der Informationen und die detaillierte Darstellung.<\/p>\n<\/div><\/div><div class=\"w-separator size_medium\"><\/div><\/div><\/div><\/div><\/div><\/div><\/section><section class=\"l-section wpb_row height_auto\"><div class=\"l-section-h i-cf\"><div class=\"g-cols vc_row via_flex valign_top type_default stacking_default\"><div class=\"vc_col-sm-12 wpb_column vc_column_container\"><div class=\"vc_column-inner\"><div class=\"wpb_wrapper\"><div class=\"w-tabs style_default switch_click accordion has_scrolling\" style=\"--sections-title-size:inherit\"><div class=\"w-tabs-sections titles-align_none icon_chevron cpos_right\"><div class=\"w-tabs-section\" id=\"fd94\"><button class=\"w-tabs-section-header\" aria-controls=\"content-fd94\" aria-expanded=\"false\"><div class=\"w-tabs-section-title\">Johann von Stern 1582-1656<\/div><div class=\"w-tabs-section-control\"><\/div><\/button><div  class=\"w-tabs-section-content\" id=\"content-fd94\"><div class=\"w-tabs-section-content-h i-cf\"><div class=\"g-cols wpb_row via_flex valign_top type_default stacking_default\"><div class=\"vc_col-sm-4 wpb_column vc_column_container\"><div class=\"vc_column-inner\"><div class=\"wpb_wrapper\"><div class=\"w-image align_left\"><div class=\"w-image-h\"><img loading=\"lazy\" decoding=\"async\" width=\"248\" height=\"280\" src=\"https:\/\/johanneum-lueneburg.de\/wordpress\/wp-content\/uploads\/2023\/02\/johann_von_stern_15821656.jpg\" class=\"attachment-medium size-medium\" alt=\"\" srcset=\"https:\/\/johanneum-lueneburg.de\/wordpress\/wp-content\/uploads\/2023\/02\/johann_von_stern_15821656.jpg 248w, https:\/\/johanneum-lueneburg.de\/wordpress\/wp-content\/uploads\/2023\/02\/johann_von_stern_15821656-103x116.jpg 103w\" sizes=\"auto, (max-width: 248px) 100vw, 248px\" \/><\/div><\/div><\/div><\/div><\/div><div class=\"vc_col-sm-8 wpb_column vc_column_container\"><div class=\"vc_column-inner\"><div class=\"wpb_wrapper\"><div class=\"wpb_text_column\"><div class=\"wpb_wrapper\"><p><strong>Verleger, B\u00fcrgermeister in L\u00fcneburg<\/strong><\/p>\n<p>Die von Sternsche Druckerei ist die \u00e4lteste heute noch in Familienbesitz befindliche Druckerei Europas.<\/p>\n<\/div><\/div><\/div><\/div><\/div><\/div><div class=\"w-separator size_medium\"><\/div><div class=\"wpb_text_column\"><div class=\"wpb_wrapper\"><table border=\"0\" frame=\"box\" rules=\"all\" cellpadding=\"5\">\n<tbody>\n<tr>\n<td><strong>1582<\/strong><\/td>\n<td>Johann Stern wurde 1582 als Sohn des gleichnamigen Buchbinders und Buchh\u00e4ndlers Johann (Hans) Stern und der Kaufmannstochter Anna geb. Soltau in L\u00fcneburg geboren; der Vater Hans Stern war aus Bevensen nach L\u00fcneburg gekommen, hatte 1580 eine Buchbinderei gegr\u00fcndet und brachte es zu einer angesehenen Stellung in L\u00fcneburg (1583 B\u00fcrgerrecht, 1588 und 1597 Kauf von H\u00e4usern am Sande)<\/td>\n<\/tr>\n<tr>\n<td><strong>1598<\/strong><\/td>\n<td>wahrscheinliches Ende des\u00a0<strong>Besuchs des Johanneums in L\u00fcneburg<\/strong><\/td>\n<\/tr>\n<tr>\n<td><strong>1606-11\u00a0<\/strong><\/td>\n<td>Ausbildung als Buchdrucker (Ort unbekannt), danach als Buchdruckergeselle im v\u00e4terlichen Betrieb<\/td>\n<\/tr>\n<tr>\n<td><strong>1614\u00a0<\/strong><\/td>\n<td>Tod des Vaters Hans Stern<\/td>\n<\/tr>\n<tr>\n<td><strong>1623\u00a0<\/strong><\/td>\n<td>Johann Stern und sein Bruder Heinrich gr\u00fcnden die\u00a0<strong>Stern&#8217;sche Druckerei und Verlagsbuchhandlung<\/strong>\u00a0in L\u00fcneburg; Genehmigung des Rates der Stadt L\u00fcneburg zum Druck f\u00fcr eigene Verlagswerke (nicht f\u00fcr Nachdrucke anderer B\u00fccher);<\/td>\n<\/tr>\n<tr>\n<td><strong>1624\u00a0<\/strong><\/td>\n<td>Konflikt mit dem Rat der Stadt wegen des Nachdrucks eines Buches von Varensius; 1625 Kurf\u00fcrstlich- s\u00e4chsisches Privileg f\u00fcr die Herstellung und den Vertrieb von Bibeln;<\/td>\n<\/tr>\n<tr>\n<td><strong>1624-28\u00a0<\/strong><\/td>\n<td>forderte die Pest w\u00e4hrend des 30-j\u00e4hrigen Krieges in L\u00fcneburg 6000 Tote; das Bed\u00fcrfnis nach religi\u00f6ser Literatur stieg;<\/td>\n<\/tr>\n<tr>\n<td><strong>1629\u00a0<\/strong><\/td>\n<td>Konflikte mit dem Rat der Stadt, weil Johann Stern als Quartiermeister der st\u00e4dtischen Wachmannschaft angeblich ungen\u00fcgende Verteidigungsma\u00dfnahmen veranlasste<\/td>\n<\/tr>\n<tr>\n<td><strong>seit 1630\u00a0<\/strong><\/td>\n<td>Briefwechsel mit Herzog August in Hitzacker, der 1634 Herzog von Wolfenb\u00fcttel wurde<\/td>\n<\/tr>\n<tr>\n<td><strong>1632\u00a0<\/strong><\/td>\n<td>L\u00fcneburg schlie\u00dft geheimen Vertrag mit Schweden wegen Einquartierung von Truppen<\/td>\n<\/tr>\n<tr>\n<td><strong>1636\u00a0<\/strong><\/td>\n<td>Transport der Bibliothek des Herzogs August nach Wolfenb\u00fcttel unter der Leitung Johann Sterns, um sie vor der Pl\u00fcnderung durch die Schweden zu retten; Besetzung des L\u00fcneburger Kalkbergs durch die Schweden; der schwedische Oberst Stamer verhandelt mit Johann Stern \u00fcber den Abzug der Schweden (3.9. 1637)<\/td>\n<\/tr>\n<tr>\n<td><strong>1637\u00a0<\/strong><\/td>\n<td>Im Dezember wird der alte Rat der Stadt vom Herzog suspendiert und ein neuer Rat aus herzoglicher Gnade berufen, dem Johann Stern als vierter B\u00fcrgermeister angeh\u00f6rt;<\/td>\n<\/tr>\n<tr>\n<td><strong>1639\u00a0<\/strong><\/td>\n<td>Nach Anfeindungen durch Mitglieder des alten Rates stellt Johann Stern das Gesuch auf Entlassung von seinem Amt; der Herzog setzt einen neuen Rat ein.<\/td>\n<\/tr>\n<tr>\n<td><strong>1643\/45\u00a0<\/strong><\/td>\n<td>Johann von Stern wird 1643 geadelt und erh\u00e4lt 1645 ein kaiserliches Privileg (Ausdehnung der landesherrlichen Privilegien auf das ganze Reich)<\/td>\n<\/tr>\n<tr>\n<td><strong>1656\u00a0<\/strong><\/td>\n<td>Johann von Stern stirbt und wird in der Gruft der Familie Stern in der Johanniskirche bestattet.<\/td>\n<\/tr>\n<\/tbody>\n<\/table>\n<\/div><\/div><\/div><\/div><\/div><div class=\"w-tabs-section\" id=\"y859\"><button class=\"w-tabs-section-header\" aria-controls=\"content-y859\" aria-expanded=\"false\"><div class=\"w-tabs-section-title\">Engelbert Kaempfer 1651-1716<\/div><div class=\"w-tabs-section-control\"><\/div><\/button><div  class=\"w-tabs-section-content\" id=\"content-y859\"><div class=\"w-tabs-section-content-h i-cf\"><div class=\"g-cols wpb_row via_flex valign_top type_default stacking_default\"><div class=\"vc_col-sm-4 wpb_column vc_column_container\"><div class=\"vc_column-inner\"><div class=\"wpb_wrapper\"><div class=\"w-image align_left\"><div class=\"w-image-h\"><img loading=\"lazy\" decoding=\"async\" width=\"247\" height=\"300\" src=\"https:\/\/johanneum-lueneburg.de\/wordpress\/wp-content\/uploads\/2023\/02\/engelbert_kaempfer_16511716.jpg\" class=\"attachment-medium size-medium\" alt=\"\" srcset=\"https:\/\/johanneum-lueneburg.de\/wordpress\/wp-content\/uploads\/2023\/02\/engelbert_kaempfer_16511716.jpg 247w, https:\/\/johanneum-lueneburg.de\/wordpress\/wp-content\/uploads\/2023\/02\/engelbert_kaempfer_16511716-96x116.jpg 96w\" sizes=\"auto, (max-width: 247px) 100vw, 247px\" \/><\/div><\/div><\/div><\/div><\/div><div class=\"vc_col-sm-8 wpb_column vc_column_container\"><div class=\"vc_column-inner\"><div class=\"wpb_wrapper\"><div class=\"wpb_text_column\"><div class=\"wpb_wrapper\"><p><strong>Arzt, Forschungsreisender<\/strong><\/p>\n<p class=\"tiny_p\">Es gibt bis heute kein authentisches Portr\u00e4t von Engelbert Kaempfer. Diese eigenh\u00e4ndige Zeichnung zeigt Kaempfer 1691\/92 vor dem Shogun tanzend, der rechts hinter einem Bambusvorhang verborgen sitzt.<\/p>\n<\/div><\/div><div class=\"w-btn-wrapper align_none\"><a class=\"w-btn us-btn-style_1\" title=\"Weitere Informationen zu\" href=\"https:\/\/johanneum-lueneburg.de\/wordpress\/weitere-informationen-zu\/\"><span class=\"w-btn-label\">Engelbert Kaempfer: Detailinformationen<\/span><\/a><\/div><\/div><\/div><\/div><\/div><div class=\"w-separator size_medium\"><\/div><div class=\"wpb_text_column\"><div class=\"wpb_wrapper\"><table border=\"0\" frame=\"box\" rules=\"all\" cellpadding=\"5\">\n<tbody>\n<tr>\n<td><strong>1651<\/strong><\/td>\n<td>Engelbert Kaempfer wird am 16.9. in Lemgo (fr\u00fchere Grafschaft Lippe) als zweiter Sohn des Magisters und evangelischen Predigers der St.Nikolaikirche zu Lemgo Johann Kemper und seiner ersten Ehefrau Christine (geb. Drepper), einer Pfarrerstochter, geboren. Aus dieser Ehe gingen noch zwei weitere S\u00f6hne hervor.<\/td>\n<\/tr>\n<tr>\n<td><strong>1665<\/strong><\/td>\n<td>Besuch des Gymnasiums in Lemgo<\/td>\n<\/tr>\n<tr>\n<td><strong>1667<\/strong><\/td>\n<td>Besuch des Gymnasiums in Hameln<\/td>\n<\/tr>\n<tr>\n<td><strong>1668-70<\/strong><\/td>\n<td><strong>Sch\u00fcler am Johanneum zu L\u00fcneburg;<\/strong>\u00a0besonders am historischen und philosophischen Untericht des Gymnasialdirektors Kettenbeil interessiert.<\/td>\n<\/tr>\n<tr>\n<td><strong>1670-73<\/strong><\/td>\n<td>weitere Bildung in L\u00fcbeck, Danzig, Torn und Krakau<\/td>\n<\/tr>\n<tr>\n<td><strong>1673<\/strong><\/td>\n<td>Staatswissenschaftlicher Vortrag in Danzig \u00fcber &#8222;die zwiefache Majest\u00e4t&#8220; (Valedictio, Disputation)<\/td>\n<\/tr>\n<tr>\n<td><strong>1680<\/strong><\/td>\n<td>Studium der Naturgeschichte und Arzneikunde in K\u00f6nigsberg<\/td>\n<\/tr>\n<tr>\n<td><strong>1681<\/strong><\/td>\n<td>Kaempfer erwirbt die Magisterw\u00fcrde in Krakau; er reist \u00fcber Danzig und Upsala nach Stockholm<\/td>\n<\/tr>\n<tr>\n<td><strong>1683<\/strong><\/td>\n<td>Durch Bekanntschaft mit dem schwedischen k\u00f6niglichen Geheimrat Esias von Pfuffendorf erh\u00e4lt er eine Stellung als Legationssekret\u00e4r bei einer Gesandtschaft f\u00fcr den russischen und persischen Hof;<\/td>\n<\/tr>\n<tr>\n<td><strong>ab 1683<\/strong><\/td>\n<td>Kaempfer reist von Schweden aus durch Russland und verdient am persischen Hof mit seiner Heilkunst so viel Geld, dass er selbst eigene Reisen finanzieren kann. Er erforscht auf Reisen vier Jahre lang Persien.<\/td>\n<\/tr>\n<tr>\n<td><strong>1689<\/strong><\/td>\n<td>Reise als Schiffsarzt nach Sumatra und Java<\/td>\n<\/tr>\n<tr>\n<td><strong>1690-92<\/strong><\/td>\n<td>Reise nach Japan; Kaempfer betritt als erster Deutscher in Nagasaki japanischen Boden und studiert auf Reisen die japanische Kultur, Architektur und Natur. Er h\u00e4lt die Ergebnisse in pr\u00e4zisen Zeichnungen und Beschreibungen fest; 1691\u201392 unternimmt er zwei Reisen zum Hof des Shogun in Tokio.<\/td>\n<\/tr>\n<tr>\n<td><strong>1693<\/strong><\/td>\n<td>R\u00fcckkehr nach Amsterdam<\/td>\n<\/tr>\n<tr>\n<td><strong>1693-94<\/strong><\/td>\n<td>Promotion in Leiden; der Titel der Dissertation, die Kaempfer schon auf dem Seeweg vorbereitet hatte, lautet:&#8220;Disputatio medica inauguralis&#8230;&#8220; ,<\/td>\n<\/tr>\n<tr>\n<td><strong>1694<\/strong><\/td>\n<td>R\u00fcckkehr nach Deutschland; Leibarzt des Grafen zu Lippe; Aufenthalte in Lieme, Lemgo und Detmold<\/td>\n<\/tr>\n<tr>\n<td><strong>1701<\/strong><\/td>\n<td>Heirat mit der jungen Kaufmannstochter Maria Sophie Wilstach; die Ehe ist nach wenigen Jahren zerr\u00fcttet.<\/td>\n<\/tr>\n<tr>\n<td><strong>1712<\/strong><\/td>\n<td>Teile von Kaempfers botanischen Beobachtungen und alle Kapitel seiner Dissertation erscheinen in den &#8222;Amoenitates Exoticae&#8220; (Lemgo).<\/td>\n<\/tr>\n<tr>\n<td><strong>1716<\/strong><\/td>\n<td>Engelbert Kaempfer stirbt am 2.11. in Lieme.<\/td>\n<\/tr>\n<\/tbody>\n<\/table>\n<\/div><\/div><\/div><\/div><\/div><div class=\"vc_col-sm-12 wpb_column vc_column_container\"><div class=\"vc_column-inner\"><div class=\"wpb_wrapper\"><\/div><\/div><\/div><div class=\"w-tabs-section\" id=\"i0f1\"><button class=\"w-tabs-section-header\" aria-controls=\"content-i0f1\" aria-expanded=\"false\"><div class=\"w-tabs-section-title\">Johann Abraham Peter Schulz 1747-1800<\/div><div class=\"w-tabs-section-control\"><\/div><\/button><div  class=\"w-tabs-section-content\" id=\"content-i0f1\"><div class=\"w-tabs-section-content-h i-cf\"><div class=\"g-cols wpb_row via_flex valign_top type_default stacking_default\"><div class=\"vc_col-sm-4 wpb_column vc_column_container\"><div class=\"vc_column-inner\"><div class=\"wpb_wrapper\"><div class=\"w-image align_left\"><div class=\"w-image-h\"><img loading=\"lazy\" decoding=\"async\" width=\"167\" height=\"207\" src=\"https:\/\/johanneum-lueneburg.de\/wordpress\/wp-content\/uploads\/2023\/02\/japschulzk.jpg\" class=\"attachment-medium size-medium\" alt=\"\" srcset=\"https:\/\/johanneum-lueneburg.de\/wordpress\/wp-content\/uploads\/2023\/02\/japschulzk.jpg 167w, https:\/\/johanneum-lueneburg.de\/wordpress\/wp-content\/uploads\/2023\/02\/japschulzk-94x116.jpg 94w\" sizes=\"auto, (max-width: 167px) 100vw, 167px\" \/><\/div><\/div><\/div><\/div><\/div><div class=\"vc_col-sm-8 wpb_column vc_column_container\"><div class=\"vc_column-inner\"><div class=\"wpb_wrapper\"><div class=\"wpb_text_column\"><div class=\"wpb_wrapper\"><p><strong>Komponist und Hofkapellmeister<\/strong><\/p>\n<p>Aus J.A.P. Schulz wurde ein gro\u00dfer Musiker und Komponist. Er schrieb Opern, ein Melodram \u201eLe Barbier de S\u00e9ville\u201c(1786) und Klavierwerke. Seine Hauptbedeutung liegt auf dem Gebiet des Liedes. Er schuf nach dem erstarrten Odenstil der Barockzeit ein neues schlichtes Kunstlied in volkst\u00fcmlichem Charakter mit den Sammlungen \u201eLieder im Volkston\u201c (3 Teile 1782, 1785, 1790 ) und \u201eOden und Lieder\u201c (1786). Besonders bekannt sind die Melodien \u201eDer Mond ist aufgegangen\u201c, \u201eAlle Jahre wieder\u201c, \u201eIhr Kinderlein kommet\u201c. Auch als Musiktheoretiker machte er sich einen Namen durch seine Schrift \u201eGedanken \u00fcber den Einflu\u00df der Musik auf die Bildung des Volkes\u201c (1790). Er gab unter dem Namen Kirnbergers die \u201eWahren Grunds\u00e4tze zum Gebrauch der Harmonie\u201c (1773) heraus (Nachdruck Hildesheim 1970).<\/p>\n<\/div><\/div><div class=\"w-btn-wrapper align_none\"><a class=\"w-btn us-btn-style_1\" title=\"Johann A. P. Schulz: Detailinformationen\" href=\"https:\/\/johanneum-lueneburg.de\/wordpress\/johann-a-p-schulz-detailinformationen\/\"><span class=\"w-btn-label\">Johann A. P. Schulz: Detailinformationen<\/span><\/a><\/div><\/div><\/div><\/div><\/div><div class=\"w-separator size_medium\"><\/div><div class=\"wpb_text_column\"><div class=\"wpb_wrapper\"><table>\n<tbody>\n<tr>\n<td>1747<\/td>\n<td>Johann Abraham Peter Schulz wird am 31.3. in L\u00fcneburg als Sohn eines B\u00e4ckers geboren<\/td>\n<\/tr>\n<tr>\n<td>1759-64<\/td>\n<td>Er besucht das Johanneum in L\u00fcneburg, nachdem er bis 1759 Sch\u00fcler der\u00a0Michaelisschule gewesen war.<\/td>\n<\/tr>\n<tr>\n<td>\u00a01765<\/td>\n<td>J.A.P. Schulz wird Sch\u00fcler des Berliner Komponisten und Musiklehrers<\/p>\n<p>J.Ph. Kirnberger, der 1739 &#8211; 41 Sch\u00fcler von J.S. Bach gewesen war<\/td>\n<\/tr>\n<tr>\n<td>1768<\/td>\n<td>J.A.P. Schulz wird Klavierlehrer der polnischen Gr\u00e4fin Sapieha<\/td>\n<\/tr>\n<tr>\n<td>1769-72<\/td>\n<td>Bildungsreisen nach Italien und Frankreich<\/td>\n<\/tr>\n<tr>\n<td>1773-80<\/td>\n<td>Aufenthalt in Berlin, 1776-80 als Dirigent am Franz\u00f6sischen Theater in Berlin;\u00a01778 Leiter des Privattheaters der Kronprinzessin Friedrieke Luise<\/td>\n<\/tr>\n<tr>\n<td>1780-87<\/td>\n<td>Prinzlicher Hofkapellmeister in Rheinsberg;1781 Heirat mit Wilhelmine Fl\u00fcgel; 1784 fr\u00fcher Tod seiner Frau;<\/p>\n<p>1782- 85 Herausgabe der &#8222;Lieder im Volkston&#8220;;<\/p>\n<p>1786 Zweite Heirat mit Caroline Fl\u00fcgel<\/td>\n<\/tr>\n<tr>\n<td>1787-95<\/td>\n<td>D\u00e4nischer Hofkapellmeister in Kopenhagen<\/td>\n<\/tr>\n<tr>\n<td>1795<\/td>\n<td>R\u00fcckkehr nach Berlin , Aufenthalt in Rheinsberg, 1797 Tod seiner zweiten Frau Caroline;<\/td>\n<\/tr>\n<tr>\n<td>1798-99<\/td>\n<td>Aufenthalt in Stettin<\/td>\n<\/tr>\n<tr>\n<td>1800<\/td>\n<td>Am 10.6. stirbt J.A.P. Schulz in Schwedt an der Oder.<\/td>\n<\/tr>\n<\/tbody>\n<\/table>\n<\/div><\/div><\/div><\/div><\/div><div class=\"w-tabs-section\" id=\"j92e\"><button class=\"w-tabs-section-header\" aria-controls=\"content-j92e\" aria-expanded=\"false\"><div class=\"w-tabs-section-title\">Georg Theodor Meyer 1797-1870<\/div><div class=\"w-tabs-section-control\"><\/div><\/button><div  class=\"w-tabs-section-content\" id=\"content-j92e\"><div class=\"w-tabs-section-content-h i-cf\"><div class=\"g-cols wpb_row via_flex valign_top type_default stacking_default\"><div class=\"vc_col-sm-4 wpb_column vc_column_container\"><div class=\"vc_column-inner\"><div class=\"wpb_wrapper\"><div class=\"w-image align_left\"><div class=\"w-image-h\"><img loading=\"lazy\" decoding=\"async\" width=\"153\" height=\"300\" src=\"https:\/\/johanneum-lueneburg.de\/wordpress\/wp-content\/uploads\/2023\/02\/meyer2-153x300.jpg\" class=\"attachment-medium size-medium\" alt=\"\" srcset=\"https:\/\/johanneum-lueneburg.de\/wordpress\/wp-content\/uploads\/2023\/02\/meyer2-153x300.jpg 153w, https:\/\/johanneum-lueneburg.de\/wordpress\/wp-content\/uploads\/2023\/02\/meyer2-204x400.jpg 204w, https:\/\/johanneum-lueneburg.de\/wordpress\/wp-content\/uploads\/2023\/02\/meyer2-59x116.jpg 59w, https:\/\/johanneum-lueneburg.de\/wordpress\/wp-content\/uploads\/2023\/02\/meyer2.jpg 229w\" sizes=\"auto, (max-width: 153px) 100vw, 153px\" \/><\/div><\/div><\/div><\/div><\/div><div class=\"vc_col-sm-8 wpb_column vc_column_container\"><div class=\"vc_column-inner\"><div class=\"wpb_wrapper\"><div class=\"wpb_text_column\"><div class=\"wpb_wrapper\"><p><strong>Jurist<\/strong><\/p>\n<p>Abgeordneter der Frankfurter Nationalversammlung<\/p>\n<\/div><\/div><\/div><\/div><\/div><\/div><div class=\"w-separator size_medium\"><\/div><div class=\"wpb_text_column\"><div class=\"wpb_wrapper\"><table border=\"0\" cellpadding=\"5\">\n<tbody>\n<tr>\n<td><strong>1797\u00a0<\/strong><\/td>\n<td colspan=\"2\">Georg Theodor Meyer wurde am 5.2. als Sohn eines K\u00e4mmereisekret\u00e4rs in L\u00fcneburg geboren.<\/td>\n<\/tr>\n<tr>\n<td><strong>1815<\/strong><\/td>\n<td colspan=\"2\">Abschluss des\u00a0<strong>Johanneums\u00a0<\/strong>und Beginn des Jurastudiums<\/td>\n<\/tr>\n<tr>\n<td><strong>1818<\/strong><\/td>\n<td colspan=\"2\">Als Dr.jur. und Rechtsanwalt lie\u00df sich G.Th. Meyer in L\u00fcneburg nieder.<\/td>\n<\/tr>\n<tr>\n<td><strong>1831<\/strong><\/td>\n<td colspan=\"2\">Als gem\u00e4\u00dfigter Liberaler wurde Meyer der Vertreter L\u00fcneburgs in der zweiten Kammer der allgemeinen St\u00e4ndeversammlung in Hannover. Er war an der Kommission zur Entwerfung eines Staatsgrundgesetzes unter K\u00f6nig Wilhelm IV. beteiligt, das 1833 in Kraft trat.<\/td>\n<\/tr>\n<tr>\n<td><strong>1838<\/strong><\/td>\n<td colspan=\"2\">Als der neue K\u00f6nig Ernst August 1837 (Ende der Personalunion mit England) das Staatsgrundgesetz aufhob, geh\u00f6rte er der Opposition in der St\u00e4ndesversammlung an, die der Aufhebung des Staatsgrundgesetzes nicht zustimmte.<\/td>\n<\/tr>\n<tr>\n<td><strong>1839<\/strong><\/td>\n<td colspan=\"2\">Als die k\u00f6nigliche Regierung am 21.2. 1839 den oppositionellen Abgeordneten ein Ultimatum stellte, legte G.Th. Meyer sein Mandat nieder. Er wurde in L\u00fcneburg zum Senator gew\u00e4hlt.<\/td>\n<\/tr>\n<tr>\n<td><strong>1841<\/strong><\/td>\n<td colspan=\"2\">G.Th. Meyer wurde am 5.6. 1841 zu einer Unterredung mit K\u00f6nig Ernst August von Hannover geladen, in der er den Eindruck gewann, dass der K\u00f6nig nicht an der Unzufriedenheit im Lande und der wachsenden b\u00fcrgerlichen Unruhe schuld sei. Meyer reagierte mit Entsetzen, als er erfuhr, dass sein Sohn in L\u00fcneburg mit Arbeitern Verbr\u00fcderung gefeiert habe.<br \/>\nG. Th. Meyer wurde Pr\u00e4sident der zweiten Kammer der neu berufenen St\u00e4ndeversammlung.<\/td>\n<\/tr>\n<tr>\n<td><strong>1848<\/strong><\/td>\n<td colspan=\"2\">Als Folge der Februarrevolution in Frankreich verst\u00e4rkten sich auch in L\u00fcneburg die Aktivit\u00e4ten liberaler B\u00fcrger und am 11.3. wurde ein B\u00fcrgerverein gegr\u00fcndet. Am 30.3. traf G.Th. Meyer als Abgesandter L\u00fcneburgs f\u00fcr das Frankfurter \u201eVorparlament\u201c in Frankfurt ein. G. Th. Meyer war tief beeindruckt von den vielen politischen Diskussionen und Tischreden in den Wirtsh\u00e4usern Frankfurts. Er schrieb an sein Frau: \u201cVon dem jetzigen politischen Leben hier hat ein Norddeutscher gar keinen Begriff\u201c. Am 4.4. trat er die R\u00fcckreise nach L\u00fcneburg an, um am 2.5. von 64 Wahlm\u00e4nnern aus L\u00fcneburg und Uelzen erneut zum Abgeordneten der Nationalversammlung in Frankfurt nominiert zu werden. G.Th. Meyer war ein liberaler Anh\u00e4nger der konstitutionellen Monarchie, bei der der Monarch durch einen F\u00fcrstenrat, ein Volksparlament und ein unabh\u00e4ngiges Bundesgericht kontrolliert werden sollte.<br \/>\nAu\u00dfenpolitisch trat G.Th. Meyer f\u00fcr eine starke und unabh\u00e4ngige Stellung Deutschlands unter den Gro\u00dfm\u00e4chten Europas ein. Gemeinsam mit Dahlmann und Mohl arbeitete G.Th.Meyer in einem Ausschuss , der die Gesch\u00e4ftsordnung der Nationalversammlung pr\u00fcfen sollte. Er stellte sich als Kandidat f\u00fcr die Stellvertretung des Parlamentspr\u00e4sidenten zur Ver- f\u00fcgung , wurde aber nicht gew\u00e4hlt.<br \/>\nSeine Frau Margarete, die sich ebenfalls in L\u00fcneburg engagierte, schrieb in dieser Zeit \u00fcber die Ereignisse in L\u00fcneburg, dass L\u00fcneburger B\u00fcrger mit einer Veranstaltung, an der auch ein bewaffnetes Corps von Johanneumssch\u00fclern teilgenommen hatte, die Er\u00f6ffnung des Frankfurter Parlaments gefeiert h\u00e4tten.<br \/>\nAm 14.6. 1848 legte G.Th. Meyer sein Mandat nieder und reiste aus Frankfurt ab, da er zum Landdrost von Hildesheim gew\u00e4hlt worden war.<\/td>\n<\/tr>\n<tr>\n<td><strong>1850<\/strong><\/td>\n<td colspan=\"2\">G.Th. Meyer wurde zum Minister f\u00fcr Kultus in Hannover ernannt.<\/td>\n<\/tr>\n<tr>\n<td><strong>1851<\/strong><\/td>\n<td colspan=\"2\">Nach dem Todes des K\u00f6nigs Ernst August wurde er aus dem Kabinett entlassen; er blieb Mitglied der zweiten Kammer. Als ihm vom neuen K\u00f6nig Georg V. Urlaub verweigert wurde, legte er sein Mandat nieder. Er widmete sich nur noch seiner Heimatstadt L\u00fcneburg.<\/td>\n<\/tr>\n<tr>\n<td><strong>1870<\/strong><\/td>\n<td colspan=\"2\">Am 12.9. 1870 starb G.Th. Meyer in L\u00fcneburg.<\/td>\n<\/tr>\n<\/tbody>\n<\/table>\n<\/div><\/div><\/div><\/div><\/div><div class=\"w-tabs-section\" id=\"e127\"><button class=\"w-tabs-section-header\" aria-controls=\"content-e127\" aria-expanded=\"false\"><div class=\"w-tabs-section-title\">Georg Hermann Ritter 1827-1874<\/div><div class=\"w-tabs-section-control\"><\/div><\/button><div  class=\"w-tabs-section-content\" id=\"content-e127\"><div class=\"w-tabs-section-content-h i-cf\"><div class=\"g-cols wpb_row via_flex valign_top type_default stacking_default\"><div class=\"vc_col-sm-4 wpb_column vc_column_container\"><div class=\"vc_column-inner\"><div class=\"wpb_wrapper\"><div class=\"w-image align_left\"><div class=\"w-image-h\"><img loading=\"lazy\" decoding=\"async\" width=\"199\" height=\"300\" src=\"https:\/\/johanneum-lueneburg.de\/wordpress\/wp-content\/uploads\/2023\/02\/h.ritter_gedenkstein-199x300.jpg\" class=\"attachment-medium size-medium\" alt=\"\" srcset=\"https:\/\/johanneum-lueneburg.de\/wordpress\/wp-content\/uploads\/2023\/02\/h.ritter_gedenkstein-199x300.jpg 199w, https:\/\/johanneum-lueneburg.de\/wordpress\/wp-content\/uploads\/2023\/02\/h.ritter_gedenkstein-266x400.jpg 266w, https:\/\/johanneum-lueneburg.de\/wordpress\/wp-content\/uploads\/2023\/02\/h.ritter_gedenkstein-77x116.jpg 77w, https:\/\/johanneum-lueneburg.de\/wordpress\/wp-content\/uploads\/2023\/02\/h.ritter_gedenkstein.jpg 299w\" sizes=\"auto, (max-width: 199px) 100vw, 199px\" \/><\/div><\/div><\/div><\/div><\/div><div class=\"vc_col-sm-8 wpb_column vc_column_container\"><div class=\"vc_column-inner\"><div class=\"wpb_wrapper\"><div class=\"wpb_text_column\"><div class=\"wpb_wrapper\"><p class=\"tiny_p\">Gedenkstein f\u00fcr Hermann Ritter auf dem Yanaka- Friedhof Tokio (Foto: T.Ozawa)<\/p>\n<p class=\"tiny_p\">Die Inschrift lautet:<\/p>\n<p class=\"tiny_p\">DEM ANDENKEN<strong>\u00a0<\/strong>DES\u00a0\u00a0HERRN HERMANN RITTER DR. PHIL. GEWIDMET VON SEINEN SCHUELERN.<\/p>\n<p>Literaturhinweis: Takeshi Ozawa, Hermann Ritter (1827-1874), ein Pionier der westlichen Naturwissenschaften in Japan, in Historia Scientiarium Vol. 19-3\/2010 S. 225- 234<\/p>\n<\/div><\/div><\/div><\/div><\/div><\/div><div class=\"w-separator size_medium\"><\/div><div class=\"wpb_text_column\"><div class=\"wpb_wrapper\"><table border=\"0\" cellpadding=\"5\">\n<tbody>\n<tr>\n<td valign=\"top\">1827<\/td>\n<td>\n<p class=\"tiny_p\">Geboren am 15.12. 1827 in Leese (bei Hannover) als Sohn des Amtsvogtes Ludwig Siegfried Heinrich Ritter und der Marie Agathe Ritter; 1832 Tod des Vaters<\/p>\n<\/td>\n<\/tr>\n<tr>\n<td valign=\"top\">1834-42<\/td>\n<td>\n<p class=\"tiny_p\">Besuch des Johanneums in L\u00fcneburg; Mathematikunterricht bei Konstantin Schmalfuss<\/p>\n<\/td>\n<\/tr>\n<tr>\n<td valign=\"top\">1842-54<\/td>\n<td>\n<p class=\"tiny_p\">Apothekerlehre und Leitung einer Apotheke in St. Louis (USA)<\/p>\n<\/td>\n<\/tr>\n<tr>\n<td valign=\"top\">1854-57<\/td>\n<td>\n<p class=\"tiny_p\">R\u00fcckkehr nach Deutschland, Studium der Naturwissenschaften an der Universit\u00e4t G\u00f6ttingen bei Prof. Friedrich W\u00f6hler<\/p>\n<\/td>\n<\/tr>\n<tr>\n<td valign=\"top\">1857-59<\/td>\n<td>\n<p class=\"tiny_p\">Arbeit an der Landwirtschaftlichen Versuchsstation in M\u00f6ckern (Leipzig);<\/p>\n<p class=\"tiny_p\">Reisen nach St. Petersburg, Moskau und Paris; Arbeit im chemischen Labor an der Polytechnischen Schule in Hannover<\/p>\n<\/td>\n<\/tr>\n<tr>\n<td valign=\"top\">1860<\/td>\n<td>\n<p class=\"tiny_p\">Promotion an der Universit\u00e4t G\u00f6ttingen<\/p>\n<\/td>\n<\/tr>\n<tr>\n<td valign=\"top\">1870<\/td>\n<td>\n<p class=\"tiny_p\">Einladung nach Japan durch die Meiji-Regierung; Lehrer f\u00fcr Chemie und Physik am Chemischen Laboratorium der Osaka-Academy in Osaka;<\/p>\n<\/td>\n<\/tr>\n<tr>\n<td valign=\"top\">1872<\/td>\n<td>\n<p class=\"tiny_p\">Erster Besuch des Meiji-Tennos am Chemischen Laboratorium<\/p>\n<\/td>\n<\/tr>\n<tr>\n<td valign=\"top\">1873<\/td>\n<td>\n<p class=\"tiny_p\">M\u00e4rz 1873: Berufung an das Institute of Enlightement (Kaiseisho, heute\u00a0 Universit\u00e4t T\u014dky\u014d) als Lehrer f\u00fcr\u00a0 Physik und Chemie;9.10.1873 Zweiter Besuch des Meiji- Tennos<\/p>\n<\/td>\n<\/tr>\n<tr>\n<td valign=\"top\">1874<\/td>\n<td>Hermann Ritter stirbt am 25. Dezember an den Folgen einer Infektion mit Pocken und wird auf dem Ausl\u00e4nderfriedhof von Yokohama bestattet<\/td>\n<\/tr>\n<tr>\n<td valign=\"top\">1874<\/td>\n<td>\n<p class=\"tiny_p\">Die Studenten Hermann Ritters errichten einen Gedenkstein\u00a0 zu Ehren ihres Lehrers auf dem Yanaka- Friedhof in Tokio<\/p>\n<\/td>\n<\/tr>\n<tr>\n<td valign=\"top\">1877<\/td>\n<td>\n<p class=\"tiny_p\">Gr\u00fcndung einer wissenschaftlichen Gesellschaft f\u00fcr Chemie in Japan durch die Studenten Hermann Ritters<\/p>\n<\/td>\n<\/tr>\n<\/tbody>\n<\/table>\n<\/div><\/div><\/div><\/div><\/div><div class=\"w-tabs-section\" id=\"ja5f\"><button class=\"w-tabs-section-header\" aria-controls=\"content-ja5f\" aria-expanded=\"false\"><div class=\"w-tabs-section-title\">Rudolf von Bennigsen 1824-1902<\/div><div class=\"w-tabs-section-control\"><\/div><\/button><div  class=\"w-tabs-section-content\" id=\"content-ja5f\"><div class=\"w-tabs-section-content-h i-cf\"><div class=\"g-cols wpb_row via_flex valign_top type_default stacking_default\"><div class=\"vc_col-sm-4 wpb_column vc_column_container\"><div class=\"vc_column-inner\"><div class=\"wpb_wrapper\"><div class=\"w-image align_left\"><div class=\"w-image-h\"><img loading=\"lazy\" decoding=\"async\" width=\"179\" height=\"229\" src=\"https:\/\/johanneum-lueneburg.de\/wordpress\/wp-content\/uploads\/2023\/02\/rudolf_von_bennigsen.jpg\" class=\"attachment-medium size-medium\" alt=\"\" srcset=\"https:\/\/johanneum-lueneburg.de\/wordpress\/wp-content\/uploads\/2023\/02\/rudolf_von_bennigsen.jpg 179w, https:\/\/johanneum-lueneburg.de\/wordpress\/wp-content\/uploads\/2023\/02\/rudolf_von_bennigsen-91x116.jpg 91w\" sizes=\"auto, (max-width: 179px) 100vw, 179px\" \/><\/div><\/div><\/div><\/div><\/div><div class=\"vc_col-sm-8 wpb_column vc_column_container\"><div class=\"vc_column-inner\"><div class=\"wpb_wrapper\"><div class=\"wpb_text_column\"><div class=\"wpb_wrapper\"><p><strong>Jurist<\/strong><\/p>\n<p>Landtagsabgeordneter, Vorsitzender des Nationalvereins, Abgeordneter des Reichstages und Vorsitzender der Nationalliberalen Partei<\/p>\n<\/div><\/div><div class=\"w-btn-wrapper align_none\"><a class=\"w-btn us-btn-style_1\" title=\"Rudolf von Bennigsen: Detailinformationen\" href=\"https:\/\/johanneum-lueneburg.de\/wordpress\/johann-a-p-schulz-detailinformationen-2\/\"><span class=\"w-btn-label\">Rudolf von Bennigsen: Detailinformationen<\/span><\/a><\/div><\/div><\/div><\/div><\/div><div class=\"w-separator size_medium\"><\/div><div class=\"wpb_text_column\"><div class=\"wpb_wrapper\"><table border=\"0\" cellpadding=\"5\">\n<tbody>\n<tr>\n<td align=\"left\"><strong>1824<\/strong><\/td>\n<td align=\"left\">Rudolf von Bennigsen wird am 10.7.1824 in L\u00fcneburg als Sohn des Capit\u00e4ns im Infanterie-Regiment (sp\u00e4ter Generalmajor) Karl von Bennigsen geboren, der als Leutnant 1813 die Schlacht an der G\u00f6hrde mitgemacht hatte. Er stammte aus einem nieders\u00e4chsischen Adelsgeschlecht, das nach seinem Gut Bennigsen bei Springe benannt wurde.<\/td>\n<\/tr>\n<tr>\n<td align=\"left\"><strong>1833-38<\/strong><\/td>\n<td align=\"left\"><strong>Besuch des Johanneums in L\u00fcneburg<\/strong>, Abitur in Hannover 1842<\/td>\n<\/tr>\n<tr>\n<td align=\"left\"><strong>1842-45<\/strong><\/td>\n<td align=\"left\">Jurastudium in G\u00f6ttingen (bis 1843) und Heidelberg (bis 1845)<\/td>\n<\/tr>\n<tr>\n<td align=\"left\"><strong>1846<\/strong><\/td>\n<td align=\"left\">in L\u00fcchow als Kandidat des Rechts<\/td>\n<\/tr>\n<tr>\n<td align=\"left\"><strong>1848<\/strong><\/td>\n<td align=\"left\">in Osnabr\u00fcck als Auditor in der Justizkanzlei<\/td>\n<\/tr>\n<tr>\n<td align=\"left\"><strong>1849\/50<\/strong><\/td>\n<td align=\"left\">Ernennung zum Kanzlei-Assessor in Celle<\/td>\n<\/tr>\n<tr>\n<td align=\"left\"><strong>1850<\/strong><\/td>\n<td align=\"left\">als Assessor in der Justizkanzlei in Aurich<\/td>\n<\/tr>\n<tr>\n<td align=\"left\"><strong>1852<\/strong><\/td>\n<td align=\"left\">in Hannover als zweiter Staatsanwalt, danach als Richter in G\u00f6ttingen<\/td>\n<\/tr>\n<tr>\n<td align=\"left\"><strong>1855<\/strong><\/td>\n<td align=\"left\">Wahl als Abgeordneter in die zweite Kammer des hannoverschen Landtages; in der liberalen Opposition engagiert<\/td>\n<\/tr>\n<tr>\n<td align=\"left\"><strong>1856<\/strong><\/td>\n<td align=\"left\">Niederlegung seines Amtes als Richter, als ihm die Regierung eine zeitweilige Beurlaubung f\u00fcr die parlamentarische Arbeit verweigerte; Bruch mit den Grunds\u00e4tzen des Adels; \u00dcbernahme des Gutes Bennigsen von seinem Vater<\/td>\n<\/tr>\n<tr>\n<td align=\"left\"><strong>1859<\/strong><\/td>\n<td align=\"left\">Gr\u00fcndung des Nationalvereins, dessen Vorsitzender er bis 1867 blieb; Engagement f\u00fcr die deutsche Reichseinheit<\/td>\n<\/tr>\n<tr>\n<td align=\"left\"><strong>1866<\/strong><\/td>\n<td align=\"left\">erstes Zusammentreffen mit dem preu\u00dfischen Ministerpr\u00e4sidenten Graf von Bismarck<\/td>\n<\/tr>\n<tr>\n<td align=\"left\"><strong>1867<\/strong><\/td>\n<td align=\"left\">Abgeordneter des Reichstages des Norddeutschen Bundes und des Preu\u00dfischen Abgeordnetenhauses, Vorsitzender der Nationalliberalen Partei<\/td>\n<\/tr>\n<tr>\n<td align=\"left\"><strong>1868<\/strong><\/td>\n<td align=\"left\">Landesdirektor von Hannover<\/td>\n<\/tr>\n<tr>\n<td align=\"left\"><strong>1871<\/strong><\/td>\n<td align=\"left\">nach der Reichsgr\u00fcndung : Abgeordneter des Deutschen Reichstages und F\u00fchrer der Nationalliberalen im Deutschen Reichstag<\/td>\n<\/tr>\n<tr>\n<td align=\"left\"><strong>1873-79<\/strong><\/td>\n<td align=\"left\">Pr\u00e4sident des Preu\u00dfischen Abgeordnetenhauses<\/td>\n<\/tr>\n<tr>\n<td align=\"left\"><strong>1878<\/strong><\/td>\n<td align=\"left\">Bruch mit Bismarck u.a. wegen des Sozialistengesetzes; 1881 Spaltung der Nationalliberalen<\/td>\n<\/tr>\n<tr>\n<td align=\"left\"><strong>1883<\/strong><\/td>\n<td align=\"left\">Bennigsen legt alle Abgeordnetenmandate nieder<\/td>\n<\/tr>\n<tr>\n<td align=\"left\"><strong>1887<\/strong><\/td>\n<td align=\"left\">Erneutes Reichstagsmandat, Vorsitz der Nationalliberalen Partei<\/td>\n<\/tr>\n<tr>\n<td align=\"left\"><strong>1888<\/strong><\/td>\n<td align=\"left\">von Kaiser Wilhelm I. zum Oberpr\u00e4sidenten der Provinz Hannover ernannt<\/td>\n<\/tr>\n<tr>\n<td align=\"left\"><strong>1898<\/strong><\/td>\n<td align=\"left\">Niederlegung des Abgeordnetenmandates und R\u00fccktritt als Oberpr\u00e4sident, Ruhestand<\/td>\n<\/tr>\n<tr>\n<td align=\"left\"><strong>1902<\/strong><\/td>\n<td align=\"left\">Am 7.8. 1902 stirbt Bennigsen auf seinem Gut. In Hannover erinnert seit 1907 ein Denkmal an Rudolf von Bennigsen. In L\u00fcneburg weist eine Bronzetafel am L\u00fcneburger Landratsamt auf sein Geburtshaus hin ; 1960 wurde eine Stra\u00dfe nach ihm benannt<\/td>\n<\/tr>\n<\/tbody>\n<\/table>\n<\/div><\/div><\/div><\/div><\/div><div class=\"w-tabs-section\" id=\"t2f2\"><button class=\"w-tabs-section-header\" aria-controls=\"content-t2f2\" aria-expanded=\"false\"><div class=\"w-tabs-section-title\">Bernhard Riemann 1826-1866<\/div><div class=\"w-tabs-section-control\"><\/div><\/button><div  class=\"w-tabs-section-content\" id=\"content-t2f2\"><div class=\"w-tabs-section-content-h i-cf\"><div class=\"g-cols wpb_row via_flex valign_top type_default stacking_default\"><div class=\"vc_col-sm-4 wpb_column vc_column_container\"><div class=\"vc_column-inner\"><div class=\"wpb_wrapper\"><div class=\"w-image align_left\"><div class=\"w-image-h\"><img loading=\"lazy\" decoding=\"async\" width=\"163\" height=\"217\" src=\"https:\/\/johanneum-lueneburg.de\/wordpress\/wp-content\/uploads\/2023\/02\/bernhard_riemann.jpg\" class=\"attachment-medium size-medium\" alt=\"\" srcset=\"https:\/\/johanneum-lueneburg.de\/wordpress\/wp-content\/uploads\/2023\/02\/bernhard_riemann.jpg 163w, https:\/\/johanneum-lueneburg.de\/wordpress\/wp-content\/uploads\/2023\/02\/bernhard_riemann-87x116.jpg 87w\" sizes=\"auto, (max-width: 163px) 100vw, 163px\" \/><\/div><\/div><\/div><\/div><\/div><div class=\"vc_col-sm-8 wpb_column vc_column_container\"><div class=\"vc_column-inner\"><div class=\"wpb_wrapper\"><div class=\"wpb_text_column\"><div class=\"wpb_wrapper\"><p>Bernhard Riemann (1826 &#8211; 1866), der nicht nur in mathematischen Fachb\u00fcchern, sondern zum Beispiel auch im Brockhaus und im Internet als ein Genie bezeichnet wird, legte<strong> vor mehr als 150 Jahren sein Abitur am Johanneum <\/strong>ab.<\/p>\n<p class=\"tiny_p\">In einem Vortrag, der am 20.9.96 anl\u00e4sslich des 590. Geburtstag des Johanneums gehalten wurde, hat Dr. D\u00f6rte Haftendorn den Versuch gewagt, Riemann als Mensch und Mathematiker zu w\u00fcrdigen. Die Zusammenfassung dieses Vortrags (Johanneum intern Nr. 11 Dez. 96, Red. Frau Dr. Kr\u00e4mer) ist im Folgenden etwas aufbereitet.<\/p>\n<\/div><\/div><\/div><\/div><\/div><\/div><div class=\"w-separator size_medium\"><\/div><div class=\"wpb_text_column\"><div class=\"wpb_wrapper\"><p class=\"tiny_p\">Bernhard Riemann wurde 17. September 1826 in Breselenz bei Dannenberg geboren.Sein Vater war dort Pastor. Sein Elternhaus wurde vor seinem Abbruch in einer Fotografie festgehalten. Hier wuchs Bernhard mit einem Bruder und vier Schwestern auf. Er hatte eine gl\u00fcckliche Kindheit, nur litt die ganze Familie unter der Armut eines Dorfpfarrers. Manche Biographen sehen in der Unterern\u00e4hrung in der Jugendzeit einen Grund f\u00fcr den fr\u00fchen Tod Riemanns, seiner Elten und mehrerer seiner Geschwister.<\/p>\n<p class=\"tiny_p\">1833 erhielt der Vater die Pfarrstelle in Quickborn, einem Dorf in der Elbniederung ganz dicht bei Dannenberg. Bis in sein 13. Lebensjahr erhielt Bernhard privaten Unterricht bei seinem Vater und dem Lehrer Schulz. In Mathematik \u00fcbertraf er bald seinen Lehrer.<br \/>\nDaher zog er nach seiner Konfirmation Ostern 1840 zu seiner Gro\u00dfmutter nach Hannover, um dort das Gymnasium zu besuchen. Anfangs hatte er dort Schwierigkeiten wegen seiner gro\u00dfen Sch\u00fcchternheit, machte dann aber gute Fortschritte.<\/p>\n<p class=\"tiny_p\">Nach dem Tod seiner dort lebenden Gro\u00dfmutter kam er 1842 nach L\u00fcneburg und trat in die Untersekunda (Klasse 10) des Johanneums ein. Es ist bekannt, da\u00df er seit 1844 bei Dr. Seffer, einem Lehrer des Johanneums, als &#8222;Pension\u00e4r zu erm\u00e4\u00dfigtem Kostgeld&#8220; wohnte. Um den Kontakt zu seiner Familie zu halten, legte er aus Geldmangel die 50 Kilometer nach Quickborn so manches Mal zu Fu\u00df zur\u00fcck.<br \/>\nDer Direktor des Johanneums war der p\u00e4dagogisch begabte und durchsetzungsf\u00e4hige Dr. Karl Haage, dem es gelang, die Qualit\u00e4t der Schulbildung so zu steigern, da\u00df ein Oberschulrat aus Hannover 1829 erkl\u00e4rte,<strong> dass das Johanneum nicht blo\u00df die beste Schule im Hannoverschen sei, sondern auch unter den drei\u00dfig Schulanstalten, die er als preu\u00dfischer Schulrat kennengelernt habe. <\/strong>Bernhard Riemann wurde von Dr. Seffer nicht nur beherbergt, sondern auch p\u00e4dagogisch betreut: Der sp\u00e4ter so ber\u00fchmte Denker schaffte n\u00e4mlich seine Aufs\u00e4tze nicht in der vorgegebenen Zeit: Er &#8222;blieb immer im R\u00fcckstande, [&#8230;] da\u00df die Lehrer-Conferenz den Schulgesetzen gegen\u00fcber seinetwegen in Verzweiflung war.&#8220;<\/p>\n<p class=\"tiny_p\">Nach Haages pl\u00f6tzlichem Tod 1843 wurde mit Friedrich Constantin Schmalfu\u00df<strong>\u00a0zum ersten und einzigen Mal ein Mathematiker Direktor des Johanneums.<\/strong>\u00a0Er hat es verstanden, die Bedenken, &#8222;ob ein Mathematiker f\u00fcr diesen Posten wohl recht geeignet sei&#8220;, zu zerstreuen. Zum Gl\u00fcck f\u00fcr die Mathematik und Bernhard Riemann, denn Schmalfu\u00df hat sein Talent richtig eingesch\u00e4tzt und ihm B\u00fccher der damals f\u00fchrenden Mathematiker zur Verf\u00fcgung gestellt. In einem sp\u00e4teren Brief \u00e4u\u00dferte sich der Mathematiklehrer \u00fcber seinen ber\u00fchmten Sch\u00fcler: &#8222;Die Fassungskraft f\u00fcr mathematische Gegenst\u00e4nde gab sich mir sofort kund und es bedurfte bei Riemann nur der Andeutung eines mathematischen Gesetzes, um dasselbe mit den weitesten Consequenzen und in feste Form gebracht zu sehen, und zwar in gr\u00f6\u00dfter Allgemeinheit.&#8220; Schmalfu\u00df lie\u00df Riemann zwar am normalen Mathematikunterricht teilnehmen, aber er &#8222;sann darauf, ihm in jeder Stunde etwas zu bieten, was seinen Kr\u00e4ften angemessen war, und jedesmal ist er \u00fcber die Grenze, die ich als seine Schranke und wohl auch als meine betrachtete, hinausgegangen&#8230;&#8220;.<br \/>\nDie Abiturpr\u00fcfung brachte den Lehrer an die Leistungsgrenze: Er pr\u00fcfte die Zahlentheorie von Legendre und stellte fest: &#8222;da\u00df ihm alles, worauf ich als Examinator mich nicht ohne M\u00fche vorbereitet hatte, [&#8230;] gel\u00e4ufig war.&#8220; Bernhard Riemanns\u00a0<strong>Maturit\u00e4ts-Zeugni\u00df erster Klasse<\/strong>\u00a0Ostern 1846 enth\u00e4lt im wesentlichen gute Beurteilungen &#8211; wobei erneut sein langsames (weil zu gr\u00fcndliches) Arbeiten bei der Abfassung von Aufs\u00e4tzen bem\u00e4ngelt wird -, in Mathematik und Physik steht jeweils das Pr\u00e4dikat\u00a0<strong>vorz\u00fcglich<\/strong>, obwohl &#8211; trauriges Vorzeichen &#8211; &#8222;sein Schulbesuch mehrmals anhaltend durch Krankheit unterbrochen war.&#8220;<br \/>\nDie Aussage der Lehrer des Johanneums, dass Riemann &#8222;durch seine Anlagen entschieden auf das Studium der mathematischen Wissenschaften hingewiesen&#8220; sei, gefiel seinem Vater nicht. Bernhard mu\u00dfte in G\u00f6ttingen Theologie studieren. Nebenbei h\u00f6rte er aber Mathematikvorlesungen, und schlie\u00dflich gelang es ihm, den Vater umzustimmen.<\/p>\n<p class=\"tiny_p\">In G\u00f6ttingen h\u00f6rte Riemann unter anderem die Vorlesung von\u00a0<strong>Carl Friedrich Gau\u00df<\/strong>\u00a0\u00fcber die Methode der kleinsten Quadrate. Da ihn die wenigen Vorlesungen, die Gau\u00df hielt, nicht ausf\u00fcllten, siedelte er zum Studium nach Berlin \u00fcber, um dort unter anderen Dirichlet zu h\u00f6ren.Aus Riemanns Zeit in Berlin ist pers\u00f6nlich wenig bekannt. Die Revolution von 1848 wird als blo\u00dfe Tatsache in seinen Briefen erw\u00e4hnt. Im Fr\u00fchjahr 1849 kehrte er nach G\u00f6ttingen zur\u00fcck und h\u00f6rte dort den\u00a0<strong>Experimentalphysiker W. Weber<\/strong>. Als Mitglied des p\u00e4dagogischen Seminars besch\u00e4ftigte sich Riemann mit\u00a0<strong>naturphilosophischen Fragen<\/strong>, und er legte im November 1850 seine Gedanken \u00fcber eine einheitliche mathematisch-physikalische Naturauffassung in einem Aufsatz dar, in dem er forderte, &#8222;eine vollkommen in sich abgeschlossene mathematische Theorie [&#8230;], welche von den f\u00fcr die einzelnen Punkte geltenden Elementargesetzen bis zu den Vorg\u00e4ngen in dem uns wirklich gegebenen continuierlich erf\u00fcllten Raume fortschreitet, ohne zu scheiden, ob es sich um die Schwerkraft, oder die Electricit\u00e4t, oder den Magnetismus, oder das Gleichgewicht der W\u00e4rme handelt&#8220;. Diese \u00dcberlegungen sind in eine weitgreifende mathematisch-physikalische Arbeitsrichtung einzuordnen, die im 19. Jahrhundert durch J.Cl. Maxwell, H. v. Helmholtz und durch H. Hertz schlie\u00dflich im 20. Jahrhundert zum Versuch einer allgemeinen Feldtheorie von Albert Einstein f\u00fchrte.<\/p>\n<p class=\"tiny_p\">Nach jahrelanger sorgf\u00e4ltiger Vorbereitung konnte Riemann im Dezember 1851 seine <strong>Doktordissertation <\/strong>&#8222;Grundlagen f\u00fcr eine allgemeine Theorie der Funktionen einer ver\u00e4nderlichen komplexen Gr\u00f6\u00dfe&#8220; abschlie\u00dfen und \u00f6ffentlich verteidigen. Er f\u00fchrt darin so wichtige Begriffe wie die Riemannsche Fl\u00e4che und Zahlenkugel ein. Das wichtigste Ergebnis dieser auch von Gau\u00df hoch anerkannten Dissertation ist der ber\u00fchmte Riemannsche Abbildungssatz. 1853 wurde Riemann Assistent von W. Weber im mathematisch-physikalischen Seminar.<\/p>\n<p class=\"tiny_p\">Seine\u00a0<strong>Habilitationsschrift<\/strong><strong>\u00a0<\/strong>1854 &#8222;\u00dcber die Darstellbarkeit einer Funktion durch willk\u00fcrliche Funktionen&#8220; enth\u00e4lt nicht nur die Fourierreihen, ohne die elektronische Musik undenkbar ist, sondern das Riemannsche Integral, ohne dessen Kenntnis heutzutage niemand Abitur machen kann. Riemanns\u00a0<strong>Habilitationsvortrag\u00a0<\/strong>1854 enthielt Erkenntnisse, die ihm einen bleibenden Platz nicht nur unter den Mathematikern, sondern auch unter den Wegbereitern der wissenschaftlichen Weltanschauung sicherten. Seine Untersuchungen \u00fcber das Vorhandensein von Ursachen f\u00fcr die objektiv realen Ma\u00dfverh\u00e4ltnisse und seine Forderung, die physikalische Forschung in diese Richtung zu orientieren, wird als\u00a0<strong>eine der genialsten naturwissenschftlichen Leistungen des 19. Jahrhunderts\u00a0<\/strong>anerkannt. Sie gingen schlie\u00dflich bei Albert Einstein in die Grundlagen der allgemeinen Relativit\u00e4tstheorie ein.<\/p>\n<p class=\"tiny_p\">Es ist verst\u00e4ndlich, dass Riemann bei seinen ersten Vorlesungen trotz sorgf\u00e4ltiger Vorbereitung Schwierigkeiten hatte, der sehr kleinen Zahl von Studenten seine Gedankeng\u00e4nge nahezubringen, hatte er doch keinerlei Lehrerfahrung. Zum ersten Mal erhielt er jetzt ein Jahreshonorar von 200 Talern. Inzwischen fand er jedoch so viel Anerkennung, da\u00df er als Assessor in die mathematische Klasse der G\u00f6ttinger Gesellschaft der Wissenschaften aufgenommen wurde.<\/p>\n<p class=\"tiny_p\">Sein<strong title=\"leben\">\u00a0Leben\u00a0<\/strong>war schwer: Die Mutter hatte er fr\u00fch verloren. 1855 starben der Vater und eine Schwester. Sein in Bremen als Postsekret\u00e4r lebender Bruder musste f\u00fcr die drei anderen Schwestern aufkommen, denn Riemann verdiente als Privatdozent viel zu wenig. Seine ohnedies schon schw\u00e4chliche Gesundheit hatte unter den \u00fcberm\u00e4\u00dfigen geistigen Anstrengungen so gelitten, da\u00df eine l\u00e4ngere Erholungsreise notwendig wurde, nach deren R\u00fcckkehr er endlich zum au\u00dferordentlichen Professor mit einem Jahresgehalt von 300 Talern ernannt wurde. Als auch der Bruder und eine weitere Schwester 1857 starben, zogen die beiden verbleibenden Schwestern zu ihm nach G\u00f6ttingen. Die in der Familie grassierende Krankheit war die Schwindsucht, der auch er sechs Jahre sp\u00e4ter zum Opfer fiel.<\/p>\n<p class=\"tiny_p\">Nach dem Tod Lejeune Dirichlets, des\u00a0<strong>Nachfolgers von Gau\u00df<\/strong>\u00a0in G\u00f6ttingen, wurde Riemann 1859 zum ordentlichen Professor auf den Lehrstuhl berufen, den Gau\u00df vier Jahre zuvor noch innegehabt hatte. Nun wurde ihm die geb\u00fchrende Anerkennung zuteil und die Berliner Akademie der Wissenschaften w\u00e4hlte ihn zum korrespondierenden Mitglied der physikalisch-mathematischen Klasse.<\/p>\n<p class=\"tiny_p\">Aus dem Gedankenaustausch mit mehreren renommierten Berliner Mathematikern ging Riemanns Abhandlung &#8222;\u00dcber die Anzahl der Primzahlen unter einer gegebenen Gr\u00f6\u00dfe&#8220; hervor. Seine ge\u00e4u\u00dferten Vermutungen \u00fcber die Verteilung der Primzahlen sind bis heute weder bewiesen noch widerlegt. Als der hervorragende deutsche Mathematiker David Hilbert gefragt wurde, wonach er sich zuerst erkundigen w\u00fcrde, wenn er 100 Jahre nach seinem Tod noch einmal mit Mathematikern zusammentreffen k\u00f6nnte, soll er geantwortet haben: &#8222;Danach, ob die\u00a0<strong>Riemannsche Vermutung\u00a0<\/strong>bewiesen ist.&#8220; Riemanns bisher genannte Arbeiten sowie weitere Abhandlungen gaben Anla\u00df zu Ehrungen durch die Pariser Acad\u00e9mie und die Londoner Royal Society.<\/p>\n<p><strong>Lebensende<br \/>\n<\/strong>Im Jahre 1862 befand sich Riemann auf dem H\u00f6hepunkt seines wissenschaftlichen Schaffens. In diesem Jahr heiratete er Elise Koch, eine Freundin seiner Schwester. Das Gl\u00fcck wurde bald getr\u00fcbt: Riemann zog sich eine Brustfellentz\u00fcndung zu, die nicht richtig ausheilte, obwohl er den Winter mit seiner Frau in Messina verbrachte. Auf der R\u00fcckfahrt durch Italien besuchte das Ehepaar die ber\u00fchmten Kunstsch\u00e4tze in Neapel, Rom, Livorno, Florenz. Bologna und Mailand. Dabei machte Riemann auch die Bekanntschaft der bedeutendsten Gelehrten Italiens. Insbesondere schlo\u00df er Freundschaft mit dem Mathematiker E. Betti. Beim \u00dcbergang \u00fcber die Alpen zog er sich eine neue schwere Erk\u00e4ltung zu, die ihn zwang, im Sommer 1863 erneut nach Italien zu reisen. Seine italienischen Freunde verschafften ihm das Angebot einer Berufung nach Pisa, die er aber ablehnte, aus Furcht, wegen seiner Krankheit die Vorlesungen nicht halten zu k\u00f6nnen. Obwohl sein Gesundheitszustand sich weiter verschlechterte, kehrte er im Herbst 1865 nach G\u00f6ttingen zur\u00fcck. Im Winter konnte er t\u00e4glich einige Stunden arbeiten. Er vollendete noch die Abhandlung \u00fcber die Theta-Funktionen. Andere Studien mu\u00dften abgebrochen werden. Trotz des Krieges zwischen \u00d6sterreich und Preu\u00dfen, der die Reise beschwerlich machte, begab sich Riemann im Juni 1866 auf seine dritte Reise nach Italien. Sein Befinden verschlechterte sich rasch, und schon wenige Wochen nach seiner Ankunft am Lago Maggiore verstarb er am 20. Juli 1866, in voller Gewi\u00dfheit \u00fcber seinen unmittelbar bevorstehenden Tod und bis zum Schlu\u00df an seinen mathematischen Untersuchungen arbeitend.<\/p>\n<p><strong>Abschlie\u00dfende W\u00fcrdigung<br \/>\n<\/strong>Die Zahl der von Riemann zu Lebzeiten publizierten und aus dem Nachlass herausgegebenen Arbeiten ist relativ klein. Und doch haben sie durch die Reichweite und Ideenf\u00fclle die Entwicklung der modernen Mathematik in vielf\u00e4ltiger Weise gef\u00f6rdert. Genannt seien nur einige im Brockhaus von 1992 enthaltene Stichworte: Riemannsche Fl\u00e4chen, Riemannsche Zahlenkugel, Riemannscher Abbildungssatz, Riemannsches Integral, Riemannsche Zetafunktion, Riemannsche Vermutung, Riemann-Geometrie, Riemannscher Raum, Riemannscher Kr\u00fcmmungstensor. Charakteristisch f\u00fcr Riemann ist, da\u00df er viele mathematische Begriffe auf exakte, heute noch tragf\u00e4hige Grundlagen stellte. Damit pr\u00e4gte er auch wesentlich den Stil der Mathematik und der theoretischen Physik. 1990 gab der indische Wissenschaftler Raghavan Narasimhan Riemanns &#8222;Gesammelte Werke&#8220; in Chicago neu heraus: Diese Werkausgabe enth\u00e4lt deutsche, italienische und lateinische Texte mit englischen Kommentaren. Der Verlag sitzt in Berlin, Heidelberg, New York, London, Paris und Tokyo. Mathematik ist weltumspannend!<\/p>\n<p class=\"tiny_p\">Ich hoffe, da\u00df ich Ihnen den Menschen\u00a0<strong>Bernhard Riemann<\/strong>\u00a0nahe gebracht habe, da\u00df ich Ihnen eine Ahnung von der Tiefe seiner mathematischen Gedanken vermitteln konnte, obwohl seine Bedeutung als Mathematiker gerade darin lag, da\u00df er ohne R\u00fccksicht auf Anschaulichkeit abstrakte Grundlagen legte.<\/p>\n<p class=\"tiny_p\">Zum Abschluss m\u00f6chte ich nochmals seine Lehrer zu Wort kommen lassen. Dr. Seffer sagt im Schlu\u00dfsatz seines Briefes: &#8222;Ich habe ihn immer lieb gehabt und behalten.&#8220; Direktor Schmalfu\u00df gesteht: &#8222;Ich habe von ihm mehr gelernt, als er von mir.&#8220; Und am Ende schreibt er: &#8222;und bin ihm heute noch f\u00fcr die vielfache Anregung, die er mir gegeben hat, und f\u00fcr die Freude, die ich an seiner wunderbaren Begabung und Entwickelung gehabt habe, f\u00fcr meine ganze Lebenszeit dankbar.&#8220;<\/p>\n<p class=\"tiny_p\">Nun, 150 Jahre nach Schmalfu\u00df, sind Sie Bernhard Riemann begegnet, einem wahrhaft bedeutenden Sch\u00fcler des Johanneums und Sohn dieser Stadt. Was k\u00f6nnte das<strong>\u00a0Fazit\u00a0<\/strong>sein? Als Lehrer k\u00f6nnen wir uns der Verantwortung bewusst werden, die wir f\u00fcr die jungen Menschen tragen, dass sie ihre F\u00e4higkeiten entfalten und ihre Schw\u00e4chen bew\u00e4ltigen lernen. Als Menschen, jung wie alt, k\u00f6nnen wir lernen, wie n\u00f6tig es sein kann, mutig die lang begangenen Pfade zu verlassen und wohl\u00fcberlegt und fundiert neue Perspektiven zu er\u00f6ffnen.<\/p>\n<p id=\"curauthor\" class=\"tiny_p\" style=\"text-align: right;\">Autorin: Dr. D\u00f6rte Haftendorn<\/p>\n<\/div><\/div><\/div><\/div><\/div><div class=\"w-tabs-section\" id=\"wbb7\"><button class=\"w-tabs-section-header\" aria-controls=\"content-wbb7\" aria-expanded=\"false\"><div class=\"w-tabs-section-title\">Georg Hermann Stoltz 1845-1939<\/div><div class=\"w-tabs-section-control\"><\/div><\/button><div  class=\"w-tabs-section-content\" id=\"content-wbb7\"><div class=\"w-tabs-section-content-h i-cf\"><div class=\"g-cols wpb_row via_flex valign_top type_default stacking_default\"><div class=\"vc_col-sm-4 wpb_column vc_column_container\"><div class=\"vc_column-inner\"><div class=\"wpb_wrapper\"><div class=\"w-image align_left\"><div class=\"w-image-h\"><img loading=\"lazy\" decoding=\"async\" width=\"166\" height=\"250\" src=\"https:\/\/johanneum-lueneburg.de\/wordpress\/wp-content\/uploads\/2023\/02\/stoltz2.jpg\" class=\"attachment-medium size-medium\" alt=\"\" srcset=\"https:\/\/johanneum-lueneburg.de\/wordpress\/wp-content\/uploads\/2023\/02\/stoltz2.jpg 166w, https:\/\/johanneum-lueneburg.de\/wordpress\/wp-content\/uploads\/2023\/02\/stoltz2-77x116.jpg 77w\" sizes=\"auto, (max-width: 166px) 100vw, 166px\" \/><\/div><\/div><\/div><\/div><\/div><div class=\"vc_col-sm-8 wpb_column vc_column_container\"><div class=\"vc_column-inner\"><div class=\"wpb_wrapper\"><div class=\"wpb_text_column\"><div class=\"wpb_wrapper\"><p><strong>Kaufmann, Kommerzienrat, Gr\u00fcnder der Stoltz-Stiftung<\/strong><\/p>\n<p>Das Johanneum erhielt durch die Stoltz- Stiftung \u00fcber viele Jahrzehnte bis heute j\u00e4hrlich nicht unbetr\u00e4chtliche Zusch\u00fcsse, durch die viele Anschaffungen finanziert werden konnten. Das Johanneum ist dem Stifter deshalb zu gro\u00dfem Dank verpflichtet und wird sein Andenken weiter pflegen.<\/p>\n<\/div><\/div><div class=\"w-btn-wrapper align_none\"><a class=\"w-btn us-btn-style_1\" title=\"Georg Hermann Stoltz: Detailinformationen\" href=\"https:\/\/johanneum-lueneburg.de\/wordpress\/geord-hermann-stoltz-detailinformationen\/\"><span class=\"w-btn-label\">Georg Hermann Stoltz: Detailinformationen<\/span><\/a><\/div><\/div><\/div><\/div><\/div><div class=\"w-separator size_medium\"><\/div><div class=\"wpb_text_column\"><div class=\"wpb_wrapper\"><table border=\"0\">\n<tbody>\n<tr>\n<td width=\"15%\">1845<\/td>\n<td width=\"75%\">Georg Hermann Stoltz wird am 11.11.1845 in Melle bei Osnabr\u00fcck im Wiehengebierge als Sohn des Juristen Hermann Stoltz und der Catharina Elisabeth (geb. Lauenstein) geboren<\/td>\n<\/tr>\n<tr>\n<td>1846<\/td>\n<td>Nach dem Tod des Vaters \u00dcbersiedlung der Mutter mit drei S\u00f6hnen und einer Tochter nach L\u00fcneburg<\/td>\n<\/tr>\n<tr>\n<td>1852- 63<\/td>\n<td>Sch\u00fcler des Johanneums und seiner Vorschule; Abschluss mit der Reife zur Prima, anschlie\u00dfend Lehre bei der Import- Firma F.W. Helmers &amp; Sohn in Bremen<\/td>\n<\/tr>\n<tr>\n<td>1866<\/td>\n<td>Nach dem Ende der kaufm\u00e4nnischen Ausbildung in Bremen f\u00e4hrt er mit einem kleinen Segelschiff nach Brasilien (Rio de Janeiro); Eintritt in eine deutsch- brasilianische Handelsfirma , bald darauf Teilhaber dieser Firma.<\/td>\n<\/tr>\n<tr>\n<td>1873<\/td>\n<td>Umbenennung der Firma in &#8222;Hermann Stoltz &amp; Co&#8220; ; Filialen u.a. in S\u00e3o Paulo, Recife\/Pernambuco und Santos<\/td>\n<\/tr>\n<tr>\n<td>1875<\/td>\n<td>Heirat mit Fanny Caroline Eleonore Meyer; das Ehepaar bekam vier T\u00f6chter und einen Sohn, (drei weitere Kinder \u00fcberlebten das erste Lebensjahr nicht)<\/td>\n<\/tr>\n<tr>\n<td>seit 1884<\/td>\n<td>\u00dcbersiedlung der Familie nach Hamburg ; Verbindungen der Fa. Hermann Stoltz zur Norddeutschen Lloyd in Rio; Zusammenarbeit mit der Zeppelin &#8211; Reederei und sp\u00e4ter mit der Lufthansa beim Ausbau des deutschen Verkehrswesens zwischen Deutschland und Brasilien.<\/td>\n<\/tr>\n<tr>\n<td>1900<\/td>\n<td>Ernennung zum K\u00f6niglichen Preu\u00dfischen Geheimen Kommerzienrat in Hamburg<\/td>\n<\/tr>\n<tr>\n<td>1915<\/td>\n<td>Gr\u00fcndung der Stoltz-Stiftung, deren Ertr\u00e4ge f\u00fcr Schulpr\u00e4mien und B\u00fccher f\u00fcr w\u00fcrdige Sch\u00fcler des Johanneums bestimmt waren. Nachdem das Kapital durch die Inflation 1923 entwertet war, wurde der Betrag noch einmal erneuert.<\/td>\n<\/tr>\n<tr>\n<td>1924<\/td>\n<td>Zwei Mietsh\u00e4user f\u00fcr Lehrkr\u00e4fte des Johanneums wurden gebaut, deren Miet\u00fcbersch\u00fcsse stiftungsgem\u00e4\u00df f\u00fcr Schulzwecke des Johanneums bestimmt waren. Hermann Stoltz engagierte sich auch f\u00fcr Kirche und Krankenh\u00e4user.<\/td>\n<\/tr>\n<tr>\n<td>1939<\/td>\n<td>Hermann Stoltz stirbt am 12.12. 1939 in Hamburg<\/td>\n<\/tr>\n<\/tbody>\n<\/table>\n<\/div><\/div><\/div><\/div><\/div><div class=\"w-tabs-section\" id=\"v3e3\"><button class=\"w-tabs-section-header\" aria-controls=\"content-v3e3\" aria-expanded=\"false\"><div class=\"w-tabs-section-title\">Carl Peters 1856-1918<\/div><div class=\"w-tabs-section-control\"><\/div><\/button><div  class=\"w-tabs-section-content\" id=\"content-v3e3\"><div class=\"w-tabs-section-content-h i-cf\"><div class=\"g-cols wpb_row via_flex valign_top type_default stacking_default\"><div class=\"vc_col-sm-4 wpb_column vc_column_container\"><div class=\"vc_column-inner\"><div class=\"wpb_wrapper\"><div class=\"w-image align_left\"><div class=\"w-image-h\"><img loading=\"lazy\" decoding=\"async\" width=\"206\" height=\"286\" src=\"https:\/\/johanneum-lueneburg.de\/wordpress\/wp-content\/uploads\/2023\/02\/petersg.jpg\" class=\"attachment-medium size-medium\" alt=\"\" srcset=\"https:\/\/johanneum-lueneburg.de\/wordpress\/wp-content\/uploads\/2023\/02\/petersg.jpg 206w, https:\/\/johanneum-lueneburg.de\/wordpress\/wp-content\/uploads\/2023\/02\/petersg-84x116.jpg 84w\" sizes=\"auto, (max-width: 206px) 100vw, 206px\" \/><\/div><\/div><\/div><\/div><\/div><div class=\"vc_col-sm-8 wpb_column vc_column_container\"><div class=\"vc_column-inner\"><div class=\"wpb_wrapper\"><div class=\"wpb_text_column\"><div class=\"wpb_wrapper\"><p><strong>umstrittener Kolonialpionier<\/strong><\/p>\n<\/div><\/div><div class=\"w-btn-wrapper align_none\"><a class=\"w-btn us-btn-style_1\" title=\"Carl Peters: Detailinformationen\" href=\"https:\/\/johanneum-lueneburg.de\/wordpress\/carl-peters-detailinformationen\/\"><span class=\"w-btn-label\">Carl Peters: Detailinformationen<\/span><\/a><\/div><\/div><\/div><\/div><\/div><div class=\"wpb_text_column\"><div class=\"wpb_wrapper\"><table>\n<tbody>\n<tr>\n<td>1856<\/td>\n<td>Am 27.9.1856 wird Carl Peters als Sohn eines Pastors in Neuhaus an der Elbe geboren.<\/td>\n<\/tr>\n<tr>\n<td>1870-72<\/td>\n<td>Als Sch\u00fcler am Johanneum in L\u00fcneburg wird sein erwachendes politisches Bewusstsein von derReichsgr\u00fcndung 1871 gepr\u00e4gt.<\/td>\n<\/tr>\n<tr>\n<td>1872-76<\/td>\n<td>Besuch der Klosterschule und Internats Ilfeld\/Harz<\/td>\n<\/tr>\n<tr>\n<td>1879<\/td>\n<td>Nach dem Studium der Geschichte promoviert Peters in Berlin mit einer historischen Studie zum Doktor der Philosophie<\/td>\n<\/tr>\n<tr>\n<td>\u00a01881-83<\/td>\n<td>Aufenthalt bei einem Onkel in London; Peters ist von der englischen Kolonialpolitik stark beeindruckt\u00a0und beginnt, Pl\u00e4ne f\u00fcr eine deutsche Kolonialpolitik zu schmieden.<\/td>\n<\/tr>\n<tr>\n<td>1884<\/td>\n<td>\u00a0Dr. Carl Peters gr\u00fcndet am 28.3. die \u201eGesellschaft f\u00fcr deutsche Kolonisation\u201c, deren Vorsitzender erwird; Usagara- Expedition: Peters erwirbt in 12 Vertr\u00e4gen mit Eingeborenen- H\u00e4uptlingeumfangreiche Rechte im Usagara-Gebiet.<\/td>\n<\/tr>\n<tr>\n<td>1885<\/td>\n<td>Die Reichsregierung stellt der am 12. 2. 1885 gegr\u00fcndeten &#8222;Deutsch- Ostafrikanischen Gesellschaft&#8220;(DOAG) am 27.2. 1885 einen Schutzbrief aus.<\/td>\n<\/tr>\n<tr>\n<td>1888<\/td>\n<td>Peters scheidet aus dem Vorstand der DOAG aus.<\/td>\n<\/tr>\n<tr>\n<td>1889\/90<\/td>\n<td>Peters Versuch, durch eine Hilfsexpedition f\u00fcr Emin Pascha auch Uganda f\u00fcr das Deutsche Reich zugewinnen, scheitert.<\/td>\n<\/tr>\n<tr>\n<td>1891- 92<\/td>\n<td>Zum &#8222;Reichskommissar zur Verf\u00fcgung des Gouverneurs von Deutsch- Ostafrika&#8220; ernannt; Auftragzur Erschlie\u00dfung des Kilimandscharo- Gebietes; Hinrichtung von zwei Afrikanern (sp\u00e4terer &#8222;FallPeters&#8220;); Reise nach Kapstadt<\/td>\n<\/tr>\n<tr>\n<td>1894<\/td>\n<td>Erneut zum &#8222;Reichskommissar&#8220; ernannt, aber ohne Aufgabe in Deutschland<\/td>\n<\/tr>\n<tr>\n<td>1895<\/td>\n<td>Reichstagskandidatur f\u00fcr die Nationalliberalen; 1895, 1896 und 1897 Reichstagsdebatten \u00fcber den&#8220;Fall Peters&#8220;<\/td>\n<\/tr>\n<tr>\n<td>\u00a01897<\/td>\n<td>Das vom Reichskanzler eingeleitete Disziplinarverfahren f\u00fchrt zur Entlassung von Peters aus demReichsdienst<\/td>\n<\/tr>\n<tr>\n<td>1899-1901<\/td>\n<td>Forschungsexpedition in das Gebiet zwischen Sambesi und Sabi<\/td>\n<\/tr>\n<tr>\n<td>Bis 1914<\/td>\n<td>Peters lebt in London als freier Schriftsteller und Journalist.<\/td>\n<\/tr>\n<tr>\n<td>1918<\/td>\n<td>Carl Peters stirbt am 10.9.1918 in Woltorf (bei Peine).<\/td>\n<\/tr>\n<\/tbody>\n<\/table>\n<\/div><\/div><\/div><\/div><\/div><div class=\"w-tabs-section\" id=\"sbd5\"><button class=\"w-tabs-section-header\" aria-controls=\"content-sbd5\" aria-expanded=\"false\"><div class=\"w-tabs-section-title\">Hermann Collitz 1855-1935<\/div><div class=\"w-tabs-section-control\"><\/div><\/button><div  class=\"w-tabs-section-content\" id=\"content-sbd5\"><div class=\"w-tabs-section-content-h i-cf\"><div class=\"g-cols wpb_row via_flex valign_top type_default stacking_default\"><div class=\"vc_col-sm-4 wpb_column vc_column_container\"><div class=\"vc_column-inner\"><div class=\"wpb_wrapper\"><div class=\"w-image align_left\"><div class=\"w-image-h\"><img loading=\"lazy\" decoding=\"async\" width=\"213\" height=\"300\" src=\"https:\/\/johanneum-lueneburg.de\/wordpress\/wp-content\/uploads\/2023\/02\/collitz-213x300.jpg\" class=\"attachment-medium size-medium\" alt=\"\" srcset=\"https:\/\/johanneum-lueneburg.de\/wordpress\/wp-content\/uploads\/2023\/02\/collitz-213x300.jpg 213w, https:\/\/johanneum-lueneburg.de\/wordpress\/wp-content\/uploads\/2023\/02\/collitz-284x400.jpg 284w, https:\/\/johanneum-lueneburg.de\/wordpress\/wp-content\/uploads\/2023\/02\/collitz-82x116.jpg 82w, https:\/\/johanneum-lueneburg.de\/wordpress\/wp-content\/uploads\/2023\/02\/collitz.jpg 320w\" sizes=\"auto, (max-width: 213px) 100vw, 213px\" \/><\/div><\/div><\/div><\/div><\/div><div class=\"vc_col-sm-8 wpb_column vc_column_container\"><div class=\"vc_column-inner\"><div class=\"wpb_wrapper\"><div class=\"wpb_text_column\"><div class=\"wpb_wrapper\"><p><strong>Klassischer Philologe und Linguist<\/strong><\/p>\n<\/div><\/div><div class=\"w-btn-wrapper align_none\"><a class=\"w-btn us-btn-style_1\" title=\"Hermann Collitz: Kurzbiographie\" href=\"https:\/\/johanneum-lueneburg.de\/wordpress\/hermann-collitz-kurzbiographie\/\"><span class=\"w-btn-label\">Hermann Collitz: Kurzbiographie<\/span><\/a><\/div><\/div><\/div><\/div><\/div><div class=\"w-separator size_medium\"><\/div><div class=\"wpb_text_column\"><div class=\"wpb_wrapper\"><p class=\"tiny_p\">Hermann Collitz wurde am 4. 2. 1855 in Bleckede als Sohn eines Landwirtes geboren. Schon beim Besuch einer Privatschule von 1862 &#8211; 69 in Bleckede zeigte sich seine Sprachbegabung. In dieser Schule wurden zwei Klassen in einem Raum unterrichtet und er profitierte als Sch\u00fcler der unteren Klasse vom Lernstoff der h\u00f6heren Klasse in Franz\u00f6sisch und Latein. Sp\u00e4ter kamen Englisch und Griechisch hinzu. So war er wohl pr\u00e4pariert, als er 1869 zum Johanneum wechselte. Im Fr\u00fchjahr 1875 legte er sein Maturit\u00e4tsexamen am Johanneum ab und immatrikulierte sich nach dem Milit\u00e4rdienst f\u00fcr das Studium der Klassischen Philologie in G\u00f6ttingen, nicht ohne sich noch bis zum Beginn der Vorlesungen im Selbststudium mit den Grundlagen des Sanskrit vertraut zu machen.<\/p>\n<p class=\"tiny_p\">Er studierte klassische Philologie bei E. von Leutsch, Hermann Saupe und Curt Wachsmuth. Nebenher belegte er Vorlesungen \u00fcber germanische Sprachen und Philosophie. Nach einigen Studien der vergleichenden Philologie bei Professor August Fick begann er sich intensiver f\u00fcr indo-europ\u00e4ische Philologie zu interessieren und wechselte f\u00fcr das Sommersemester 1878 nach Berlin, um vergleichende Philologie und Sanskrit zu h\u00f6ren; abe rauch das Keltische und Slawische geh\u00f6rten zu seinem Lehrplan. Nach G\u00f6ttingen zur\u00fcckgekehrt stellte er seine Dissertation &#8222;Die Entstehung der Indo-Iranischen Palatalreihe&#8220; fertig. Auf Empfehlung seiner G\u00f6ttinger Lehrer erhielt er ein Stipendium f\u00fcr k\u00fcnftige Dozenten. Wieder in Berlin ab 1879 wurde Collitz mit der Herausgabe der Sammlung der griechischen Dialekt- Inschriften betraut, die ab 1883 erschien. Ein Angebot der Universit\u00e4tsbibliothek f\u00fchrte ihn 1883 nach Halle, wo er sich im M\u00e4rz 1885 habilitierte (&#8222;Die Flexion der Nomina mit dreifacher Stammabstufung im Altindischen und im Griechischen&#8220;) und die Lehrerlaubnis f\u00fcr Sanskrit und vergleichende Philologie erhielt.<\/p>\n<p class=\"tiny_p\">Schon im gleichen Jahr erfolgte der Sprung nach Amerika. Collitz erhielt einen Lehrauftrag am neu gegr\u00fcndeten Bryn Mawr College in der N\u00e4he von Philadelphia als &#8222;Associate Professor of German&#8220;; dieser Titel wurde kurze Zeit sp\u00e4ter in &#8222;Professor of German and Comparative Philology&#8220; umgewandelt. 1907 nahm er einen Ruf der Johns Hopkins University ( Baltimore, Maryland) auf den Lehrstuhl f\u00fcr &#8222;Germanic Philology&#8220; an. Seine vergleichenden Forschungen umfassten die indo-europ\u00e4ischen Sprachen, also das Sanskrit, das Griechische und Lateinische, auf der anderen Seite die fr\u00fchgermanischen Sprachen wie das Gotische, Altfriesische, Alts\u00e4chsische und niederdeutsche Mundarten.<\/p>\n<p class=\"tiny_p\">Als Gesandter der Johns Hopkins University besuchte er die Universit\u00e4t Oslo und lernte in D\u00e4nemark, Schweden und Norwegen viele Gelehrte kennen. 1925 wurde Hermann Collitz zum Pr\u00e4sidenten der &#8222;American Linguistic Society&#8220; gew\u00e4hlt, die sich im folgenden Jahr mit der &#8222;Modern Language Association&#8220; vereinigte, deren Pr\u00e4sident ebenfalls Collitz gewesen war. 1927\u00a0\u00a0wurde Collitz mit 72 Jahren auf eigenen Antrag emeritiert und starb am 13. 5. 1935 in Baltimore.<\/p>\n<\/div><\/div><\/div><\/div><\/div><div class=\"w-tabs-section\" id=\"j427\"><button class=\"w-tabs-section-header\" aria-controls=\"content-j427\" aria-expanded=\"false\"><div class=\"w-tabs-section-title\">Hermann Gunkel 1862-1932<\/div><div class=\"w-tabs-section-control\"><\/div><\/button><div  class=\"w-tabs-section-content\" id=\"content-j427\"><div class=\"w-tabs-section-content-h i-cf\"><div class=\"g-cols wpb_row via_flex valign_top type_default stacking_default\"><div class=\"vc_col-sm-4 wpb_column vc_column_container\"><div class=\"vc_column-inner\"><div class=\"wpb_wrapper\"><div class=\"w-image align_left\"><div class=\"w-image-h\"><img loading=\"lazy\" decoding=\"async\" width=\"219\" height=\"300\" src=\"https:\/\/johanneum-lueneburg.de\/wordpress\/wp-content\/uploads\/2023\/02\/gunkel-219x300.jpg\" class=\"attachment-medium size-medium\" alt=\"\" srcset=\"https:\/\/johanneum-lueneburg.de\/wordpress\/wp-content\/uploads\/2023\/02\/gunkel-219x300.jpg 219w, https:\/\/johanneum-lueneburg.de\/wordpress\/wp-content\/uploads\/2023\/02\/gunkel-85x116.jpg 85w, https:\/\/johanneum-lueneburg.de\/wordpress\/wp-content\/uploads\/2023\/02\/gunkel.jpg 240w\" sizes=\"auto, (max-width: 219px) 100vw, 219px\" \/><\/div><\/div><\/div><\/div><\/div><div class=\"vc_col-sm-8 wpb_column vc_column_container\"><div class=\"vc_column-inner\"><div class=\"wpb_wrapper\"><div class=\"wpb_text_column\"><div class=\"wpb_wrapper\"><p><strong>Theologe <\/strong><strong>(Altes Testament)<\/strong><\/p>\n<\/div><\/div><div class=\"w-btn-wrapper align_none\"><a class=\"w-btn us-btn-style_1\" title=\"Hermann Gunkel: Detailinformationen\" href=\"https:\/\/johanneum-lueneburg.de\/wordpress\/hermann-gunkel-detailinformationen\/\"><span class=\"w-btn-label\">Hermann Gunkel: Detailinformationen<\/span><\/a><\/div><\/div><\/div><\/div><\/div><div class=\"w-separator size_medium\"><\/div><div class=\"wpb_text_column\"><div class=\"wpb_wrapper\"><table border=\"0\">\n<tbody>\n<tr>\n<td>\n<p class=\"tiny_p\">1862<\/p>\n<\/td>\n<td>\n<p class=\"tiny_p\">Johann Friedrich Hermann Gunkel wird am 23. Mai in Springe bei Hannover als Sohn eines evangelisch- lutherischen Pastors geboren. Sein Vater wirkt 1862 -97 als Pastor an der Nikolaikirche in L\u00fcneburg.<\/p>\n<\/td>\n<\/tr>\n<tr>\n<td>1881<\/td>\n<td>Schulzeit am Johanneum L\u00fcneburg von 1870 -1881, Abschluss mit Zeugnis der Reife<\/td>\n<\/tr>\n<tr>\n<td>\u00a0ab 1881<\/td>\n<td>Studium der Theologie in G\u00f6ttingen, Gie\u00dfen und Hannover;<\/td>\n<\/tr>\n<tr>\n<td>1885<\/td>\n<td>erstes theologisches Examen in Leipzig und Hannover; Fortsetzung des Studiums<\/td>\n<\/tr>\n<tr>\n<td>1888<\/td>\n<td>Promotion in G\u00f6ttingen und gleichzeitige Habilitation f\u00fcr Biblische\u00a0Theologie und Exegese\u00a0\u00a0(Altes und Neues Testament); Privatdozent in G\u00f6ttingen<\/td>\n<\/tr>\n<tr>\n<td>1889<\/td>\n<td>Gunkel l\u00e4sst sich nach der Universit\u00e4t Halle umhabilitieren f\u00fcr Altes Testament;\u00a0Privatdozent f\u00fcr\u00a0die Exegese des Alten Testaments<\/td>\n<\/tr>\n<tr>\n<td>1895<\/td>\n<td>\u00a0Berufung auf ein Extra- Ordinariat f\u00fcr Exegese des Alten Testaments an der Universit\u00e4t Berlin;&#8220;Sch\u00f6pfung und Chaos&#8220; ; 1901 erscheint der Kommentar zur &#8222;Genesis&#8220;<\/td>\n<\/tr>\n<tr>\n<td>1907<\/td>\n<td>\u00a0Berufung zum Ordentlichen Professor f\u00fcr alttestamentliche Exegese und Theologie an der Universit\u00e4t Gie\u00dfen<\/td>\n<\/tr>\n<tr>\n<td>1909<\/td>\n<td>\u00a0Hauptmitarbeiter bei der Herausgabe des Lexikons &#8222;Religion in Geschichte und Gegenwart&#8220; (RGG) bis 1914<\/td>\n<\/tr>\n<tr>\n<td>1920<\/td>\n<td>\u00a0Ordinariat an der Theologischen Fakult\u00e4t der Universit\u00e4t Halle<\/td>\n<\/tr>\n<tr>\n<td>1927<\/td>\n<td>\u00a0Versetzung in den Ruhestand aus gesundheitlichen Gr\u00fcnden. Auf pers\u00f6nliche Bitte erh\u00e4lt\u00a0Gunkel einen Lehrauftrag f\u00fcr israelitische Literaturgeschichte;\u00a0er widmet sich orientalischen\u00a0M\u00e4rchen und Sagen;<\/td>\n<\/tr>\n<tr>\n<td>\u00a01927- 1931<\/td>\n<td>\u00a0Herausgeber (gemeinsam mit Leopold Zscharnach) der 2. Auflage der RGG; &#8222;Einleitung in die Psalmen&#8220; als letztes gro\u00dfes Projekt (von Joachim Begrich zu Ende gef\u00fchrt)<\/td>\n<\/tr>\n<tr>\n<td>1932<\/td>\n<td>Hermann Gunkel stirbt am 11. M\u00e4rz in Halle.<\/td>\n<\/tr>\n<\/tbody>\n<\/table>\n<\/div><\/div><\/div><\/div><\/div><div class=\"w-tabs-section\" id=\"yd07\"><button class=\"w-tabs-section-header\" aria-controls=\"content-yd07\" aria-expanded=\"false\"><div class=\"w-tabs-section-title\">Hermann Jacobsohn 1879-1933<\/div><div class=\"w-tabs-section-control\"><\/div><\/button><div  class=\"w-tabs-section-content\" id=\"content-yd07\"><div class=\"w-tabs-section-content-h i-cf\"><div class=\"g-cols wpb_row via_flex valign_top type_default stacking_default\"><div class=\"vc_col-sm-4 wpb_column vc_column_container\"><div class=\"vc_column-inner\"><div class=\"wpb_wrapper\"><div class=\"w-image align_left\"><div class=\"w-image-h\"><img loading=\"lazy\" decoding=\"async\" width=\"195\" height=\"300\" src=\"https:\/\/johanneum-lueneburg.de\/wordpress\/wp-content\/uploads\/2023\/02\/jacobsohn-195x300.png\" class=\"attachment-medium size-medium\" alt=\"\" srcset=\"https:\/\/johanneum-lueneburg.de\/wordpress\/wp-content\/uploads\/2023\/02\/jacobsohn-195x300.png 195w, https:\/\/johanneum-lueneburg.de\/wordpress\/wp-content\/uploads\/2023\/02\/jacobsohn-76x116.png 76w, https:\/\/johanneum-lueneburg.de\/wordpress\/wp-content\/uploads\/2023\/02\/jacobsohn.png 258w\" sizes=\"auto, (max-width: 195px) 100vw, 195px\" \/><\/div><\/div><\/div><\/div><\/div><div class=\"vc_col-sm-8 wpb_column vc_column_container\"><div class=\"vc_column-inner\"><div class=\"wpb_wrapper\"><div class=\"wpb_text_column\"><div class=\"wpb_wrapper\"><p><strong>Sprachwissenschaftler<\/strong><\/p>\n<\/div><\/div><div class=\"w-btn-wrapper align_none\"><a class=\"w-btn us-btn-style_1\" title=\"Hermann Jacobsohn: Detailinformationen\" href=\"https:\/\/johanneum-lueneburg.de\/wordpress\/hermann-jacobsohn-detailinformationen\/\"><span class=\"w-btn-label\">Hermann Jacobsohn: Detailinformationen<\/span><\/a><\/div><\/div><\/div><\/div><\/div><div class=\"w-separator size_medium\"><\/div><div class=\"wpb_text_column\"><div class=\"wpb_wrapper\"><table border=\"0\" cellpadding=\"3\">\n<tbody>\n<tr>\n<td>1879<\/td>\n<td>\n<p class=\"tiny_p\">\u00a0H. Jacobsohn wird in L\u00fcneburg am 30.8.1879 als Sohn des j\u00fcdischen Bankiers Moritz Jacobsohn und seiner Frau Betty (geb. Heinemann) geboren. (Moritz Jacobsohn war ein bedeutender L\u00fcneburger B\u00fcrger, Mitbegr\u00fcnder der freiwilligen Feuerwehr und des Offiziersvereins, der als erster L\u00fcneburger 1913 den Titel Kommerzienrat erhielt)<\/p>\n<\/td>\n<\/tr>\n<tr>\n<td>1898<\/td>\n<td>Abitur am Johanneum, Studium der Altphilologie und Indogermanistik in Freiburg, Berlin und G\u00f6ttingen<\/td>\n<\/tr>\n<tr>\n<td>1903<\/td>\n<td>Promotion in G\u00f6ttingen \u00fcber den Dichter Plautus (&#8222;Quaestiones Plautinae&#8220;)<\/td>\n<\/tr>\n<tr>\n<td>1904<\/td>\n<td>\u00dcbersiedlung nach M\u00fcnchen wegen einer Stelle am Thesaurus Linguae Latinae<\/td>\n<\/tr>\n<tr>\n<td>1905<\/td>\n<td>Heirat mit der protestantischen Arzttochter Margarete Flemming ; (aus der Ehe gingen zwei S\u00f6hne und zwei T\u00f6chter hervor).<\/td>\n<\/tr>\n<tr>\n<td>1908<\/td>\n<td>\u00a0Habilitation in M\u00fcnchen (&#8222;Der Aoristtypus alto und die Aspiration bei Homer&#8220;), 12 Aufs\u00e4tze aus dem Bereich des Griechischen und Lateinischen<\/td>\n<\/tr>\n<tr>\n<td>1910<\/td>\n<td>\u00a0&#8222;Altitalische Inschriften&#8220; ; H. Jacobsohn beherrscht das Litauische, mehrere slawische Sprachen und fast alle germanischen Dialekte<\/td>\n<\/tr>\n<tr>\n<td>\u00a01911<\/td>\n<td>\u00a0au\u00dferordentlicher Professor f\u00fcr vergleichende Sprachwissenschaft in Marburg<\/td>\n<\/tr>\n<tr>\n<td>\u00a01914 &#8211; 1918<\/td>\n<td>\u00a0Im ersten Weltkrieg wird H. Jacobsohn als Dolmetscher f\u00fcr Russisch eingesetzt; er nutzt die T\u00e4tigkeit zur weiteren Erforschung finnisch-ugrischer Sprachen.<\/td>\n<\/tr>\n<tr>\n<td>\u00a01915<\/td>\n<td>\u00a0Vortrag im Johanneum \u00fcber die Lage in Russland<\/td>\n<\/tr>\n<tr>\n<td>\u00a01916<\/td>\n<td>\u00a0&#8222;Ru\u00dflands Entwicklung und die ukrainische Frage&#8220;<\/td>\n<\/tr>\n<tr>\n<td>\u00a01922<\/td>\n<td>planm\u00e4\u00dfiger Ordinarius in Marburg; sein Hauptwerk &#8222;Arier und Ugrofinnen&#8220; erscheint. Er weist darin nach, dass die arischen Lehnw\u00f6rter dem iranischen Zweig des Arischen und nicht dem Altindischen entstammen.<\/td>\n<\/tr>\n<tr>\n<td>\u00a01928<\/td>\n<td>\u00a0H. Jacobsohn f\u00e4hrt auf Einladung der Finnischen Akademie der Wissenschaften nach Helsinki und h\u00e4lt dort Vortr\u00e4ge. Er wird zum korrespondierenden Mitglied der Akademie gew\u00e4hlt.<\/td>\n<\/tr>\n<tr>\n<td>\n<p class=\"tiny_p\">\u00a01928\/<\/p>\n<p class=\"tiny_p\">1929<\/p>\n<\/td>\n<td>\u00a0Dekan der Indogermanischen Fakult\u00e4t in Marburg; Publikationen zu den neuentdeckten mitteliranischen Sprachen, zu den klassischen Sprachen und zum Altgermanischen.<\/td>\n<\/tr>\n<tr>\n<td>\u00a01929 &#8211; 1933<\/td>\n<td>\u00a0Kommissarische Leitung des Deutschen Sprachatlas; politisch w\u00e4hrend der Weimarer Republik in der Deutschen Demokratischen Partei (DDP, ab 1930 Deutsche Staatspartei) engagiert .<\/td>\n<\/tr>\n<tr>\n<td>1933<\/td>\n<td>\u00a025.04.1933 Entlassung aus dem Staatsdienst wegen des nationalsozialistischen &#8222;Gesetzes zur Wiederherstellung des Berufsbeamtentums&#8220; vom 7.4.33<\/td>\n<\/tr>\n<tr>\n<td>\n<p class=\"tiny_p\">\u00a027.04.<\/p>\n<p class=\"tiny_p\">1933<\/p>\n<\/td>\n<td>\u00a0H. Jacobsohn nimmt sich aus Verzweiflung \u00fcber seine Entlassung das Leben, indem er sich am Marburger S\u00fcdbahnhof vor einen Zug wirft. Er wird in L\u00fcneburg auf dem j\u00fcdischen Friedhof beigesetzt. An seinem Grab sprechen ein Rabbiner und ein protestantischer Theologe.<\/td>\n<\/tr>\n<\/tbody>\n<\/table>\n<\/div><\/div><\/div><\/div><\/div><div class=\"w-tabs-section\" id=\"t5f6\"><button class=\"w-tabs-section-header\" aria-controls=\"content-t5f6\" aria-expanded=\"false\"><div class=\"w-tabs-section-title\">Walter Zechlin 1879-1962<\/div><div class=\"w-tabs-section-control\"><\/div><\/button><div  class=\"w-tabs-section-content\" id=\"content-t5f6\"><div class=\"w-tabs-section-content-h i-cf\"><div class=\"g-cols wpb_row via_flex valign_top type_default stacking_default\"><div class=\"vc_col-sm-4 wpb_column vc_column_container\"><div class=\"vc_column-inner\"><div class=\"wpb_wrapper\"><div class=\"w-image align_left\"><div class=\"w-image-h\"><img loading=\"lazy\" decoding=\"async\" width=\"145\" height=\"187\" src=\"https:\/\/johanneum-lueneburg.de\/wordpress\/wp-content\/uploads\/2023\/02\/walter_zechlin.jpg\" class=\"attachment-medium size-medium\" alt=\"\" srcset=\"https:\/\/johanneum-lueneburg.de\/wordpress\/wp-content\/uploads\/2023\/02\/walter_zechlin.jpg 145w, https:\/\/johanneum-lueneburg.de\/wordpress\/wp-content\/uploads\/2023\/02\/walter_zechlin-90x116.jpg 90w\" sizes=\"auto, (max-width: 145px) 100vw, 145px\" \/><\/div><\/div><\/div><\/div><\/div><div class=\"vc_col-sm-8 wpb_column vc_column_container\"><div class=\"vc_column-inner\"><div class=\"wpb_wrapper\"><div class=\"wpb_text_column\"><div class=\"wpb_wrapper\"><p><strong>Jurist<br \/>\nDr.jur., <\/strong><strong>Diplomat, Pressechef der Weimarer Regierung<\/strong><\/p>\n<\/div><\/div><div class=\"w-btn-wrapper align_none\"><a class=\"w-btn us-btn-style_1\" title=\"Walter Zechlin: Detailinformationen\" href=\"https:\/\/johanneum-lueneburg.de\/wordpress\/walter-zechlin-detailinformationen\/\"><span class=\"w-btn-label\">Walter Zechlin: Detailinformationen<\/span><\/a><\/div><\/div><\/div><\/div><\/div><div class=\"w-separator size_medium\"><\/div><div class=\"wpb_text_column\"><div class=\"wpb_wrapper\"><table border=\"0\" cellpadding=\"5\">\n<tbody>\n<tr>\n<td><strong>1879<\/strong><\/td>\n<td align=\"left\">Am 25. 11. 1879 als Sohn des Studienrats ( und sp\u00e4teren Direktors) Dr. Arthur Zechlin in Schivelbein (Pommern) geboren.<\/td>\n<\/tr>\n<tr>\n<td><strong>1896-99<\/strong><\/td>\n<td align=\"left\"><strong>Sch\u00fcler des Johanneums in L\u00fcneburg<\/strong><\/td>\n<\/tr>\n<tr>\n<td><strong>1899<\/strong><\/td>\n<td align=\"left\">Nach dem Abitur Studium am Johanneum der Rechtswissenschaften und der orientalischen Sprachen<\/td>\n<\/tr>\n<tr>\n<td><strong>1903<\/strong><\/td>\n<td align=\"left\">Eintritt in den diplomatischen Dienst; Mitglied der deutschen Botschaft in Konstantinopel, Saloniki, Kairo und Addis Abeba<\/td>\n<\/tr>\n<tr>\n<td><strong>1914<\/strong><\/td>\n<td align=\"left\">Zur deutschen Gesandtschaft nach Tanger berufen, aber wegen des Ausbruchs des Ersten Weltkrieges nach Tetuan \/Spanisch-Marokko geschickt<\/td>\n<\/tr>\n<tr>\n<td><strong>1917<\/strong><\/td>\n<td align=\"left\">nach Spanien abgeschoben; in der Presseabteilung in Madrid t\u00e4tig<\/td>\n<\/tr>\n<tr>\n<td><strong>1919<\/strong><\/td>\n<td align=\"left\">R\u00fcckkehr nach Deutschland; Ernennung zum Legationsrat (Regierungsrat) in der Presseabteilung des Ausw\u00e4rtigen Amtes im Palais Leopold am Wilhelmsplatz\/Berlin<\/td>\n<\/tr>\n<tr>\n<td><strong>1923<\/strong><\/td>\n<td align=\"left\">Ernennung zum Ministerialdirigenten; w\u00e4hrend des Ruhrkampfes von der Weimarer Regierung nach Essen geschickt, um den Standpunkt der deutschen Regierung zu verdeutlichen; Anfang April f\u00fcr eine Woche in franz\u00f6sischer Haft, wegen des Verdachts subversiver T\u00e4tigkeit f\u00fcr den passiven Widerstand der deutschen Bev\u00f6lkerung.<\/td>\n<\/tr>\n<tr>\n<td><strong>1925<\/strong><\/td>\n<td align=\"left\">Ernennung zum stellvertretenden Pressechef; Reise in die USA<\/td>\n<\/tr>\n<tr>\n<td><strong>1926<\/strong><\/td>\n<td align=\"left\">Ernennung zum Pressechef der Reichskanzlei der Weimarer Regierung; nach dem Beitritt Deutschlands zum V\u00f6lkerbund Teilnahme an den Ratssitzungen in Genf und weiteren internationalen Konferenzen<\/td>\n<\/tr>\n<tr>\n<td><strong>1932<\/strong><\/td>\n<td align=\"left\">Nach dem Sturz Br\u00fcnings beantragt auch Dr. Zechlin seine Entlassung; Reise nach Leningrad, wo sein Bruder deutscher Generalkonsul war; Ernennung zum deutschen Gesandten in Mexiko<\/td>\n<\/tr>\n<tr>\n<td><strong>1933<\/strong><\/td>\n<td align=\"left\">In Mexiko (Dienstantritt 1. 1. 1933) von der Kanzlerschaft Hitlers \u00fcberrascht; im Juli 1933 Versetzung in den einstweiligen Ruhestand aufgrund des Gesetzes zur Wiederherstellung des Berufsbeamtentums; Beginn einer Studien- und Weltreise (Japan, China, Indien)<\/td>\n<\/tr>\n<tr>\n<td><strong>1933<\/strong><\/td>\n<td align=\"left\">R\u00fcckkehr nach Deutschland im Fr\u00fchjahr; Wohnsitz Berlin; nach dem so genannten &#8222;R\u00f6hmputsch&#8220; vom 30. 6. 1934, bei dem auch Pers\u00f6nlichkeiten ermordet wurden, die Zechlin selbst gekannt hatte, \u00dcbersiedlung nach Wiesbaden, sp\u00e4ter nach Homburg; Reisen in die Schweiz, Italien, T\u00fcrkei, Pal\u00e4stina.<\/td>\n<\/tr>\n<tr>\n<td><strong>1939<\/strong><\/td>\n<td align=\"left\">Obwohl nicht aktiv im Widerstand gegen Hitler beteiligt, wird Zechlin aufgrund des Heimt\u00fcckegesetzes angeklagt, da er sich kritisch gegen den Nationalsozialismus ge\u00e4u\u00dfert hatte; Freispruch im August 1939 und Emigration nach Spanien; T\u00e4tigkeit als (nicht offiziell gef\u00fchrter ) Angestellter der deutschen Botschaft in Madrid<\/td>\n<\/tr>\n<tr>\n<td><strong>1942<\/strong><\/td>\n<td align=\"left\">Zechlin wird von den Nationalsozialisten entdeckt und zur R\u00fcckkehr nach Deutschland aufgefordert; Flucht und Wanderschaft durch verschiedene spanische Ortschaften, finanzielle Unterst\u00fctzung durch spanische Freunde<\/td>\n<\/tr>\n<tr>\n<td><strong>1943<\/strong><\/td>\n<td align=\"left\">Offizielle Ausb\u00fcrgerung aus Deutschland durch die Nationalsozialisten; Inhaftierung seines zweiten Bruders aufgrund der Sippenhaftung; dieser kommt bei einem Luftangriff im Gef\u00e4ngnis um.<\/td>\n<\/tr>\n<tr>\n<td><strong>1946<\/strong><\/td>\n<td align=\"left\">Erst im M\u00e4rz 1946 wird Zechlin die M\u00f6glichkeit zur R\u00fcckkehr einger\u00e4umt; von den Engl\u00e4ndern zun\u00e4chst 14 Tage im ehemaligen Lager Neuengamme interniert; R\u00fcckkehr nach L\u00fcneburg; Ernennung zum Leiter der neu einzurichtenden Pressestelle der Staatskanzlei in Hannover unter Regierungspr\u00e4sident Kopf, der 1947 Ministerpr\u00e4sident Niedersachsens wird<\/td>\n<\/tr>\n<tr>\n<td><strong>1954<\/strong><\/td>\n<td align=\"left\">Ausscheiden aus dem Staatsdienst<\/td>\n<\/tr>\n<tr>\n<td><strong>1962<\/strong><\/td>\n<td align=\"left\">Dr. Zechlin stirbt am 24. 1. 1962 in L\u00fcneburg.<\/td>\n<\/tr>\n<\/tbody>\n<\/table>\n<\/div><\/div><\/div><\/div><\/div><div class=\"w-tabs-section\" id=\"tf24\"><button class=\"w-tabs-section-header\" aria-controls=\"content-tf24\" aria-expanded=\"false\"><div class=\"w-tabs-section-title\">Theodor Steltzer 1885-1967<\/div><div class=\"w-tabs-section-control\"><\/div><\/button><div  class=\"w-tabs-section-content\" id=\"content-tf24\"><div class=\"w-tabs-section-content-h i-cf\"><div class=\"g-cols wpb_row via_flex valign_top type_default stacking_default\"><div class=\"vc_col-sm-4 wpb_column vc_column_container\"><div class=\"vc_column-inner\"><div class=\"wpb_wrapper\"><div class=\"w-image align_left\"><div class=\"w-image-h\"><img loading=\"lazy\" decoding=\"async\" width=\"181\" height=\"300\" src=\"https:\/\/johanneum-lueneburg.de\/wordpress\/wp-content\/uploads\/2023\/02\/steltzerg-181x300.jpg\" class=\"attachment-medium size-medium\" alt=\"\" srcset=\"https:\/\/johanneum-lueneburg.de\/wordpress\/wp-content\/uploads\/2023\/02\/steltzerg-181x300.jpg 181w, https:\/\/johanneum-lueneburg.de\/wordpress\/wp-content\/uploads\/2023\/02\/steltzerg-241x400.jpg 241w, https:\/\/johanneum-lueneburg.de\/wordpress\/wp-content\/uploads\/2023\/02\/steltzerg-70x116.jpg 70w, https:\/\/johanneum-lueneburg.de\/wordpress\/wp-content\/uploads\/2023\/02\/steltzerg.jpg 271w\" sizes=\"auto, (max-width: 181px) 100vw, 181px\" \/><\/div><\/div><\/div><\/div><\/div><div class=\"vc_col-sm-8 wpb_column vc_column_container\"><div class=\"vc_column-inner\"><div class=\"wpb_wrapper\"><div class=\"wpb_text_column\"><div class=\"wpb_wrapper\"><p><strong>Generalstabsoffizier, Landrat, Mitglied des Kreisauer Kreises,<\/strong><br \/>\n<strong> Ministerpr\u00e4sident von Schleswig-Holstein 1946-47<\/strong><\/p>\n<\/div><\/div><div class=\"w-btn-wrapper align_none\"><a class=\"w-btn us-btn-style_1\" title=\"Theodor Steltzer: Detailinformationen\" href=\"https:\/\/johanneum-lueneburg.de\/wordpress\/theodor-steltzer-detailinformationen\/\"><span class=\"w-btn-label\">Theodor Steltzer: Detailinformationen<\/span><\/a><\/div><\/div><\/div><\/div><\/div><div class=\"w-separator size_medium\"><\/div><div class=\"wpb_text_column\"><div class=\"wpb_wrapper\"><table border=\"0\">\n<tbody>\n<tr>\n<td>1885<\/td>\n<td>Theodor Steltzer wird am 17.12.1885 in Trittau (Holstein) als Sohn eines Amtsrichters, dessen Vorfahren \u00fcberwiegend Juristen waren, geboren.<\/td>\n<\/tr>\n<tr>\n<td>\n<p class=\"tiny_p\">1893<\/p>\n<p class=\"tiny_p\">-1902<\/p>\n<\/td>\n<td>Besuch des Johanneums in L\u00fcneburg<\/td>\n<\/tr>\n<tr>\n<td>1902- 1907<\/td>\n<td>Milit\u00e4rdienst bis zum Infanterie-Offizier<\/td>\n<\/tr>\n<tr>\n<td>1907<\/td>\n<td>Studium der Staatswissenschaften in M\u00fcnchen, erste Begegnung mit Friedrich Naumann<\/td>\n<\/tr>\n<tr>\n<td>1909<\/td>\n<td>R\u00fcckkehr in die milit\u00e4rische Laufbahn; Battaillonsadjutant in G\u00f6ttingen, Heirat<\/td>\n<\/tr>\n<tr>\n<td>\n<p class=\"tiny_p\">1912-<\/p>\n<p class=\"tiny_p\">1914<\/p>\n<\/td>\n<td>\u00a0Kriegsakademie in Berlin, mit Aussicht auf ein dreij\u00e4hriges Kommando in Japan<\/td>\n<\/tr>\n<tr>\n<td>1914<\/td>\n<td>\u00a0Bei Kriegsausbruch vor L\u00fcttich eingesetzt; sein j\u00fcngerer Bruder f\u00e4llt; Einsatz in Ostpreu\u00dfen, Prag, Lodz; Begegnungen mit Ludendorff und Hindenburg; Silvester 1914 schwer verwundet; Steltzer behielt eine Behinderung infolge einer Beinverk\u00fcrzung<\/td>\n<\/tr>\n<tr>\n<td>1915<\/td>\n<td>\u00a0Als Offizier im Generalstab des Feldeisenbahnwesens in M\u00e9zi\u00e8res-Charleville; Bekanntschaft mit v.Moltke,\u00a0Groener, v.Seeckt; verschiedene Aufgaben im Elsass<\/td>\n<\/tr>\n<tr>\n<td>\u00a01917<\/td>\n<td>\u00a0Als Generalstabsoffizier zur besonderen Verwendung bei General v. Oldershausen beim Feldeisenbahnwesen im Gro\u00dfen Hauptquartier der OHL in Spa<\/td>\n<\/tr>\n<tr>\n<td>\u00a01918<\/td>\n<td>\u00a0kurze T\u00e4tigkeit zur Vorbereitung des Waffenstillstandes in Berlin; Bekanntschaft mit Erzberger<\/td>\n<\/tr>\n<tr>\n<td>\u00a01920<\/td>\n<td>\u00a0Ernennung zum Landrat in Rendsburg (Schleswig -Holstein)<\/td>\n<\/tr>\n<tr>\n<td>1933<\/td>\n<td>\u00a0Von den Nationalsozialisten wegen seiner antinationalsozialistischen Gesinnung aus dem Amt entlassen; Verhaftung wegen angeblicher Unterschlagung \u00f6ffentl. Gelder; nach der Freilassung erneute Beschuldigung wegen Hochverrats, da eine von Steltzer verfasste Denkschrift in die H\u00e4nde der Nationalsozialisten gefallen\u00a0 war; Haft in Kiel ; Freispruch in zweiter Instanz; Disziplinarverfahren durch die Nationalsozialisten<\/td>\n<\/tr>\n<tr>\n<td>1936<\/td>\n<td>\u00a0Sekret\u00e4r der Michaelisbruderschaft Marburg<\/td>\n<\/tr>\n<tr>\n<td>1938<\/td>\n<td>\u00a0\u00dcbersiedlung nach Hamburg<\/td>\n<\/tr>\n<tr>\n<td>1939<\/td>\n<td>\u00a0Nach Ausbruch des Zweiten Weltkrieges Transportoffizier; Aufgaben beim Vormarsch auf Warschau; danach im Stab in Bonn<\/td>\n<\/tr>\n<tr>\n<td>1940<\/td>\n<td>\u00a0Am 1.8. 1940 als Transportoffizier im Generalstab des Wehrmachtsober-befehlshabers Norwegen in Oslo; Bekanntschaft mit dem norweg. Bischof Berggrav; erste Verbindungen zu Helmuth James Graf von Moltke<\/td>\n<\/tr>\n<tr>\n<td>1941<\/td>\n<td>Beteiligung an der Organisation der Massenflucht von norwegischen und d\u00e4nischen Juden nach Schweden;\u00a0Denkschrift f\u00fcr Lionel Curtis \u00fcber die deutsche Opposition gegen Hitler<\/td>\n<\/tr>\n<tr>\n<td>1944<\/td>\n<td>\u00a0Obwohl nicht am Attentat vom 20. Juli beteiligt, wird Steltzer verhaftet; Gef\u00e4ngnis in Berlin- Moabit<\/td>\n<\/tr>\n<tr>\n<td>\u00a01945<\/td>\n<td>\n<p class=\"tiny_p\">\u00a0In den Verhandlungen des Volksgerichtshofes unter Richter Freisler gegen den Kreisauer Kreis ab dem 15. 1. werden alle mit Ausnahme von Gerstenmaier und F\u00fcrst Fugger zum Tode verurteilt, auch Steltzer; durch Intervention finnischer und schwedischer Freunde wird ein Aufschub der Hinrichtung erreicht;<\/p>\n<p class=\"tiny_p\">Entlassung aus der Haft am 25.4.1945;<\/p>\n<p class=\"tiny_p\">Juni 1945: Steltzer ist Gr\u00fcndungsmitglied der CDU-Ost in Berlin; T\u00e4tigkeit im Berliner Magistrat; Teilnahme an der Kirchenkonferenz in Treysa (August 1945, Gr\u00fcndung der EKD); R\u00fcckkehr nach Rendsburg und Ernennung zum Landrat, danach zum Oberpr\u00e4sidenten; Mitbegr\u00fcnder der CDU Schleswig -Holstein; \u00a0\u00a0\u00a0\u00a0\u00a0\u00a0\u00a0\u00a0 Ernennung zum Ministerpr\u00e4sidenten einer vorl\u00e4ufigen Regierung Schleswig- Holstein<\/p>\n<\/td>\n<\/tr>\n<tr>\n<td>\u00a01947<\/td>\n<td>\u00a0Nach den Landtagswahlen (Mehrheit SPD) R\u00fcckzug aus der aktiven Politik und \u00dcbersiedlung nach L\u00fcbeck<\/td>\n<\/tr>\n<tr>\n<td>1950<\/td>\n<td>Leiter des &#8222;Instituts zur F\u00f6rderung \u00f6ffentlicher Angelegenheiten&#8220; (bis 1952)<\/td>\n<\/tr>\n<tr>\n<td>1954<\/td>\n<td>Teilnahme an der Konferenz der europ\u00e4ischen Bewegung in London<\/td>\n<\/tr>\n<tr>\n<td>1955<\/td>\n<td>Gr\u00fcndung der &#8222;Deutschen Gesellschaft f\u00fcr ausw\u00e4rtige Politik e.V.&#8220;, Pr\u00e4sident bis 1960<\/td>\n<\/tr>\n<tr>\n<td>1956- 60<\/td>\n<td>Pr\u00e4sident der deutschen UNESCO- Kommission, Umzug nach Bonn<\/td>\n<\/tr>\n<tr>\n<td>1960<\/td>\n<td>Verlegung des Wohnsitzes nach Berlin<\/td>\n<\/tr>\n<tr>\n<td>1965<\/td>\n<td>Steltzer schreibt seine Lebenserinnerungen &#8222;Sechzig Jahre Zeitgenosse&#8220; (List- Verlag, M\u00fcnchen, 1966)<\/td>\n<\/tr>\n<tr>\n<td>1967<\/td>\n<td>Am 27.10.1967 stirbt Theodor Steltzer in M\u00fcnchen.<\/td>\n<\/tr>\n<\/tbody>\n<\/table>\n<\/div><\/div><\/div><\/div><\/div><div class=\"w-tabs-section\" id=\"l5a9\"><button class=\"w-tabs-section-header\" aria-controls=\"content-l5a9\" aria-expanded=\"false\"><div class=\"w-tabs-section-title\">Ernst Wagemann 1884-1956<\/div><div class=\"w-tabs-section-control\"><\/div><\/button><div  class=\"w-tabs-section-content\" id=\"content-l5a9\"><div class=\"w-tabs-section-content-h i-cf\"><div class=\"g-cols wpb_row via_flex valign_top type_default stacking_default\"><div class=\"vc_col-sm-4 wpb_column vc_column_container\"><div class=\"vc_column-inner\"><div class=\"wpb_wrapper\"><div class=\"wpb_text_column\"><div class=\"wpb_wrapper\"><p>leider liegt uns kein Bild vor<\/p>\n<\/div><\/div><\/div><\/div><\/div><div class=\"vc_col-sm-8 wpb_column vc_column_container\"><div class=\"vc_column-inner\"><div class=\"wpb_wrapper\"><div class=\"wpb_text_column\"><div class=\"wpb_wrapper\"><p><strong>Volkswirtschaftler und Statistiker, Pr\u00e4sident des Statistischen Reichsamtes,<br \/>\nGr\u00fcnder und Leiter des Instituts f\u00fcr Konjunkturforschung (heute: Deutsches Institut f\u00fcr Wirtschaftsforschung)<\/strong><\/p>\n<\/div><\/div><div class=\"w-btn-wrapper align_none\"><a class=\"w-btn us-btn-style_1\" title=\"Ernst Wagemann: Detailinformationen\" href=\"https:\/\/johanneum-lueneburg.de\/wordpress\/ernst-wagemann-detailinformationen\/\"><span class=\"w-btn-label\">Ernst Wagemann: Detailinformationen<\/span><\/a><\/div><\/div><\/div><\/div><\/div><div class=\"wpb_text_column\"><div class=\"wpb_wrapper\"><table border=\"0\" cellpadding=\"5\">\n<tbody>\n<tr>\n<td><strong>1884<\/strong><\/td>\n<td>Ernst Friedrich Wagemann wird am 18. 2. 1884 als Sohn deutscher Eltern in Cha\u00f1arcillo (Region Atacama, Chile ) geboren. Sein Vater war Kaufmann in Valparaiso, wo Ernst auch zun\u00e4chst die deutsche Schule besuchte.<\/td>\n<\/tr>\n<tr>\n<td><strong>1898-1903<\/strong><\/td>\n<td>Er besucht das\u00a0<strong>Johanneum in L\u00fcneburg<\/strong>\u00a0und schlie\u00dft mit dem Abitur ab.<\/td>\n<\/tr>\n<tr>\n<td><strong>Ab 1909<\/strong><\/td>\n<td>Nach dem Studium und dem Eintritt in den Staatsdienst erscheinen erste empirische Arbeiten \u00fcber Westindien, Chile (1913), Brasilien (1915).<\/td>\n<\/tr>\n<tr>\n<td><strong>1914-18<\/strong><\/td>\n<td>W\u00e4hrend des Ersten Weltkrieges arbeitet Wagemann im Reichswirtschaftsministerium im Bereich der Statistik der Rohstoffversorgung.<\/td>\n<\/tr>\n<tr>\n<td><strong>1918\/19<\/strong><\/td>\n<td>Neben seiner T\u00e4tigkeit im Reichswirtschaftsministerium erh\u00e4lt er eine au\u00dferordentliche Professur an der Universit\u00e4t Berlin.<\/td>\n<\/tr>\n<tr>\n<td><strong>1923-33<\/strong><\/td>\n<td>Pr\u00e4sident des Statistischen Reichsamtes<\/td>\n<\/tr>\n<tr>\n<td><strong>1925-45<\/strong><\/td>\n<td>Gr\u00fcndung und Leitung des &#8222;Instituts f\u00fcr Konjunkturforschung&#8220; (IfK) in Berlin, das heute &#8222;Deutsches Institut f\u00fcr Wirtschaftsforschung&#8220; (DIW) hei\u00dft.<\/td>\n<\/tr>\n<tr>\n<td><strong>1932<\/strong><\/td>\n<td>Ver\u00f6ffentlichung des sogenannten &#8222;Wagemann-Plans&#8220; zur Bek\u00e4mpfung der Wirtschaftskrise<\/td>\n<\/tr>\n<tr>\n<td><strong>1933<\/strong><\/td>\n<td>Wagemann wird von den Nationalsozialisten seines Amtes als Pr\u00e4sident des Statistischen Reichsamtes enthoben, zeitweilig auch als Leiter des IfK.<\/td>\n<\/tr>\n<tr>\n<td><strong>1949-53<\/strong><\/td>\n<td>Professor in Santiago de Chile<\/td>\n<\/tr>\n<tr>\n<td><strong>1956<\/strong><\/td>\n<td>Ernst Wagemann stirbt am 20.3. 1956 in Bad Godesberg (heute zu Bonn)<\/td>\n<\/tr>\n<\/tbody>\n<\/table>\n<\/div><\/div><\/div><\/div><\/div><div class=\"w-tabs-section\" id=\"ge59\"><button class=\"w-tabs-section-header\" aria-controls=\"content-ge59\" aria-expanded=\"false\"><div class=\"w-tabs-section-title\">Fritz Heinemann 1889-1970<\/div><div class=\"w-tabs-section-control\"><\/div><\/button><div  class=\"w-tabs-section-content\" id=\"content-ge59\"><div class=\"w-tabs-section-content-h i-cf\"><div class=\"g-cols wpb_row via_flex valign_top type_default stacking_default\"><div class=\"vc_col-sm-4 wpb_column vc_column_container\"><div class=\"vc_column-inner\"><div class=\"wpb_wrapper\"><div class=\"w-image align_left\"><div class=\"w-image-h\"><img loading=\"lazy\" decoding=\"async\" width=\"131\" height=\"300\" src=\"https:\/\/johanneum-lueneburg.de\/wordpress\/wp-content\/uploads\/2023\/02\/heineman.jpg\" class=\"attachment-medium size-medium\" alt=\"\" srcset=\"https:\/\/johanneum-lueneburg.de\/wordpress\/wp-content\/uploads\/2023\/02\/heineman.jpg 131w, https:\/\/johanneum-lueneburg.de\/wordpress\/wp-content\/uploads\/2023\/02\/heineman-51x116.jpg 51w\" sizes=\"auto, (max-width: 131px) 100vw, 131px\" \/><\/div><\/div><\/div><\/div><\/div><div class=\"vc_col-sm-8 wpb_column vc_column_container\"><div class=\"vc_column-inner\"><div class=\"wpb_wrapper\"><div class=\"wpb_text_column\"><div class=\"wpb_wrapper\"><p>Auszug aus Brockhaus-Enzyklop\u00e4die:<br \/>\nHeinemann, Fritz, Philosoph. * L\u00fcneburg 8.2.1889, 1930 Prof. in Frankfurt, 1939-56 in Oxford, seit 1957 em. Prof. in Frankfurt, Historiker und Kritiker der Philosophie des 20. Jhts, bes. der Existenzphilosophie; Werke:Plotin (1921), Neue Wege der Philosophie (1929), Odysseus oder die Zukunft der Philosophie (1939), David\u00a0\u00a0Hume (1940), Jenseits des Existentialismus (1957), Hg: Die Philosophie im XX. Jahrhundert (1959 , (2) 1963), Schriften in: Ztschr. f. phil. Forsch. 19 (1965)<\/p>\n<\/div><\/div><div class=\"w-btn-wrapper align_none\"><a class=\"w-btn us-btn-style_1\" title=\"Grundz\u00fcge der Philosophie Heinemanns\" href=\"https:\/\/johanneum-lueneburg.de\/wordpress\/grundzuege-der-philosophie-heinemanns\/\"><span class=\"w-btn-label\">Grundz\u00fcge der Philosophie Heinemanns<\/span><\/a><\/div><\/div><\/div><\/div><\/div><div class=\"w-separator size_medium\"><\/div><div class=\"wpb_text_column\"><div class=\"wpb_wrapper\"><table border=\"0\">\n<tbody>\n<tr>\n<td>1889<\/td>\n<td>Friedrich Heinrich Heinemann wird am 8. Februar in L\u00fcneburg als Sohn einer bedeutenden j\u00fcdischen Familie geboren.<\/td>\n<\/tr>\n<tr>\n<td>1907<\/td>\n<td>\n<p class=\"tiny_p\">Nach dem Besuch einer Privatschule und des Johanneums legt er am 22.2 das Abitur am Johanneum mit \u00fcberdurchschnittlichen Leistungen ab; er ist Mitglied des L\u00fcneburger \u201eWandervogels&#8220;.<\/p>\n<\/td>\n<\/tr>\n<tr>\n<td>ab 1907<\/td>\n<td>Studium der Philosophie in Cambridge, Marburg, M\u00fcnchen und Berlin<\/td>\n<\/tr>\n<tr>\n<td>1912<\/td>\n<td>Doktor der Philosophie mit der Dissertation \u201eDer Aufbau von Kants Kritik der reinen Vernunft und das Problem der Zeit\u201c<\/td>\n<\/tr>\n<tr>\n<td>1914-18<\/td>\n<td>W\u00e4hrend des Ersten Weltkrieges Dienst als Arztschreiber in einen Lazarett bei K\u00fcstrin 1918 Heirat mit Frau Dr. phil. Adelheid Schiff (Frankf.\/M.)<\/td>\n<\/tr>\n<tr>\n<td>1919<\/td>\n<td>\n<p class=\"tiny_p\">Als Mathematiklehrer des Kaiser-Friedrich-Realgymnasiums in Berlin erh\u00e4lt Heinemann den Bonitz-Preis der Wiener Akademie der Wissenschaften f\u00fcr eine Arbeit \u00fcber Plotin.<\/p>\n<\/td>\n<\/tr>\n<tr>\n<td>1921<\/td>\n<td>\n<p class=\"tiny_p\">Ver\u00f6ffentlichung von \u201ePlotin, Forschungen \u00fcber die plotinische Frage\u201c Venia legendi an der Universit\u00e4t Frankfurt \/M.<\/p>\n<\/td>\n<\/tr>\n<tr>\n<td>1929<\/td>\n<td>Ver\u00f6ffentlichung von \u201eWilhelm von Humboldts philosophische Anthropologie und Theorie der Menschenkenntnis\u201c und \u201eNeue Wege der Philosophie\u201c<\/td>\n<\/tr>\n<tr>\n<td>1930<\/td>\n<td>\u00a0Ernennung zum au\u00dferordentlichen Professor in Frankfurt<\/td>\n<\/tr>\n<tr>\n<td>1933<\/td>\n<td>\u00a0Heinemann verliert am 8.9. aufgrund des nationalsozialistischen \u201eGesetzes zur Wiederherstellung des Berufsbeamtentums\u201c seine Lehrbefugnis. Heinemann arbeitet in Amersfoort (NL) und an der Sorbonne in Paris (Bekanntschaft mit Gabriel Marcel und Nicolai Berdjajew).<\/td>\n<\/tr>\n<tr>\n<td>1937<\/td>\n<td>\u00a0Emigration der Familie Heinemanns von Frankfurt nach Oxford<\/td>\n<\/tr>\n<tr>\n<td>1939-56<\/td>\n<td>\u00a0Heinemann lehrt am Manchester College in Oxford<\/td>\n<\/tr>\n<tr>\n<td>1954<\/td>\n<td>\u00a0Ver\u00f6ffentlichung von \u201eExistenzphilosophie, lebendig oder tot ?\u201c<\/td>\n<\/tr>\n<tr>\n<td>\n<p class=\"tiny_p\">1957<\/p>\n<\/td>\n<td>\u00a0als emeritierter Professor in Frankfurt,\u00a0Ver\u00f6ffentlichung von \u201eJenseits des Existentialismus\u201c<\/td>\n<\/tr>\n<tr>\n<td>1970<\/td>\n<td>\u00a0Heinemann stirbt am 7.1. 1970 in Oxford<\/td>\n<\/tr>\n<tr>\n<td>1972<\/td>\n<td>\u00a0Auf Anregung von Herrn Studiendirektor Manfred G\u00f6ske, der sich mit seinen Nachforschungen \u00fcber das Schicksal ehemaliger j\u00fcdischer Mitb\u00fcrger L\u00fcneburgs verdient gemacht hat, wurde das Heinemann-Archiv in der Ratsb\u00fccherei L\u00fcneburg gegr\u00fcndet. Es enth\u00e4lt \u00fcber hundert Ver\u00f6ffentlichungen Heinemanns.<\/td>\n<\/tr>\n<tr>\n<td>1985<\/td>\n<td>\u00a0Im Beisein von Francis Heinemann, des Sohnes von Fritz Heinemann, erhielt der Lesesaal der Ratsbibliothek den Namen \u201eHeinemann &#8211; Saal\u201c.<\/td>\n<\/tr>\n<\/tbody>\n<\/table>\n<\/div><\/div><\/div><\/div><\/div><div class=\"w-tabs-section\" id=\"h62b\"><button class=\"w-tabs-section-header\" aria-controls=\"content-h62b\" aria-expanded=\"false\"><div class=\"w-tabs-section-title\">Ernst Schmidt 1892-1975<\/div><div class=\"w-tabs-section-control\"><\/div><\/button><div  class=\"w-tabs-section-content\" id=\"content-h62b\"><div class=\"w-tabs-section-content-h i-cf\"><div class=\"g-cols wpb_row via_flex valign_top type_default stacking_default\"><div class=\"vc_col-sm-4 wpb_column vc_column_container\"><div class=\"vc_column-inner\"><div class=\"wpb_wrapper\"><div class=\"w-image align_left\"><div class=\"w-image-h\"><img loading=\"lazy\" decoding=\"async\" width=\"170\" height=\"240\" src=\"https:\/\/johanneum-lueneburg.de\/wordpress\/wp-content\/uploads\/2023\/02\/schmidt2.jpg\" class=\"attachment-medium size-medium\" alt=\"\" srcset=\"https:\/\/johanneum-lueneburg.de\/wordpress\/wp-content\/uploads\/2023\/02\/schmidt2.jpg 170w, https:\/\/johanneum-lueneburg.de\/wordpress\/wp-content\/uploads\/2023\/02\/schmidt2-82x116.jpg 82w\" sizes=\"auto, (max-width: 170px) 100vw, 170px\" \/><\/div><\/div><\/div><\/div><\/div><div class=\"vc_col-sm-8 wpb_column vc_column_container\"><div class=\"vc_column-inner\"><div class=\"wpb_wrapper\"><div class=\"wpb_text_column\"><div class=\"wpb_wrapper\"><p>Technischer Thermodynamiker, Erfinder der Alfol-Isolierung; nach ihm ist die Schmidt&#8217;sche Zahl benannt: Sc=v\/D<\/p>\n<\/div><\/div><\/div><\/div><\/div><\/div><div class=\"wpb_text_column\"><div class=\"wpb_wrapper\"><table border=\"0\" cellpadding=\"5\">\n<tbody>\n<tr>\n<td width=\"15%\"><strong>1892<\/strong><\/td>\n<td width=\"85%\">Ernst Heinrich Wilhelm Schmidt wurde als Sohn eines Hofbesitzers am 11.2. 1892 in V\u00f6gelsen bei L\u00fcneburg geboren<\/td>\n<\/tr>\n<tr>\n<td><strong>1910<\/strong><\/td>\n<td>Am 1.2. 1910 legte er sein\u00a0<strong>Abitur am Johanneum<\/strong>\u00a0ab und begann mit dem Studium der Elektrotechnik in Dresden und M\u00fcnchen<\/td>\n<\/tr>\n<tr>\n<td><strong>1911-12<\/strong><\/td>\n<td>Unterbrechung des Studiums durch die Milit\u00e4rdienstzeit<\/td>\n<\/tr>\n<tr>\n<td><strong>1914-18<\/strong><\/td>\n<td>Teilnahme am 1. Weltkrieg<\/td>\n<\/tr>\n<tr>\n<td><strong>1919<\/strong><\/td>\n<td>Abschluss des Studiums mit dem Diplom- Ingenieur f\u00fcr Elektrotechnik in M\u00fcnchen<\/td>\n<\/tr>\n<tr>\n<td><strong>1920<\/strong><\/td>\n<td>Dr. &#8211; Ingenieur an der T.H. M\u00fcnchen und Eintritt als Assistent in das &#8222;Laboratorium f\u00fcr technische Physik der T.H. M\u00fcnchen&#8220; unter der damaligen Leitung des Direktors Oscar Knoblauch.<\/td>\n<\/tr>\n<tr>\n<td><strong>1921<\/strong><\/td>\n<td>Ernst Schmidt erfand den\u00a0<strong>W\u00e4rmeflussmesser<\/strong>\u00a0und hatte erste Erfolge bei der sorgf\u00e4ltigen Messung von Abstrahlungseigenschaften von verschiedenen Materialien, was ihn sp\u00e4ter veranlasste, die Aluminiumfolie als effektive Strahlungsabschirmung zu untersuchen und zu entwickeln.<\/td>\n<\/tr>\n<tr>\n<td><strong>1922- 25<\/strong><\/td>\n<td>T\u00e4tigkeit in der Industrie<\/td>\n<\/tr>\n<tr>\n<td><strong>1925<\/strong><\/td>\n<td>Habilitation an der T.H. M\u00fcnchen; im Oktober Ruf als Ordentlicher Professor f\u00fcr W\u00e4rmelehre an die T.H. Danzig und Direktor des Technischen Laboratoriums der T.H. Danzig; Erfindung der\u00a0<strong>Alfol- Isolierung<\/strong>\u00a0(Aluminium- Folie); Er ver\u00f6ffentlichte Arbeiten \u00fcber die heute sehr bekannte grafische Differenzier-Methode bei unstetiger W\u00e4rmeleitung, der Schlieren- und Schattenmethode, um thermische Grenzen zu beobachten und lokale W\u00e4rme\u00fcbergangszahlen zu gewinnen. Er war der erste, der Geschwindigkeits- und Temperaturverteilung bei freier Konvektion ma\u00df, ebenso, wie die gro\u00dfen W\u00e4rme\u00fcbergangskoeffizienten bei der Tr\u00f6pfchenbildung . Eine Arbeit zur Analogie von W\u00e4rmetransport und Massetransport f\u00fchrte dazu, dass die beteiligte dimensionslose Konstante heute\u00a0<strong>&#8222;Schmidt&#8217;sche Zahl&#8220;<\/strong>(bzw. Schmidt- Zahl) hei\u00dft. 1937- 45 Professor an der T.H. Braunschweig und Leitung des &#8222;Instituts f\u00fcr Motorenforschung&#8220; der Deutschen Forschungsanstalt f\u00fcr Luftfahrt in Braunschweig- V\u00f6lkerrode.<\/td>\n<\/tr>\n<tr>\n<td><strong>1945- 52<\/strong><\/td>\n<td>Ordentlicher Professor f\u00fcr W\u00e4rmelehre der T.H. Braunschweig<\/td>\n<\/tr>\n<tr>\n<td><strong>1952- 61<\/strong><\/td>\n<td>Ordentlicher Professor an der T.H. M\u00fcnchen<\/td>\n<\/tr>\n<tr>\n<td><strong>1975<\/strong><\/td>\n<td>Am 22.1. 1975 starb Ernst Schmidt in M\u00fcnchen<\/td>\n<\/tr>\n<tr>\n<td><\/td>\n<td>Ernst Schmidt erhielt folgende Ehrungen: den Ludwig- Prandtl- Ring, den Max- Jacobi- Preis und die Grashof- Gedenkmedaille.<\/td>\n<\/tr>\n<\/tbody>\n<\/table>\n<p class=\"tiny_p\"><strong>Ausz\u00fcge aus Brockhaus (1973)<br \/>\n<\/strong>Schmidt, Ernst, techn. Thermodynamiker, *V\u00f6gelsen bei L\u00fcneburg 11. 2. 1892, war seit 1925 Prof. an der TH Danzig, seit 1937 in Braunschweig und 1952- 60 in M\u00fcnchen, lieferte grundlegende Beitr\u00e4ge zur gesamten techn. W\u00e4rmelehre, bes. zur W\u00e4rmeleitung, Konvektion, W\u00e4rmestrahlung und Verbrennungsforschung. Er arbeitete auch \u00fcber Raketen- und Strahlenantrieb sowie Gasturbinen und erfand den W\u00e4rmeflu\u00dfmesser (1921) und die Alfolisolierung (1925).\u00a0<strong>Werke.<\/strong>\u00a0Einf. in die techn. Thermodynamik 1936, 1963 (10); VDI- Wasserdampftafeln seit 1950, 1952 (3), 1968 (7); Proberties of water and steam in SI- Units (1969). &#8230;<\/p>\n<p class=\"tiny_p\"><strong>Alfol-Isolierung,<\/strong>\u00a0eine W\u00e4rmeisolierung durch blanke, durch Luftschichten getrennte\u00a0<strong>Al<\/strong>uminium-<strong>Fol<\/strong>ien. Blanke Aluminium-Oberfl\u00e4chen haben kleinste Strahlungszahl f\u00fcr eigene Abstrahlung und damit gr\u00f6\u00dftes Reflexionsverm\u00f6gen f\u00fcr auftreffende W\u00e4rmestrahlung. Die mittlere W\u00e4rmeleitzahl (kcal\/m h \u00b0C) der A. betr\u00e4gt 0.027 bis 0.04 (ruhende Luft: 0,02; Kork: 0,12 bis 0,15; Ziegelstein, normal feucht: 0,65; Eisen: 40; Kupfer: 320). Heute wird meist Aluminium- Knitterfolie verwendet.<\/p>\n<\/div><\/div><\/div><\/div><\/div><div class=\"w-tabs-section\" id=\"l0d3\"><button class=\"w-tabs-section-header\" aria-controls=\"content-l0d3\" aria-expanded=\"false\"><div class=\"w-tabs-section-title\">Bruno Snell 1896-1986<\/div><div class=\"w-tabs-section-control\"><\/div><\/button><div  class=\"w-tabs-section-content\" id=\"content-l0d3\"><div class=\"w-tabs-section-content-h i-cf\"><div class=\"g-cols wpb_row via_flex valign_top type_default stacking_default\"><div class=\"vc_col-sm-4 wpb_column vc_column_container\"><div class=\"vc_column-inner\"><div class=\"wpb_wrapper\"><div class=\"w-image align_left\"><div class=\"w-image-h\"><img loading=\"lazy\" decoding=\"async\" width=\"138\" height=\"191\" src=\"https:\/\/johanneum-lueneburg.de\/wordpress\/wp-content\/uploads\/2023\/02\/snellbild2g.jpg\" class=\"attachment-medium size-medium\" alt=\"\" srcset=\"https:\/\/johanneum-lueneburg.de\/wordpress\/wp-content\/uploads\/2023\/02\/snellbild2g.jpg 138w, https:\/\/johanneum-lueneburg.de\/wordpress\/wp-content\/uploads\/2023\/02\/snellbild2g-84x116.jpg 84w\" sizes=\"auto, (max-width: 138px) 100vw, 138px\" \/><\/div><\/div><div class=\"w-separator size_medium\"><\/div><\/div><\/div><\/div><div class=\"vc_col-sm-8 wpb_column vc_column_container\"><div class=\"vc_column-inner\"><div class=\"wpb_wrapper\"><div class=\"wpb_text_column\"><div class=\"wpb_wrapper\"><p><strong>Klassischer Philologe von Weltgeltung<\/strong><\/p>\n<p>Foto: Universit\u00e4t Hamburg<\/p>\n<\/div><\/div><div class=\"w-separator size_medium\"><\/div><div class=\"w-btn-wrapper align_none\"><a class=\"w-btn us-btn-style_1\" title=\"Bruno Snell: Detailinformationen\" href=\"https:\/\/johanneum-lueneburg.de\/wordpress\/bruno-snell-detailinformationen\/\"><span class=\"w-btn-label\">Bruno Snell: Detailinformationen<\/span><\/a><\/div><\/div><\/div><\/div><\/div><div class=\"wpb_text_column\"><div class=\"wpb_wrapper\"><table border=\"0\" cellpadding=\"3\">\n<tbody>\n<tr>\n<td>1896<\/td>\n<td>Bruno Snell wird am 18. Juni 1896 in Hildesheim als Sohn des Psychiaters Dr. Otto Snell geboren<\/td>\n<\/tr>\n<tr>\n<td>1903-14<\/td>\n<td>\n<p class=\"tiny_p\">Schulzeit und Abitur am\u00a0<strong>Johanneum L\u00fcneburg<\/strong><\/p>\n<\/td>\n<\/tr>\n<tr>\n<td>1914<\/td>\n<td>Beginn des Studiums in Edinburgh (Jura und National\u00f6konomie)<\/td>\n<\/tr>\n<tr>\n<td>1915<\/td>\n<td>Nach Ausbruch des 1. Weltkrieges wird Snell auf der Isle of Man interniert.<\/td>\n<\/tr>\n<tr>\n<td>1917<\/td>\n<td>vorzeitige Entlassung aus der Internierung und Beginn des Studiums der Klassischen Philologie in Leiden<\/td>\n<\/tr>\n<tr>\n<td>1919-22<\/td>\n<td>Studium des Klassischen Philologie in Berlin, M\u00fcnchen und G\u00f6ttingen<\/td>\n<\/tr>\n<tr>\n<td>\n<p class=\"tiny_p\">1922<\/p>\n<\/td>\n<td>\n<p class=\"tiny_p\">Promotion in G\u00f6ttingen bei Georg Misch \u00fcber &#8222;Die Ausdr\u00fccke f\u00fcr den Begriff des Wissens in der\u00a0vorplatonischen Philosophie&#8220;<\/p>\n<\/td>\n<\/tr>\n<tr>\n<td>1925<\/td>\n<td>Lektor in Pisa; Habilitation in Hamburg \u00fcber &#8222;Die geistesgeschichtliche Stellung der aischyleischen Trag\u00f6die&#8220;<\/td>\n<\/tr>\n<tr>\n<td>1931<\/td>\n<td>Ordentlicher Professor f\u00fcr Klassische Philologie in Hamburg<\/td>\n<\/tr>\n<tr>\n<td>1933<\/td>\n<td>Nach der Macht\u00fcbernahme der Nationalsozialisten versucht Snell den Widerstand unter den Dozenten der Universit\u00e4t zu organisieren<\/td>\n<\/tr>\n<tr>\n<td>1934<\/td>\n<td>Bacchylides carmina cum fragmentis (Neubearbeitung der Ausgabe von Blass und Suess)<\/td>\n<\/tr>\n<tr>\n<td>1935<\/td>\n<td>Aufsatz &#8222;Das I-ah des goldenen Esels&#8220; (Hermes 70, 350- 56), den er mit einer kritischen Bemerkung \u00fcber den Nationalsozialismus abschlie\u00dft<\/td>\n<\/tr>\n<tr>\n<td>1945<\/td>\n<td>Gr\u00fcndung des &#8222;Archivs f\u00fcr Griechische Lexikographie&#8220;<\/td>\n<\/tr>\n<tr>\n<td>1945-46<\/td>\n<td>Snell wird der erste Dekan der Philosophischen Fakult\u00e4t der Universit\u00e4t Hamburg nach dem 2. Weltkrieg<\/td>\n<\/tr>\n<tr>\n<td>1946<\/td>\n<td>&#8222;Die Entdeckung des Geistes. Studien zur Entstehung des europ\u00e4ischen Denkens bei den Griechen&#8220;<\/td>\n<\/tr>\n<tr>\n<td>1947<\/td>\n<td>Gr\u00fcndung der &#8222;Joachim Jungius- Gesellschaft der Wissenschaften e.V. Hamburg&#8220;<\/td>\n<\/tr>\n<tr>\n<td>1948<\/td>\n<td>Mitwirkung an dem Gutachten zur Hochschulreform (&#8222;Blaues Gutachten&#8220;)<\/td>\n<\/tr>\n<tr>\n<td>1950<\/td>\n<td>Gr\u00fcndung der &#8222;Mommsen- Gesellschaft&#8220;<\/td>\n<\/tr>\n<tr>\n<td>1951-53<\/td>\n<td>Snell wird zweimal zum Rektor der Universit\u00e4t Hamburg gew\u00e4hlt<\/td>\n<\/tr>\n<tr>\n<td>1952<\/td>\n<td>&#8222;Der Aufbau der Sprache&#8220;<\/td>\n<\/tr>\n<tr>\n<td>1955<\/td>\n<td>Gr\u00fcndung des &#8222;Europa-Kollegs&#8220;; Rundfunkvortr\u00e4ge &#8222;Neun Tage Latein&#8220;<\/td>\n<\/tr>\n<tr>\n<td>1959<\/td>\n<td>Snell l\u00e4sst sich vorzeitig emeritieren.<\/td>\n<\/tr>\n<tr>\n<td>1977<\/td>\n<td>Snell wird zum Mitglied der Friedensklasse des Ordens Pour le M\u00e9rite gew\u00e4hlt.<\/td>\n<\/tr>\n<tr>\n<td>1986<\/td>\n<td>Bruno Snell stirbt am 31. Oktober 1986 in Hamburg.<\/td>\n<\/tr>\n<\/tbody>\n<\/table>\n<\/div><\/div><\/div><\/div><\/div><div class=\"w-tabs-section\" id=\"ba9a\"><button class=\"w-tabs-section-header\" aria-controls=\"content-ba9a\" aria-expanded=\"false\"><div class=\"w-tabs-section-title\">Karl August Wittfogel 1896-1988<\/div><div class=\"w-tabs-section-control\"><\/div><\/button><div  class=\"w-tabs-section-content\" id=\"content-ba9a\"><div class=\"w-tabs-section-content-h i-cf\"><div class=\"g-cols wpb_row via_flex valign_top type_default stacking_default\"><div class=\"vc_col-sm-4 wpb_column vc_column_container\"><div class=\"vc_column-inner\"><div class=\"wpb_wrapper\"><div class=\"w-image align_left\"><div class=\"w-image-h\"><img loading=\"lazy\" decoding=\"async\" width=\"111\" height=\"199\" src=\"https:\/\/johanneum-lueneburg.de\/wordpress\/wp-content\/uploads\/2023\/02\/wittfogl.jpg\" class=\"attachment-medium size-medium\" alt=\"\" srcset=\"https:\/\/johanneum-lueneburg.de\/wordpress\/wp-content\/uploads\/2023\/02\/wittfogl.jpg 111w, https:\/\/johanneum-lueneburg.de\/wordpress\/wp-content\/uploads\/2023\/02\/wittfogl-65x116.jpg 65w\" sizes=\"auto, (max-width: 111px) 100vw, 111px\" \/><\/div><\/div><\/div><\/div><\/div><div class=\"vc_col-sm-8 wpb_column vc_column_container\"><div class=\"vc_column-inner\"><div class=\"wpb_wrapper\"><div class=\"wpb_text_column\"><div class=\"wpb_wrapper\"><p>1896-1988<br \/>\nSozialwissenschaftler und Sinologe<\/p>\n<\/div><\/div><div class=\"w-separator size_medium\"><\/div><div class=\"w-btn-wrapper align_none\"><a class=\"w-btn us-btn-style_1\" title=\"Karl August Wittfogel: Detailinformationen\" href=\"https:\/\/johanneum-lueneburg.de\/wordpress\/karl-august-wittfogel-detailinformationen\/\"><span class=\"w-btn-label\">Karl August Wittfogel: Detailinformationen<\/span><\/a><\/div><\/div><\/div><\/div><\/div><div class=\"w-separator size_medium\"><\/div><div class=\"wpb_text_column\"><div class=\"wpb_wrapper\"><table border=\"0\" cellpadding=\"3\">\n<tbody>\n<tr>\n<td>1896<\/td>\n<td>Karl August Wittfogel wird am 6. September in Woltersdorf (L\u00fcneburger Heide) als Sohn des Lehrers Heinrich Wittfogel und seiner Frau Johanne (geb. Schulze) geboren.<\/td>\n<\/tr>\n<tr>\n<td>1903<\/td>\n<td>\u00dcbersiedlung der Eltern nach Bergen (an der Dumme) und 1904 nach L\u00fcneburg.<\/td>\n<\/tr>\n<tr>\n<td>1907<\/td>\n<td>Besuch des\u00a0<strong>Johanneums in L\u00fcneburg<\/strong>\u00a0(nach Besuch des Realgymnasiums)<\/td>\n<\/tr>\n<tr>\n<td>1912<\/td>\n<td>Mitglied in der &#8222;Wandervogel&#8220;- Bewegung<\/td>\n<\/tr>\n<tr>\n<td>1914<\/td>\n<td>Abitur am Johanneum L\u00fcneburg; Beginn des Studiums der Geschichte, Philosophie und Geowissenschaften in Leipzig, Berlin, M\u00fcnchen und Rostock<\/td>\n<\/tr>\n<tr>\n<td>1917<\/td>\n<td>Einberufung zum Milit\u00e4rdienst in Mecklenburg und Dienst in einer Fernmeldeeinheit in Berlin<\/td>\n<\/tr>\n<tr>\n<td>1918<\/td>\n<td>Mitglied in der USPD, F\u00fchrer der Deutschen Studentenbewegung neben Klaus Reichenbach; Teilnahme am Sozialistischen Studentenkongress in Leipzig 1919<\/td>\n<\/tr>\n<tr>\n<td>1920<\/td>\n<td>Dozent an der Volkshochschule in Tinz (Th\u00fcringen), Freundschaft mit Karl Korsch; Mitglied in der KPD<\/td>\n<\/tr>\n<tr>\n<td>1921<\/td>\n<td>Arbeit als Theaterschriftsteller f\u00fcr proletarisches Theater bis 1924 (&#8222;Der Kr\u00fcppel&#8220;, &#8222;Rote Soldaten&#8220;, &#8222;Der Mann , der eine Idee hat&#8220; u.a.); Heirat mit Rose Schlesinger;<\/td>\n<\/tr>\n<tr>\n<td>1924<\/td>\n<td>&#8222;Die Geschichte der b\u00fcrgerlichen Gesellschaft&#8220; erscheint<\/td>\n<\/tr>\n<tr>\n<td>1925<\/td>\n<td>St\u00e4ndiger Mitarbeiter am &#8222;Institut f\u00fcr Sozialforschung&#8220; in Frankfurt; ab 1926 China- Experte der KPD<\/td>\n<\/tr>\n<tr>\n<td>1928<\/td>\n<td>Promotion in Frankfurt mit der Arbeit &#8222;Die \u00f6konomische Bedeutung der agrikolen und industriellen Produktivkr\u00e4fte Chinas&#8220;; Aufenthalt am Marx- Engels- Institut in Moskau<\/td>\n<\/tr>\n<tr>\n<td>1929<\/td>\n<td>Redakteur der &#8222;Linkskurve&#8220;; W. h\u00e4lt Kurse f\u00fcr die KPD- nahe &#8222;Marxistische Arbeiterschulung&#8220; (MASCH);<\/td>\n<\/tr>\n<tr>\n<td>1931<\/td>\n<td>Teilnahme an der Leningrader Konferenz, in der seine Theorie der &#8222;asiatischen<\/p>\n<p class=\"tiny_p\">Produktionsweise&#8220; von der stalinistischen Mehrheit als falsch abgelehnt wird; erste China-Reise.<\/p>\n<\/td>\n<\/tr>\n<tr>\n<td>1932<\/td>\n<td>Scheidung von seiner Frau Rose und Heirat mit russischen Journalistin Olga Joffe<\/td>\n<\/tr>\n<tr>\n<td>1933<\/td>\n<td>(M\u00e4rz) Verhaftung und Aufenthalt in den Konzentrationslagern Papenburg (Esterwegen) und Lichtenburg (bei Torgau); W. schmuggelt das Lied &#8222;Wir sind die Moorsoldaten aus dem Teillager B\u00f6rgermoor nach Esterwegen; Ende November Entlassung nach wochenlanger Krankheit;<\/td>\n<\/tr>\n<tr>\n<td>1934<\/td>\n<td>Emigration \u00fcber England in die USA; Lehrt\u00e4tigkeit an der Columbia University in New York<\/td>\n<\/tr>\n<tr>\n<td>1935<\/td>\n<td>\u00a0Zweite China- Reise (bis 1937)<\/td>\n<\/tr>\n<tr>\n<td>1936<\/td>\n<td>Roman &#8222;Staatliches Konzentrationslager VII&#8220; unter dem Pseudonym Klaus Hinrichs<\/td>\n<\/tr>\n<tr>\n<td>1939<\/td>\n<td>Austritt aus der KPD nach dem Hitler- Stalin- Pakt ; Gr\u00fcndung des &#8222;Chinese History Project&#8220; an der Columbia University mit den Mitteln der Rockefeller Foundation; Scheidung von seiner Frau Olga und Heirat mit Esther E. Goldfrank (1940)<\/td>\n<\/tr>\n<tr>\n<td>1941<\/td>\n<td>US- Staatsb\u00fcrgerschaft<\/td>\n<\/tr>\n<tr>\n<td>1947<\/td>\n<td>Professur f\u00fcr chinesische Geschichte an der University of Washington in Seattle<\/td>\n<\/tr>\n<tr>\n<td>1957<\/td>\n<td>Die &#8222;Orientalische Despotie&#8220; erscheint.<\/td>\n<\/tr>\n<tr>\n<td>1960<\/td>\n<td>Wittfogel lebt nach seiner Emeritierung als Privatgelehrter in New York<\/td>\n<\/tr>\n<tr>\n<td>1979<\/td>\n<td>Besuch in L\u00fcneburg und Vortrag im Johanneum (&#8222;Hitler, Stalin und die Bedrohung unserer Freiheit&#8220;)<\/td>\n<\/tr>\n<tr>\n<td>1988<\/td>\n<td>Wittfogel stirbt am 25. Mai in New York<\/td>\n<\/tr>\n<\/tbody>\n<\/table>\n<\/div><\/div><\/div><\/div><\/div><div class=\"w-tabs-section\" id=\"z2c8\"><button class=\"w-tabs-section-header\" aria-controls=\"content-z2c8\" aria-expanded=\"false\"><div class=\"w-tabs-section-title\">Alfred Sohn-Rethel 1899-1990<\/div><div class=\"w-tabs-section-control\"><\/div><\/button><div  class=\"w-tabs-section-content\" id=\"content-z2c8\"><div class=\"w-tabs-section-content-h i-cf\"><div class=\"g-cols wpb_row via_flex valign_top type_default stacking_default\"><div class=\"vc_col-sm-4 wpb_column vc_column_container\"><div class=\"vc_column-inner\"><div class=\"wpb_wrapper\"><div class=\"w-image align_left\"><div class=\"w-image-h\"><img loading=\"lazy\" decoding=\"async\" width=\"124\" height=\"294\" src=\"https:\/\/johanneum-lueneburg.de\/wordpress\/wp-content\/uploads\/2023\/02\/sohnreth.jpg\" class=\"attachment-medium size-medium\" alt=\"\" srcset=\"https:\/\/johanneum-lueneburg.de\/wordpress\/wp-content\/uploads\/2023\/02\/sohnreth.jpg 124w, https:\/\/johanneum-lueneburg.de\/wordpress\/wp-content\/uploads\/2023\/02\/sohnreth-49x116.jpg 49w\" sizes=\"auto, (max-width: 124px) 100vw, 124px\" \/><\/div><\/div><\/div><\/div><\/div><div class=\"vc_col-sm-8 wpb_column vc_column_container\"><div class=\"vc_column-inner\"><div class=\"wpb_wrapper\"><div class=\"wpb_text_column\"><div class=\"wpb_wrapper\"><p><strong>Sozialwissenschaftler und Philosoph<\/strong><\/p>\n<p><strong>Auszug aus der Brockhaus-Enzyklop\u00e4die<\/strong><br \/>\nSohn-Rethel, Alfred, Sozialwissenschaftler und Philosoph, * Paris 4.1. 1899, \u2020 Bremen 6.4. 1990; arbeitete von 1931 bis zur Emigration 1936 als Referent beim Mitteleurop. Wirtschaftstag; ab 1937 in England, u.a. T\u00e4tigkeiten an Volkshochschulen und als Lehrer; ab 1978 Prof. in Bremen. Seine Bedeutung besteht in seiner eigenwilligen \u00dcbertragung von Kategorien der marxschen politischen \u00d6konomie auf erkenntnistheoretische Fragestellungen, die einerseits den herk\u00f6mml. \u00d6konomismus der marxschen Lehre, andererseits die weitgehend idealistisch bestimmte Erkenntnis- und Bewusstseinsphilosophie infrage stellt.<br \/>\nWerke: Geistige u. k\u00f6rperl. Arbeit. Zur Theorie der gesellschaftl. Synthesis (1970); Warenform und Denkform (1978). Ausgabe: Theodor W.Adorno u. A.S.-R. Briefwechsel 1936-69, hg. v. C.G\u00f6dde (1991). S.Kratz: S.-R. zur Einf. ( \u00b3 1984 )<\/p>\n<\/div><\/div><\/div><\/div><\/div><\/div><div class=\"w-separator size_medium\"><\/div><div class=\"wpb_text_column\"><div class=\"wpb_wrapper\"><table border=\"0\" cellpadding=\"3\">\n<tbody>\n<tr>\n<td>1899<\/td>\n<td>Alfred Sohn-Rethel wird in Neuilly-sur-Seine bei Paris als Sohn einer Malerfamilie geboren<\/td>\n<\/tr>\n<tr>\n<td>1908-12<\/td>\n<td>A. Sohn-Rethel lebt als Pflegekind in der Familie des D\u00fcsseldorfer Gro\u00dfindustriellen Erich Poensgen<\/td>\n<\/tr>\n<tr>\n<td>1912<\/td>\n<td>R\u00fcckkehr zu seiner Familie, die nach Berlin \u00fcbergesiedelt ist; wegen Konflikten mit seiner Familie verl\u00e4sst Sohn-Rethel Berlin.<\/td>\n<\/tr>\n<tr>\n<td>1917<\/td>\n<td><strong>Abitur am Johanneum zu L\u00fcneburg\u00a0<\/strong><\/td>\n<\/tr>\n<tr>\n<td>1917-23<\/td>\n<td>Studium in Darmstadt (Chemie), Heidelberg und Berlin (Philosophie, \u00d6konomie, Geschichte und Soziologie)<\/td>\n<\/tr>\n<tr>\n<td>1923-26<\/td>\n<td>Aufenthalt in Bositano\/ Capri, wo er mit Adorno, Benjamin und Bloch zusammentrifft.<\/td>\n<\/tr>\n<tr>\n<td>1928<\/td>\n<td>Promotion in Heidelberg mit einer Dissertation \u00fcber die Grenznutzenlehre<\/td>\n<\/tr>\n<tr>\n<td>1929-31<\/td>\n<td>Heilaufenthalt in Davos wegen einer Lungenerkrankung<\/td>\n<\/tr>\n<tr>\n<td>1931-36<\/td>\n<td>durch Erich Poensgen vermittelte T\u00e4tigkeit beim Mitteleurop\u00e4ischen Wirtschaftstag<\/td>\n<\/tr>\n<tr>\n<td>1936<\/td>\n<td>Emigration aus dem nationalsozialistischen Deutschland nach Luzern<\/td>\n<\/tr>\n<tr>\n<td>1936-37<\/td>\n<td>In Paris entsteht der Text Zur Liquidierung des Apriorismus, mit dem er sich beim Frankfurter Institut f\u00fcr Sozialforschung bewirbt, was aber nicht gelingt.<\/td>\n<\/tr>\n<tr>\n<td>ab 1937<\/td>\n<td>Einj\u00e4hriges Stipendium in England (London , Birmingham) 1940-41 kriegsbedingte Internierung als Immigrant in London<\/td>\n<\/tr>\n<tr>\n<td>1943<\/td>\n<td>Einziehung zum Zivildienst. Sohn-Rethel bleibt auch nach 1945 in England, da er mittlerweile mit einer j\u00fcdischen Engl\u00e4nderin verheiratet ist, die sich kein Leben in Deutschland vorstellen kann.<\/td>\n<\/tr>\n<tr>\n<td>1950-51<\/td>\n<td class=\"tiny_p\">Sein Werk &#8222;Geistige und k\u00f6rperliche Arbeit&#8220; entsteht (in englischer Sprache verfasst, erst 1970 ver\u00f6ffentlicht)<\/td>\n<\/tr>\n<tr>\n<td>bis 1969<\/td>\n<td>als Franz\u00f6sischlehrer an einer englischen Schule<\/td>\n<\/tr>\n<tr>\n<td>1972-76<\/td>\n<td>\u00a0Gastprofessor in Bremen<\/td>\n<\/tr>\n<tr>\n<td>1976-78<\/td>\n<td>\u00a0Vorbereitung einer englischen Ausgabe seiner Texte in Birmingham<\/p>\n<p class=\"tiny_p\">\u00a0seit 1978 Professor in Bremen<\/p>\n<\/td>\n<\/tr>\n<tr>\n<td>1990<\/td>\n<td>\u00a0Sohn-Rethel stirbt am 6.April in Bremen.<\/td>\n<\/tr>\n<\/tbody>\n<\/table>\n<\/div><\/div><\/div><\/div><\/div><div class=\"w-tabs-section\" id=\"ed32\"><button class=\"w-tabs-section-header\" aria-controls=\"content-ed32\" aria-expanded=\"false\"><div class=\"w-tabs-section-title\">Jean Leppien 1910-1991<\/div><div class=\"w-tabs-section-control\"><\/div><\/button><div  class=\"w-tabs-section-content\" id=\"content-ed32\"><div class=\"w-tabs-section-content-h i-cf\"><div class=\"g-cols wpb_row via_flex valign_top type_default stacking_default\"><div class=\"vc_col-sm-4 wpb_column vc_column_container\"><div class=\"vc_column-inner\"><div class=\"wpb_wrapper\"><div class=\"wpb_text_column\"><div class=\"wpb_wrapper\"><p style=\"text-align: center;\"><a ref=\"magnificPopup\" href=\"https:\/\/johanneum-lueneburg.de\/wordpress\/wp-content\/uploads\/2023\/07\/leppien1g.jpg\"><img loading=\"lazy\" decoding=\"async\" class=\"alignnone size-medium wp-image-14623\" src=\"https:\/\/johanneum-lueneburg.de\/wordpress\/wp-content\/uploads\/2023\/07\/leppien1g-214x300.jpg\" alt=\"\" width=\"214\" height=\"300\" srcset=\"https:\/\/johanneum-lueneburg.de\/wordpress\/wp-content\/uploads\/2023\/07\/leppien1g-214x300.jpg 214w, https:\/\/johanneum-lueneburg.de\/wordpress\/wp-content\/uploads\/2023\/07\/leppien1g-83x116.jpg 83w, https:\/\/johanneum-lueneburg.de\/wordpress\/wp-content\/uploads\/2023\/07\/leppien1g.jpg 285w\" sizes=\"auto, (max-width: 214px) 100vw, 214px\" \/><\/a><\/p>\n<\/div><\/div><div class=\"wpb_text_column\"><div class=\"wpb_wrapper\"><p style=\"text-align: center;\">Jean Leppien 1988 in L\u00fcneburg<br \/>\nFoto: Hans-Joachim Boldt<\/p>\n<\/div><\/div><\/div><\/div><\/div><div class=\"vc_col-sm-8 wpb_column vc_column_container\"><div class=\"vc_column-inner\"><div class=\"wpb_wrapper\"><div class=\"wpb_text_column\"><div class=\"wpb_wrapper\"><p><strong>1910-1991<br \/>\nK\u00fcnstler<\/strong><\/p>\n<\/div><\/div><div class=\"w-separator size_medium\"><\/div><div class=\"w-btn-wrapper align_none\"><a class=\"w-btn us-btn-style_1\" title=\"Jean Leppien: Detailinformationen\" href=\"https:\/\/johanneum-lueneburg.de\/wordpress\/jean-leppien-detailinformationen\/\"><span class=\"w-btn-label\">Jean Leppien: Detailinformationen<\/span><\/a><\/div><\/div><\/div><\/div><\/div><div class=\"w-separator size_medium\"><\/div><div class=\"wpb_text_column\"><div class=\"wpb_wrapper\"><table border=\"0\" cellpadding=\"5\">\n<tbody>\n<tr>\n<td align=\"left\" width=\"60\"><strong>1910<\/strong><\/td>\n<td align=\"left\">Kurt Gottfried Johannes Leppien wird am 08. April als Sohn des Fabrikbesitzers Jean-Gottfried Leppien und dessen Gattin Gertrud, geb. Domnich in L\u00fcneburg geboren<\/td>\n<\/tr>\n<tr>\n<td align=\"left\" width=\"60\"><strong>1920-29<\/strong><\/td>\n<td align=\"left\"><strong>Besuch des Johanneums in L\u00fcneburg<\/strong><\/td>\n<\/tr>\n<tr>\n<td align=\"left\" width=\"60\"><strong>1926\/27<\/strong><\/td>\n<td align=\"left\">Erste k\u00fcnstlerische Arbeiten (Landschaften und Motive aus L\u00fcneburg und Umgebung, erste abstrakte Versuche)<\/td>\n<\/tr>\n<tr>\n<td align=\"left\" width=\"60\"><strong>1929<\/strong><\/td>\n<td align=\"left\">Studium am Bauhaus in Dessau; Sch\u00fcler von Josef Albers, Wassily Kandinsky und Paul Klee<\/td>\n<\/tr>\n<tr>\n<td align=\"left\" width=\"60\"><strong>1930-32<\/strong><\/td>\n<td align=\"left\">Assistent bei Boehner- Film in Dresden und bei Hans Richter (Dt. Filmliga) in Berlin; 1931\/32 in Berlin Studium der Fotografie an der Itten- Schule bei Lucia Moholy; Zusammenarbeit mit Moholy- Nagy f\u00fcr die Internationale Bauausstellung 1931<\/td>\n<\/tr>\n<tr>\n<td align=\"left\" width=\"60\"><strong>1932<\/strong><\/td>\n<td align=\"left\">Bekanntschaft mit Suzanne Markos-Ney, seiner sp\u00e4teren Frau<\/td>\n<\/tr>\n<tr>\n<td align=\"left\" width=\"60\"><strong>1933-39<\/strong><\/td>\n<td align=\"left\">Emigration aus dem nationalsozialistischen Deutschland nach Paris; Suzannne folgt etwas sp\u00e4ter; Besch\u00e4ftigung mit Fotografie, Reklame und graphischen Darstellungen<\/td>\n<\/tr>\n<tr>\n<td align=\"left\" width=\"60\"><strong>1939-40<\/strong><\/td>\n<td align=\"left\">Soldat der Fremdenlegion in Algerien und Marokko; nach der Demobilisierung des Regiments nach Sorgues bei Avignon<\/td>\n<\/tr>\n<tr>\n<td><strong>1944<\/strong><\/td>\n<td>Verhaftung am 22.3. durch die Gestapo; Verurteilung wegen &#8222;Waffenhilfe f\u00fcr den Feind&#8220;; Haftaufenthalt in verschiedenen deutschen Zuchth\u00e4usern<\/td>\n<\/tr>\n<tr>\n<td><strong>1945<\/strong><\/td>\n<td>Befreiung durch amerikanische Truppen in Kaisheim, R\u00fcckkehr nach Paris<\/td>\n<\/tr>\n<tr>\n<td><strong>1945-50<\/strong><\/td>\n<td>als Maler in Nizza; 1949 erste Einzelausstellung in Paris<\/td>\n<\/tr>\n<tr>\n<td><strong>1950<\/strong><\/td>\n<td>Reise nach L\u00fcneburg ; \u00dcbersiedlung nach Roquebrune bei Menton an der C\u00f4te d&#8216; Azur<\/td>\n<\/tr>\n<tr>\n<td><strong>1951-52<\/strong><\/td>\n<td>erste Einzelausstellungen in Deutschland (Braunschweig 1951) und in Italien (Mailand, Florenz 1952)<\/td>\n<\/tr>\n<tr>\n<td><strong>1953<\/strong><\/td>\n<td>Leppien wird franz\u00f6sischer Staatsb\u00fcrger<\/td>\n<\/tr>\n<tr>\n<td><strong>1962<\/strong><\/td>\n<td>Paris wird wieder Hauptwohnsitz Leppiens<\/td>\n<\/tr>\n<tr>\n<td><strong>1964<\/strong><\/td>\n<td>Retrospektive im Universit\u00e4tsmuseum Binghampton, New York<\/td>\n<\/tr>\n<tr>\n<td><strong>1984<\/strong><\/td>\n<td>\u00dcbersiedlung nach Boulogne bei Paris<\/td>\n<\/tr>\n<tr>\n<td><strong>1976<\/strong><\/td>\n<td>Ausstellung am L\u00fctzowplatz in Berlin<\/td>\n<\/tr>\n<tr>\n<td><strong>1987<\/strong><\/td>\n<td>Berufung zum Officier de l&#8217;Ordre des Arts et des Lettres; Leppiens Autobiographie\u00a0<em>&#8222;Ein Blick hinaus&#8220;<\/em>erscheint<\/td>\n<\/tr>\n<tr>\n<td><strong>1988<\/strong><\/td>\n<td>\n<p class=\"tiny_p\">Erste Ausstellung in seiner Heimatstadt L\u00fcneburg im Museum f\u00fcr das F\u00fcrstentum L\u00fcneburg;<br \/>\nRetrospektive &#8222;Quarante ans de peinture&#8220; im Mus\u00e9e Picasso in Antibes<\/p>\n<\/td>\n<\/tr>\n<tr>\n<td><strong>1991<\/strong><\/td>\n<td>Jean Leppien stirbt am 19.10.1991 in Courbevoie bei Paris<\/td>\n<\/tr>\n<\/tbody>\n<\/table>\n<\/div><\/div><\/div><\/div><\/div><div class=\"w-tabs-section\" id=\"v7ab\"><button class=\"w-tabs-section-header\" aria-controls=\"content-v7ab\" aria-expanded=\"false\"><div class=\"w-tabs-section-title\">Niklas Luhmann 1927-1998<\/div><div class=\"w-tabs-section-control\"><\/div><\/button><div  class=\"w-tabs-section-content\" id=\"content-v7ab\"><div class=\"w-tabs-section-content-h i-cf\"><div class=\"g-cols wpb_row via_flex valign_top type_default stacking_default\"><div class=\"vc_col-sm-4 wpb_column vc_column_container\"><div class=\"vc_column-inner\"><div class=\"wpb_wrapper\"><div class=\"w-image align_center\"><div class=\"w-image-h\"><img loading=\"lazy\" decoding=\"async\" width=\"238\" height=\"278\" src=\"https:\/\/johanneum-lueneburg.de\/wordpress\/wp-content\/uploads\/2023\/02\/luhmg.jpg\" class=\"attachment-medium size-medium\" alt=\"\" srcset=\"https:\/\/johanneum-lueneburg.de\/wordpress\/wp-content\/uploads\/2023\/02\/luhmg.jpg 238w, https:\/\/johanneum-lueneburg.de\/wordpress\/wp-content\/uploads\/2023\/02\/luhmg-99x116.jpg 99w\" sizes=\"auto, (max-width: 238px) 100vw, 238px\" \/><\/div><\/div><div class=\"wpb_text_column\"><div class=\"wpb_wrapper\"><p class=\"tiny_p\" style=\"text-align: center;\">Foto: L\u00fcneburger Landeszeitung<\/p>\n<\/div><\/div><\/div><\/div><\/div><div class=\"vc_col-sm-8 wpb_column vc_column_container\"><div class=\"vc_column-inner\"><div class=\"wpb_wrapper\"><div class=\"wpb_text_column\"><div class=\"wpb_wrapper\"><p>1927-1998<br \/>\nSoziologe<\/p>\n<\/div><\/div><div class=\"w-separator size_medium\"><\/div><div class=\"w-btn-wrapper align_none\"><a class=\"w-btn us-btn-style_1\" title=\"Niklas Luhmann: Detailinformationen\" href=\"https:\/\/johanneum-lueneburg.de\/wordpress\/niklas-luhmann-detailinformationen\/\"><span class=\"w-btn-label\">Niklas Luhmann: Detailinformationen<\/span><\/a><\/div><\/div><\/div><\/div><\/div><div class=\"w-separator size_medium\"><\/div><div class=\"wpb_text_column\"><div class=\"wpb_wrapper\"><table border=\"0\">\n<tbody>\n<tr>\n<td>1927<\/td>\n<td>Niklas Luhmann wird am 8. 12. als Sohn eines Brauereibesitzers in L\u00fcneburg geboren<\/td>\n<\/tr>\n<tr>\n<td>\u00a01937-44<\/td>\n<td>\u00a0Sch\u00fcler des\u00a0<strong>Johanneums L\u00fcneburg\u00a0<\/strong>(bis September 1944)<\/td>\n<\/tr>\n<tr>\n<td>\n<p class=\"tiny_p\">\u00a01943-44<\/p>\n<\/td>\n<td>\n<p class=\"tiny_p\">\u00a0im Alter von 15 bzw. 16 Jahren vom 1. 4. 1943 &#8211; 30. 9. 1944 als Luftwaffenhelfer eingesetzt<\/p>\n<\/td>\n<\/tr>\n<tr>\n<td>\u00a01945<\/td>\n<td>\u00a0Kurze amerikanische Kriegsgefangenschaft<\/td>\n<\/tr>\n<tr>\n<td>\u00a01945-46<\/td>\n<td>\u00a0Luhmann holt in einem so genannnten &#8222;\u00dcbergangskursus f\u00fcr Kriegsteilnehmer&#8220; das\u00a0<strong>Abitur am Johanneum<\/strong>\u00a0nach<\/td>\n<\/tr>\n<tr>\n<td>\u00a01946-49<\/td>\n<td>\u00a0Studium der Rechtswissenschaften in Freiburg und Referendarausbildung<\/td>\n<\/tr>\n<tr>\n<td>1952-53<\/td>\n<td>Luhmann beginnt mit dem Aufbau seiner ber\u00fchmten Zettelk\u00e4sten<\/td>\n<\/tr>\n<tr>\n<td>1954<\/td>\n<td>Verwaltungsbeamter am Oberverwaltungsgericht L\u00fcneburg<\/td>\n<\/tr>\n<tr>\n<td>1955-62<\/td>\n<td>Landtagsreferent im nieders\u00e4chsischen Kultusministerium<\/td>\n<\/tr>\n<tr>\n<td>1960<\/td>\n<td>Heirat mit Ursula von Walter<\/td>\n<\/tr>\n<tr>\n<td>1960-61<\/td>\n<td>Beurlaubung zum Studium an der Harvard-Universit\u00e4t bei Talcott Parsons<\/td>\n<\/tr>\n<tr>\n<td>1962-65<\/td>\n<td>Referent am Forschungsinstitut der Hochschule f\u00fcr Verwaltungswissenschaften in Speyer<\/td>\n<\/tr>\n<tr>\n<td>1964<\/td>\n<td>Ver\u00f6ffentlichung seines ersten Buches: Funktionen und Folgen formaler Organisation<\/td>\n<\/tr>\n<tr>\n<td>1965<\/td>\n<td>Luhmann wird von Helmut Schelsky als Abteilungsleiter an die Sozialforschungsstelle Dortmund geholt<\/td>\n<\/tr>\n<tr>\n<td>1966<\/td>\n<td>Das Buch von 1964 sowie der Band Recht und Automation in der \u00d6ffentlichen Verwaltung werden als Dissertation und Habilitation an der Universit\u00e4t M\u00fcnster bei Helmut Schelsky und Dieter Claessens angenommen<\/td>\n<\/tr>\n<tr>\n<td>1967<\/td>\n<td>Unter dem Titel \u00bbSoziologische Aufkl\u00e4rung\u00ab h\u00e4lt Luhmann in M\u00fcnster seine\u00a0 Antrittsvorlesung<\/td>\n<\/tr>\n<tr>\n<td>1968<\/td>\n<td>Professor f\u00fcr Soziologie an der neugegr\u00fcndeten Reformuniversit\u00e4t Bielefeld<\/td>\n<\/tr>\n<tr>\n<td>1971<\/td>\n<td>Habermas und Luhmann ver\u00f6ffentlichen gemeinsam ihren Kontroversen-Band &#8222;Theorie der Gesellschaft oder Sozialtechnologie &#8211; Was leistet die Systemforschung?&#8220;<\/td>\n<\/tr>\n<tr>\n<td>1984<\/td>\n<td>Luhmanns Hauptwerk &#8222;Soziale Systeme&#8220; erscheint<\/td>\n<\/tr>\n<tr>\n<td>1988<\/td>\n<td>Luhmann erh\u00e4lt den Hegel-Preis der Stadt Stuttgart<\/td>\n<\/tr>\n<tr>\n<td>1993<\/td>\n<td>\u00a0Emeritierung Luhmanns (Ende des Wintersemesters 1992\/93)<\/td>\n<\/tr>\n<tr>\n<td>1998<\/td>\n<td>Niklas Luhmann stirbt am 6. November 1998 in Oerlinghausen bei Bielefeld<\/td>\n<\/tr>\n<\/tbody>\n<\/table>\n<p class=\"tiny_p\">\u00a0(Literatur: Walter Reese-Sch\u00e4fer,\u00a0 Niklas Luhmann zur Einf\u00fchrung, Junius Verlag Hamburg 1999 3. Aufl.;\u00a0 Detlef Horster. Niklas Luhmann, Beck&#8217;sche Reihe Denker Nr. 538, Verlag C.H.Beck M\u00fcnchen 1997)<\/p>\n<h4 class=\"tiny_p\"><strong>Seine Bedeutung als Sozialwissenschaftler (Brockhaus 1991):<\/strong><\/h4>\n<p class=\"tiny_p\">Luhmann, Niklas, Rechts- und Sozialwissenschaftler, *L\u00fcneburg 8. 12. 1927; seit 1968 Prof. f\u00fcr Soziologie in Bielefeld;<br \/>\nVertreter der strukturell-funktionalen Theorie, die er zu einer sozialwissenschaftlichen Systemtheorie fortentwickelte. Diese versucht, die gesamte Wirklichkeit im Rahmen einer universalen theoretischen Konstruktion zu erfassen, wobei die Gesamtwelt in einer Vielfalt\u00a0 von sozial integrierten (log.) Systemen erscheint. Deren Aufgabe besteht darin, die Vielfalt der Erscheinungen in Sinnbez\u00fcgen zu gliedern. Luhmann hat seine Theorie, die wegen ihrer rationalistischen und einseitig funktionalen Betrachtungsweise kontrovers diskutiert wird, in \u00fcber 30 B\u00fcchern (insbesondere in &gt;Soziale Systeme. Grundri\u00df einer allgemeinen Theorie&lt;, 1984) und zahlreichen Aufs\u00e4tzen dargelegt.<\/p>\n<p class=\"tiny_p\">Weitere Werke: Soziolog. Aufkl\u00e4rung, 4 Bde. (1970-87); Rechtssoziologie, 2Bde. (1972); Macht (1975); Funktion der Religion (1977); Gesellschaftsstruktur u. Semantik: Studien zur Wissenschaftssoziologie der modernen Gesellschaft, 3Bde. (1980-89): Polit. Theorie im Wohlfahrtsstaat (1981).<\/p>\n<\/div><\/div><\/div><\/div><\/div><div class=\"w-tabs-section\" id=\"j1ce\"><button class=\"w-tabs-section-header\" aria-controls=\"content-j1ce\" aria-expanded=\"false\"><div class=\"w-tabs-section-title\">Claus von Amsberg 1926-2002<\/div><div class=\"w-tabs-section-control\"><\/div><\/button><div  class=\"w-tabs-section-content\" id=\"content-j1ce\"><div class=\"w-tabs-section-content-h i-cf\"><div class=\"g-cols wpb_row via_flex valign_top type_default stacking_default\"><div class=\"vc_col-sm-4 wpb_column vc_column_container\"><div class=\"vc_column-inner\"><div class=\"wpb_wrapper\"><div class=\"w-image align_center\"><div class=\"w-image-h\"><img loading=\"lazy\" decoding=\"async\" width=\"252\" height=\"300\" src=\"https:\/\/johanneum-lueneburg.de\/wordpress\/wp-content\/uploads\/2023\/02\/amsberg.g-252x300.jpg\" class=\"attachment-medium size-medium\" alt=\"\" srcset=\"https:\/\/johanneum-lueneburg.de\/wordpress\/wp-content\/uploads\/2023\/02\/amsberg.g-252x300.jpg 252w, https:\/\/johanneum-lueneburg.de\/wordpress\/wp-content\/uploads\/2023\/02\/amsberg.g-336x400.jpg 336w, https:\/\/johanneum-lueneburg.de\/wordpress\/wp-content\/uploads\/2023\/02\/amsberg.g-97x116.jpg 97w, https:\/\/johanneum-lueneburg.de\/wordpress\/wp-content\/uploads\/2023\/02\/amsberg.g.jpg 344w\" sizes=\"auto, (max-width: 252px) 100vw, 252px\" \/><\/div><\/div><div class=\"wpb_text_column\"><div class=\"wpb_wrapper\"><p style=\"text-align: center;\">Foto: FotobureauThuring BV copyright RLD<\/p>\n<\/div><\/div><\/div><\/div><\/div><div class=\"vc_col-sm-8 wpb_column vc_column_container\"><div class=\"vc_column-inner\"><div class=\"wpb_wrapper\"><div class=\"wpb_text_column\"><div class=\"wpb_wrapper\"><h4 class=\"tiny_p\">6. 9. 1926 &#8211; 6. 10. 2002<\/h4>\n<h5>Diplomat, Prinz der Niederlande<br \/>\nund Ehegemahl der niederl\u00e4ndischen K\u00f6nigin Beatrix<\/h5>\n<\/div><\/div><div class=\"w-separator size_medium\"><\/div><div class=\"w-btn-wrapper align_none\"><a class=\"w-btn us-btn-style_1\" title=\"Claus von Amsberg: Detailinformationen\" href=\"https:\/\/johanneum-lueneburg.de\/wordpress\/claus-von-amsberg-detailinformationen\/\"><span class=\"w-btn-label\">Claus von Amsberg: Detailinformationen<\/span><\/a><\/div><\/div><\/div><\/div><\/div><div class=\"w-separator size_medium\"><\/div><div class=\"wpb_text_column\"><div class=\"wpb_wrapper\"><table border=\"0\" cellpadding=\"5\">\n<tbody>\n<tr>\n<td><strong>1926<\/strong><\/td>\n<td>Am 6.9. 1926 wurde Claus von Amsberg in D\u00f6tzingen bei Hitzacker\/Elbe als Sohn des ehemaligen Gutsverwalters Claus Felix von Amsberg und der G\u00f6sta Freiin von dem Bussche- Haddenhausen geboren.<\/td>\n<\/tr>\n<tr>\n<td><strong>1929<\/strong><\/td>\n<td>Die Familie \u00fcbersiedelte in die britische Kolonie Tanganjika, wo der Vater Sisalplantagen pachtete. Dort ging Claus v. Amsberg zun\u00e4chst zur Schule.<\/td>\n<\/tr>\n<tr>\n<td><strong>1934-36<\/strong><\/td>\n<td>Schulzeit in Bad Doberan (Mecklenburg); danach in einem Internat in Lushoto in Tanganjika<\/td>\n<\/tr>\n<tr>\n<td><strong>1938<\/strong><\/td>\n<td>Erneuter Schulwechsel in das Internat Misdroy (Ostsee), w\u00e4hrend die Familie ab 1939 mit Beginn des Zweiten Weltkrieges in Afrika von den Engl\u00e4ndern interniert wurde.<\/td>\n<\/tr>\n<tr>\n<td><strong>1942-44<\/strong><\/td>\n<td>Seit Dezember 1942 wurde Claus v. Amsberg als Flakhelfer der Marine in Ostswine eingesetzt und im Sommer 1944 als Soldat nach Neuruppin (Brandenburg) eingezogen.<\/td>\n<\/tr>\n<tr>\n<td><strong>1945<\/strong><\/td>\n<td>Noch 1945 wurde er f\u00fcr zwei Monate in Italien als Soldat bei der 90. Panzergrenadierdivision eingesetzt, bevor er am Ende des Krieges in amerikanische Gefangenschaft geriet.<\/td>\n<\/tr>\n<tr>\n<td><strong>1946<\/strong><\/td>\n<td>Claus von Amsberg besuchte einen sogenannten \u00dcbergangskursus am\u00a0<strong>Johanneum<\/strong>\u00a0in L\u00fcneburg , um das Abitur nachzuholen. Danach begann er ein Jurastudium in Hamburg.<\/td>\n<\/tr>\n<tr>\n<td><strong>1957-65<\/strong><\/td>\n<td>Claus von Amsberg war als Diplomat f\u00fcr das Ausw\u00e4rtige Amt der Bundesrepublik t\u00e4tig; er galt als Spezialist f\u00fcr Afrika-Fragen.<\/td>\n<\/tr>\n<tr>\n<td><strong>1965<\/strong><\/td>\n<td>Verlobung mit der Kronprinzessin der Niederlande, Beatrix.<\/td>\n<\/tr>\n<tr>\n<td><strong>1966<\/strong><\/td>\n<td>Am 10.3.1966 fand die Hochzeit in Amsterdam statt.<\/td>\n<\/tr>\n<tr>\n<td><strong>1967<\/strong><\/td>\n<td>Geburt des niederl\u00e4ndischen Thronfolgers Willem Alexander<\/td>\n<\/tr>\n<tr>\n<td><strong>1980<\/strong><\/td>\n<td>Inthronisation von Prinzessin Beatrix zur K\u00f6nigin der Niederlande; Claus von Amsberg tr\u00e4gt den Titel &#8222;Prinz der Niederlande&#8220; und wird mit &#8222;Seine k\u00f6nigliche Hoheit&#8220; angeredet.<\/td>\n<\/tr>\n<tr>\n<td><strong>2002<\/strong><\/td>\n<td>Im Februar: Hochzeit des Kronprinzen Willem-Alexander mit der Argentinierin Maxima Zorreguita<\/td>\n<\/tr>\n<tr>\n<td><strong>2002<\/strong><\/td>\n<td>Am 6.10. 2002 verstarb Prinz Claus im Alter von 76 Jahren im Beisein seiner Familie im Universit\u00e4tskrankenhaus von Amsterdam an den Folgen der Parkinsonschen Krankheit und einer Lungenentz\u00fcndung. Die Beisetzung erfolgte am 15.10.02 in Delft in der Familiengruft der Oranier.<\/td>\n<\/tr>\n<\/tbody>\n<\/table>\n<\/div><\/div><\/div><\/div><\/div><div class=\"w-tabs-section\" id=\"a9f9\"><button class=\"w-tabs-section-header\" aria-controls=\"content-a9f9\" aria-expanded=\"false\"><div class=\"w-tabs-section-title\">Ekkehard Jost 1938-2017<\/div><div class=\"w-tabs-section-control\"><\/div><\/button><div  class=\"w-tabs-section-content\" id=\"content-a9f9\"><div class=\"w-tabs-section-content-h i-cf\"><div class=\"g-cols wpb_row via_flex valign_top type_default stacking_default\"><div class=\"vc_col-sm-4 wpb_column vc_column_container\"><div class=\"vc_column-inner\"><div class=\"wpb_wrapper\"><div class=\"w-image align_left\"><div class=\"w-image-h\"><img loading=\"lazy\" decoding=\"async\" width=\"297\" height=\"250\" src=\"https:\/\/johanneum-lueneburg.de\/wordpress\/wp-content\/uploads\/2023\/02\/jostg.jpg\" class=\"attachment-medium size-medium\" alt=\"\" srcset=\"https:\/\/johanneum-lueneburg.de\/wordpress\/wp-content\/uploads\/2023\/02\/jostg.jpg 297w, https:\/\/johanneum-lueneburg.de\/wordpress\/wp-content\/uploads\/2023\/02\/jostg-138x116.jpg 138w\" sizes=\"auto, (max-width: 297px) 100vw, 297px\" \/><\/div><\/div><\/div><\/div><\/div><div class=\"vc_col-sm-8 wpb_column vc_column_container\"><div class=\"vc_column-inner\"><div class=\"wpb_wrapper\"><div class=\"wpb_text_column\"><div class=\"wpb_wrapper\"><p><strong>Musikwissenschaftler, <\/strong><strong>Komponist, Jazzmusiker<\/strong><\/p>\n<\/div><\/div><\/div><\/div><\/div><\/div><div class=\"w-separator size_medium\"><\/div><div class=\"wpb_text_column\"><div class=\"wpb_wrapper\"><table border=\"0\" cellpadding=\"5\">\n<tbody>\n<tr>\n<td width=\"15%\"><strong>1938<\/strong><\/td>\n<td width=\"75%\">Ekkehard Jost wurde am 22.1. 1938 in Breslau<br \/>\nals Sohn des Archivars Rolf Jost geboren<\/td>\n<\/tr>\n<tr>\n<td><strong>1953- 59<\/strong><\/td>\n<td>nach dem Besuch der Realschule in Lauenburg\u00a0<strong>Besuch des Johanneums in L\u00fcneburg bis zum Abitur<\/strong><\/td>\n<\/tr>\n<tr>\n<td><strong>1959- 65<\/strong><\/td>\n<td>Studium der Musikwissenschaft, Physik und Psychologie an der Universit\u00e4t Hamburg<\/td>\n<\/tr>\n<tr>\n<td><strong>1965<\/strong><\/td>\n<td>Promotion \u00fcber &#8222;Akustische und psychometrische Untersuchungen an Klarinettenkl\u00e4ngen&#8220; (K\u00f6ln 1967)<\/td>\n<\/tr>\n<tr>\n<td><strong>1966- 72<\/strong><\/td>\n<td>Wissenschaftlicher Assistent am Staatlichen Institut f\u00fcr Musikforschung Berlin<\/td>\n<\/tr>\n<tr>\n<td><strong>1973<\/strong><\/td>\n<td>Habilitation mit einer Arbeit \u00fcber den Free Jazz und Berufung zum Professor f\u00fcr Musikwissenschaft an der Justus- Liebig- Universit\u00e4t Gie\u00dfen ; Leitung des Instituts f\u00fcr Musikwissenschaft und Musikp\u00e4dagogik der Universit\u00e4t Gie\u00dfen; Lehrauftr\u00e4ge an zahlreichen weiteren Hochschulen<\/td>\n<\/tr>\n<tr>\n<td><strong>Seit 1968<\/strong><\/td>\n<td>Mitglied im Wissenschaftlichen Beirat der Internationalen Gesellschaft f\u00fcr Jazzforschung<\/td>\n<\/tr>\n<tr>\n<td><strong>1980- 90<\/strong><\/td>\n<td>im Vorstand und 1989 &#8211; 92 Vorsitzender des Instituts f\u00fcr Neue Musik und Musikerziehung (Darmstadt)<\/td>\n<\/tr>\n<tr>\n<td><strong>2000<\/strong><\/td>\n<td>Auszeichnung mit dem Hessischen Jazzpreis<\/td>\n<\/tr>\n<\/tbody>\n<\/table>\n<p>Ekkehard Jost starb am 23. M\u00e4rz 2017 in Marburg.<\/p>\n<p class=\"tiny_p\">Ekkehard Jost begleitete und pr\u00e4gte als Baritonsaxophonist, Wissenschaftler und Publizist seit den 60er Jahren den deutschen und europ\u00e4ischen Jazz und spielte mit fast allen wichtigen Jazzmusikern Europas. Den von ihm favorisierten Free Jazz versteht er nicht festgelegte Stilrichtung, sondern als Er\u00f6ffnung von M\u00f6glichkeiten. Er selbst definiert seine Musik als &#8222;kompositorisch geb\u00e4ndigte Form des Free Jazz, wobei free f\u00fcr mich vor allem \u201aFreiheit der Wahl&#8216; bedeutet&#8220;. Die folgende Aufz\u00e4hlung dokumentiert die vielf\u00e4ltigen musikalischen Projekte Ekkehard Josts:<\/p>\n<ul>\n<li>1973 Free Jazz Band Grumpff,<\/li>\n<li>1975 Jazzinitiative Gie\u00dfen,<\/li>\n<li>1983 Formation Amman Boutz,<\/li>\n<li>seit 1993 Transalpin Express Orchestra mit Pino Minafra,<\/li>\n<li>1993 Quintett Chromatic Alarm<\/li>\n<\/ul>\n<p class=\"tiny_p\"><strong>Diskographie (Auswahl):<\/strong><\/p>\n<ul>\n<li>Wetterau 1978, Amman Boutz 1989, Weimarer Balladen 1991, Von Zeit zu Zeit 1993, Wintertango 1998<\/li>\n<\/ul>\n<ul>\n<li>Zahlreiche Ver\u00f6ffentlichungen u.a.:\n<ul>\n<li>Free Jazz , Mainz 1975 (New York 1982, Hofheim 2002, Paris 2002);<\/li>\n<li>Sozialgeschichte des Jazz in den USA 1982 (erweiterte Neuausgabe Frankfurt 2003);<\/li>\n<li>Europas Jazz 1960- 80 , Frankfurt 1987<\/li>\n<\/ul>\n<\/li>\n<\/ul>\n<\/div><\/div><\/div><\/div><\/div><div class=\"w-tabs-section\" id=\"rea2\"><button class=\"w-tabs-section-header\" aria-controls=\"content-rea2\" aria-expanded=\"false\"><div class=\"w-tabs-section-title\">Eberhard von Koerber *1938<\/div><div class=\"w-tabs-section-control\"><\/div><\/button><div  class=\"w-tabs-section-content\" id=\"content-rea2\"><div class=\"w-tabs-section-content-h i-cf\"><div class=\"w-image align_left\"><div class=\"w-image-h\"><img loading=\"lazy\" decoding=\"async\" width=\"165\" height=\"235\" src=\"https:\/\/johanneum-lueneburg.de\/wordpress\/wp-content\/uploads\/2023\/02\/eberhard_von_koerber.jpg\" class=\"attachment-medium size-medium\" alt=\"\" srcset=\"https:\/\/johanneum-lueneburg.de\/wordpress\/wp-content\/uploads\/2023\/02\/eberhard_von_koerber.jpg 165w, https:\/\/johanneum-lueneburg.de\/wordpress\/wp-content\/uploads\/2023\/02\/eberhard_von_koerber-81x116.jpg 81w\" sizes=\"auto, (max-width: 165px) 100vw, 165px\" \/><\/div><\/div><div class=\"wpb_text_column\"><div class=\"wpb_wrapper\"><p><strong>Unternehmer<\/strong><\/p>\n<table border=\"0\" cellpadding=\"5\">\n<tbody>\n<tr>\n<td><strong>1938<\/strong><\/td>\n<td>\u00a0am 11. Juni 1938 in Stade als Sohn des Regierungsrates<br \/>\nGernot von Koerber geboren.<\/td>\n<\/tr>\n<tr>\n<td><strong>1950 &#8211; 58<\/strong><\/td>\n<td>\u00a0<strong>Besuch des Johanneums in L\u00fcneburg<\/strong>\u00a0bis zum Abitur (altsprachl. Zweig)<\/td>\n<\/tr>\n<tr>\n<td><strong>bis 1967<\/strong><\/td>\n<td>\u00a0Studium der Rechtswissenschaften und Volkswirtschaft in Heidelberg, Lausanne und G\u00f6ttingen;<\/td>\n<\/tr>\n<tr>\n<td><strong>1967<\/strong><\/td>\n<td>Promotion zum Dr. jur. (Diss.&#8220;Die Staatstheorie des Erasmus von Rotterdam&#8220;); 2. juristisches Staatsexamen in Berlin<\/td>\n<\/tr>\n<tr>\n<td><strong>1967- 72<\/strong><\/td>\n<td>Glanzstoff AG (sp\u00e4ter Enka AG) in Wuppertal, Assistent des Vorstandsvorsitzenden<\/td>\n<\/tr>\n<tr>\n<td><strong>1972- 86<\/strong><\/td>\n<td>leitende Funktionen bei BMW in Deutschland, den USA und in S\u00fcdafrika, ab\u00a0<strong>1984<\/strong>\u00a0Mitglied des Vorstandes<\/td>\n<\/tr>\n<tr>\n<td><strong>1986- 88<\/strong><\/td>\n<td>Mitglied der Konzernleitung der Brown Boveri AG in Baden, Schweiz;<\/td>\n<\/tr>\n<tr>\n<td><strong>1988- 94<\/strong><\/td>\n<td>Vorstandsvorsitzender der Asean Brown Boveri AG (ABB) in Mannheim<\/td>\n<\/tr>\n<tr>\n<td><strong>1991- 93<\/strong><\/td>\n<td>Ehrenamtlicher Pr\u00e4sident des Zentralverbandes der elektrotechnischen Industrie (ZVEI)<\/td>\n<\/tr>\n<tr>\n<td><strong>1992- 94<\/strong><\/td>\n<td>Vizepr\u00e4sident des Bundesverbandes der Deutschen Industrie (BDI)<\/td>\n<\/tr>\n<tr>\n<td><strong>1988- 98<\/strong><\/td>\n<td>Vizepr\u00e4sident in der ABB- Konzernleitung in Z\u00fcrich, verantwortlich f\u00fcr die Aktivit\u00e4ten in Europa, einschlie\u00dflich Osteuropa, Mittlerer Osten und Afrika<\/td>\n<\/tr>\n<tr>\n<td><strong>1990- 98<\/strong><\/td>\n<td>Mitglied des Beraterkreises der Bundesregierung (Kanzlerrunde) unter Bundeskanzler Helmut Kohl<\/td>\n<\/tr>\n<tr>\n<td valign=\"top\"><strong>1997<\/strong><\/td>\n<td>Gr\u00fcndung der Eberhard von Koerber AG , einer internationalen Investment-, Verm\u00f6gens-, und Unternehmensberatrungsgesellschaft, seit 1999 Pr\u00e4sident des Verwaltungsrates der Eberhard von Koerber AG;<br \/>\nDr. Eberhard von Koerber ist Vorsitzender oder Mitglied von Aufsichts- und Beratungsgremien zahlreicher Unternehmen im In- und Ausland; er war im Aufsichtsrat der Expo 2000.<br \/>\nEr engagiert sich au\u00dferdem f\u00fcr zahlreiche gesellschaftspolitische, soziale und kulturelle\u00a0<strong>Anliegen:<\/strong><\/td>\n<\/tr>\n<tr>\n<td><strong>seit 1999<\/strong><\/td>\n<td>Mitbegr\u00fcnder und Vizepr\u00e4sident des Wittenberg- Zentrums f\u00fcr Globale Ethik;<\/td>\n<\/tr>\n<tr>\n<td><strong>seit 2000<\/strong><\/td>\n<td>Vizepr\u00e4sident des Club of Rome;<\/td>\n<\/tr>\n<tr>\n<td valign=\"top\"><strong>seit 2003<\/strong><\/td>\n<td>\n<p class=\"tiny_p\">Vorsitzender der World Scout Foundation;<\/p>\n<p class=\"tiny_p\">Mitglied des Stiftungsrates der Stiftung Berliner Philharmoniker;<\/p>\n<p class=\"tiny_p\">stellvertr. Vorsitzender des Vorstandes der Orchester- Akademie des Berliner Philharmonischen Orchesters;<\/p>\n<p class=\"tiny_p\">Mitglied des Kuratoriums der Stiftung Herbert von Karajan Osterfestspiele Salzburg;<\/p>\n<p class=\"tiny_p\">Stiftungsrat der F.C. Flick-Stiftung gegen Fremdenfeindlichkeit, Rassismus und Intoleranz, Potsdam.<\/p>\n<\/td>\n<\/tr>\n<\/tbody>\n<\/table>\n<p class=\"tiny_p\"><strong>Auszeichnungen:<\/strong><\/p>\n<ul>\n<li>Bundesverdienstkreuz am Bande,<\/li>\n<li>Bayerischer Verdienstorden,<\/li>\n<li>Nordsternorden des K\u00f6nigreichs Schweden<\/li>\n<\/ul>\n<p class=\"tiny_p\">Dr. Eberhard von Koerber ist verheiratet und hat drei T\u00f6chter. Seine Ehefrau, Dr. Charlotte v. Koerber, ist Pr\u00e4sidentin der Kunsthalle in Z\u00fcrich.<\/p>\n<p id=\"curauthor\" class=\"tiny_p\" style=\"text-align: right;\">Autor: Gerhard Glombik<\/p>\n<\/div><\/div><\/div><\/div><\/div><div class=\"w-tabs-section\" id=\"y8c2\"><button class=\"w-tabs-section-header\" aria-controls=\"content-y8c2\" aria-expanded=\"false\"><div class=\"w-tabs-section-title\">Edzard Schmidt-Jortzig *1941<\/div><div class=\"w-tabs-section-control\"><\/div><\/button><div  class=\"w-tabs-section-content\" id=\"content-y8c2\"><div class=\"w-tabs-section-content-h i-cf\"><div class=\"g-cols wpb_row via_flex valign_top type_default stacking_default\"><div class=\"vc_col-sm-4 wpb_column vc_column_container\"><div class=\"vc_column-inner\"><div class=\"wpb_wrapper\"><div class=\"w-image align_left\"><div class=\"w-image-h\"><img loading=\"lazy\" decoding=\"async\" width=\"198\" height=\"240\" src=\"https:\/\/johanneum-lueneburg.de\/wordpress\/wp-content\/uploads\/2023\/02\/schmidtjortzigk.jpg\" class=\"attachment-medium size-medium\" alt=\"\" srcset=\"https:\/\/johanneum-lueneburg.de\/wordpress\/wp-content\/uploads\/2023\/02\/schmidtjortzigk.jpg 198w, https:\/\/johanneum-lueneburg.de\/wordpress\/wp-content\/uploads\/2023\/02\/schmidtjortzigk-96x116.jpg 96w\" sizes=\"auto, (max-width: 198px) 100vw, 198px\" \/><\/div><\/div><\/div><\/div><\/div><div class=\"vc_col-sm-8 wpb_column vc_column_container\"><div class=\"vc_column-inner\"><div class=\"wpb_wrapper\"><div class=\"wpb_text_column\"><div class=\"wpb_wrapper\"><p>Dr. jur.,<br \/>\nord. Professor f\u00fcr \u00f6ffentl. Recht an der Universit\u00e4t Kiel;<br \/>\nBundesminister der Justiz 1996-98<\/p>\n<\/div><\/div><div class=\"w-separator size_medium\"><\/div><div class=\"w-btn-wrapper align_none\"><a class=\"w-btn us-btn-style_1\" title=\"Edzard Schmidt-Jortzig: Detailinformationen\" href=\"https:\/\/johanneum-lueneburg.de\/wordpress\/edzard-schmidt-jortzig-detailinformationen\/\"><span class=\"w-btn-label\">Edzard Schmidt-Jortzig: Detailinformationen<\/span><\/a><\/div><\/div><\/div><\/div><\/div><div class=\"w-separator size_medium\"><\/div><div class=\"wpb_text_column\"><div class=\"wpb_wrapper\"><table border=\"0\" cellpadding=\"5\">\n<tbody>\n<tr>\n<td><strong>1941<\/strong><\/td>\n<td>Am 8.Okt.1941 in Berlin geboren;<br \/>\nVater: Konteradmiral Friedrich Traugott S., Mutter: Carla geb. Freiin v. Frydag;<\/td>\n<\/tr>\n<tr>\n<td><strong>1943<\/strong><\/td>\n<td>\u00dcbersiedlung der Familie nach L\u00fcneburg<\/td>\n<\/tr>\n<tr>\n<td><strong>1961<\/strong><\/td>\n<td><strong>Abitur am Johanneum in L\u00fcneburg;<\/strong>\u00a0Studium der Rechts- und Staatswissenschaften in Bonn , Lausanne und Kiel<\/td>\n<\/tr>\n<tr>\n<td><strong>1966<\/strong><\/td>\n<td>Erste juristische Staatspr\u00fcfung in Schleswig<\/td>\n<\/tr>\n<tr>\n<td><strong>1968<\/strong><\/td>\n<td>Heirat mit Marion v. Arnim; (aus der Ehe gingen vier Kinder hervor)<\/td>\n<\/tr>\n<tr>\n<td><strong>1969<\/strong><\/td>\n<td>Promotion und zweite juristische Staatspr\u00fcfung in Hannover; T\u00e4tigkeit in der Kommunalverwaltung in G\u00f6ttingen<\/td>\n<\/tr>\n<tr>\n<td><strong>1976<\/strong><\/td>\n<td>Habilitation in G\u00f6ttingen<\/td>\n<\/tr>\n<tr>\n<td><strong>1977<\/strong><\/td>\n<td>Dozent an der Universit\u00e4t G\u00f6ttingen; Professor an der Universit\u00e4t M\u00fcnster<\/td>\n<\/tr>\n<tr>\n<td><strong>seit 1984<\/strong><\/td>\n<td>Ordentlicher Professor f\u00fcr \u00d6ffentliches Recht an der Christian-Albrechts- Universit\u00e4t zu Kiel mit Schwerpunkt Staats- und Kommunalrecht<\/td>\n<\/tr>\n<tr>\n<td><strong>1984-91<\/strong><\/td>\n<td>Richter an zwei Oberverwaltungsgerichten<\/td>\n<\/tr>\n<tr>\n<td><strong>1993-94<\/strong><\/td>\n<td>Richter am Verfassungsgerichtshof in Sachsen<\/td>\n<\/tr>\n<tr>\n<td><strong>seit 1984<\/strong><\/td>\n<td>Mitglied der FDP, bis 1989 verschiedene \u00c4mter im Kreisvorstand der FDP in Kiel und im Landesvorstand Schleswig- Holstein<\/td>\n<\/tr>\n<tr>\n<td><strong>seit 1994<\/strong><\/td>\n<td>Mitglied des Deutschen Bundestages (bis 2002)<\/td>\n<\/tr>\n<tr>\n<td><strong>seit 1997<\/strong><\/td>\n<td>Mitglied der Synode der Evangelischen Kirche Deutschlands<\/td>\n<\/tr>\n<tr>\n<td><strong>1996-98<\/strong><\/td>\n<td>Bundesminister der Justiz<\/td>\n<\/tr>\n<\/tbody>\n<\/table>\n<p class=\"tiny_p\"><strong>Ver\u00f6ffentlichungen:<\/strong><\/p>\n<ul>\n<li>Die Pflicht zur Geschlossenheit der kollegialen Regierung 1973;<\/li>\n<li>Zur Verfassungsm\u00e4\u00dfigkeit von Kreisumlages\u00e4tzen 1977;<\/li>\n<li>Kommunale Organisationshoheit 1979;<\/li>\n<li>Die Einrichtungsgarantien der Verfassung 1979;<\/li>\n<li>Kommunalrecht 1982;<\/li>\n<li>Gemeindliches Eigentum an Meeresh\u00e4fen 1985;<\/li>\n<li>Reform\u00fcberlegungen f\u00fcr die Landessatzung Schleswig-Holstein 1988;<\/li>\n<li>Handbuch des kommunalen Finanz- und Haushaltsrechts (mit J. Makswit) 1991;<\/li>\n<li>Das Ausl\u00e4nderwahlrecht vor dem Bundesverfassungsgericht (mit J. Isensee) 1993.<\/li>\n<\/ul>\n<\/div><\/div><\/div><\/div><\/div><div class=\"w-tabs-section\" id=\"b0d3\"><button class=\"w-tabs-section-header\" aria-controls=\"content-b0d3\" aria-expanded=\"false\"><div class=\"w-tabs-section-title\">Herwig E. Haase *1945<\/div><div class=\"w-tabs-section-control\"><\/div><\/button><div  class=\"w-tabs-section-content\" id=\"content-b0d3\"><div class=\"w-tabs-section-content-h i-cf\"><div class=\"g-cols wpb_row via_flex valign_top type_default stacking_default\"><div class=\"vc_col-sm-4 wpb_column vc_column_container\"><div class=\"vc_column-inner\"><div class=\"wpb_wrapper\"><div class=\"w-image align_left\"><div class=\"w-image-h\"><img loading=\"lazy\" decoding=\"async\" width=\"153\" height=\"220\" src=\"https:\/\/johanneum-lueneburg.de\/wordpress\/wp-content\/uploads\/2023\/02\/herwig_e._haase.jpg\" class=\"attachment-medium size-medium\" alt=\"\" srcset=\"https:\/\/johanneum-lueneburg.de\/wordpress\/wp-content\/uploads\/2023\/02\/herwig_e._haase.jpg 153w, https:\/\/johanneum-lueneburg.de\/wordpress\/wp-content\/uploads\/2023\/02\/herwig_e._haase-81x116.jpg 81w\" sizes=\"auto, (max-width: 153px) 100vw, 153px\" \/><\/div><\/div><\/div><\/div><\/div><div class=\"vc_col-sm-8 wpb_column vc_column_container\"><div class=\"vc_column-inner\"><div class=\"wpb_wrapper\"><div class=\"wpb_text_column\"><div class=\"wpb_wrapper\"><p>Prof. f\u00fcr Volkswirtschaftslehre,<br \/>\nPolitiker<\/p>\n<\/div><\/div><\/div><\/div><\/div><\/div><div class=\"w-separator size_medium\"><\/div><div class=\"wpb_text_column\"><div class=\"wpb_wrapper\"><table border=\"0\" cellpadding=\"5\">\n<tbody>\n<tr>\n<td width=\"15%\"><strong>1945<\/strong><\/td>\n<td width=\"75%\">geb. am 15. Januar 1945 in Hohensalza\/Westpreu\u00dfen bei Bromberg (heute Inowroclaw) als Sohn des Arztes Dr. Erhard Haase (vermisst) und seiner Ehefrau Ella (Lehrerin)<\/td>\n<\/tr>\n<tr>\n<td><strong>1955- 64<\/strong><\/td>\n<td><strong>Besuch des Johanneums in L\u00fcneburg bis zum Abitur<\/strong><\/td>\n<\/tr>\n<tr>\n<td><strong>1964<\/strong><\/td>\n<td>Studium der Wirtschafts- und Sozialwissenschaften an der FU Berlin<\/td>\n<\/tr>\n<tr>\n<td><strong>1967<\/strong><\/td>\n<td>Diplomvolkswirt<\/td>\n<\/tr>\n<tr>\n<td><strong>1976<\/strong><\/td>\n<td>Promotion<\/td>\n<\/tr>\n<tr>\n<td><strong>1977-90<\/strong><\/td>\n<td>Wissenschaftlicher Mitarbeiter am Osteuropa- Institut der FU Berlin<\/td>\n<\/tr>\n<tr>\n<td><strong>seit 1983<\/strong><\/td>\n<td>Mitglied im Berliner Abgeordnetenhaus (CDU- Fraktion)<\/td>\n<\/tr>\n<tr>\n<td><strong>1987<\/strong><\/td>\n<td>Habilitation an der FU Berlin<\/td>\n<\/tr>\n<tr>\n<td><strong>1990<\/strong><\/td>\n<td>Professor f\u00fcr Volkswirtschaftslehre an der ESCP- EAP Europ\u00e4ische Wirtschaftshochschule Berlin<\/td>\n<\/tr>\n<tr>\n<td><strong>1991<\/strong><\/td>\n<td>Senator f\u00fcr Verkehr und Betriebe in der Gro\u00dfen Koalition unter dem regierenden B\u00fcrgermeister Eberhard Diepgen (CDU)<\/td>\n<\/tr>\n<tr>\n<td><strong>1995-99<\/strong><\/td>\n<td>Pr\u00e4sident des Berliner Abgeordnetenhauses<\/td>\n<\/tr>\n<tr>\n<td><strong>1999<\/strong><\/td>\n<td>Prorektor der ESCP- EAP Europ\u00e4ische Wirtschaftshochschule Berlin<\/td>\n<\/tr>\n<tr>\n<td><strong>2000<\/strong><\/td>\n<td>Rektor der ESCP- EAP Europ\u00e4ische Wirtschaftshochschule Berlin<\/td>\n<\/tr>\n<\/tbody>\n<\/table>\n<ul>\n<li>Pr\u00e4sident der Studienstiftung des Abgeordnetenhauses von Berlin<\/li>\n<li>Verein f\u00fcr Sozialpolitik<\/li>\n<li>Deutsche Gesellschaft f\u00fcr Osteuropakunde<\/li>\n<\/ul>\n<p class=\"tiny_p\">Dr. Herwig E. Haase ist verheiratet, hat 2 Kinder und 2 Enkelkinder.<\/p>\n<p class=\"tiny_p\"><strong>Ver\u00f6ffentlichungen:<\/strong><\/p>\n<ul>\n<li>Hauptsteuern im sozialistischen Wirtschaftssystem 1980Development Trends in the GDR Economy during the 1980s (1980)<\/li>\n<li>Das Wirtschaftssystem der DDR . Eine Einf\u00fchrung (1990, 2. Aufl.)<\/li>\n<\/ul>\n<\/div><\/div><\/div><\/div><\/div><div class=\"w-tabs-section\" id=\"i89c\"><button class=\"w-tabs-section-header\" aria-controls=\"content-i89c\" aria-expanded=\"false\"><div class=\"w-tabs-section-title\">Ulrich Sinn *1945<\/div><div class=\"w-tabs-section-control\"><\/div><\/button><div  class=\"w-tabs-section-content\" id=\"content-i89c\"><div class=\"w-tabs-section-content-h i-cf\"><div class=\"g-cols wpb_row via_flex valign_top type_default stacking_default\"><div class=\"vc_col-sm-4 wpb_column vc_column_container\"><div class=\"vc_column-inner\"><div class=\"wpb_wrapper\"><div class=\"w-image align_left\"><div class=\"w-image-h\"><img loading=\"lazy\" decoding=\"async\" width=\"243\" height=\"300\" src=\"https:\/\/johanneum-lueneburg.de\/wordpress\/wp-content\/uploads\/2023\/02\/sinn_museum-243x300.jpg\" class=\"attachment-medium size-medium\" alt=\"\" srcset=\"https:\/\/johanneum-lueneburg.de\/wordpress\/wp-content\/uploads\/2023\/02\/sinn_museum-243x300.jpg 243w, https:\/\/johanneum-lueneburg.de\/wordpress\/wp-content\/uploads\/2023\/02\/sinn_museum-324x400.jpg 324w, https:\/\/johanneum-lueneburg.de\/wordpress\/wp-content\/uploads\/2023\/02\/sinn_museum-94x116.jpg 94w, https:\/\/johanneum-lueneburg.de\/wordpress\/wp-content\/uploads\/2023\/02\/sinn_museum.jpg 365w\" sizes=\"auto, (max-width: 243px) 100vw, 243px\" \/><\/div><\/div><\/div><\/div><\/div><div class=\"vc_col-sm-8 wpb_column vc_column_container\"><div class=\"vc_column-inner\"><div class=\"wpb_wrapper\"><div class=\"wpb_text_column\"><div class=\"wpb_wrapper\"><p>Professor f\u00fcr Klassische Arch\u00e4ologie<\/p>\n<\/div><\/div><\/div><\/div><\/div><\/div><div class=\"w-separator size_medium\"><\/div><div class=\"wpb_text_column\"><div class=\"wpb_wrapper\"><table border=\"0\" cellpadding=\"5\">\n<tbody>\n<tr>\n<td width=\"15%\"><strong>1945\u00a0<\/strong><\/td>\n<td width=\"75%\">Ulrich Sinn wird am 4.10. 1945 in Bad Bevensen (bei L\u00fcneburg) geboren<\/td>\n<\/tr>\n<tr>\n<td><strong>1956- 65<\/strong><\/td>\n<td><strong>Besuch des Johanneums in L\u00fcneburg bis zum Abitur<\/strong><\/td>\n<\/tr>\n<tr>\n<td><strong>1965- 67<\/strong><\/td>\n<td>Bundeswehr<\/td>\n<\/tr>\n<tr>\n<td><strong>1967- 68<\/strong><\/td>\n<td>Studium der P\u00e4dagogik in Karlsruhe;<br \/>\nanschlie\u00dfend Studium der Klassischen Arch\u00e4ologie, Alte Geschichte, Kunstgeschichte \u00fcberwiegend in Freiburg i.Br.; Studienaufenthalte in Athen und in Olympia<\/td>\n<\/tr>\n<tr>\n<td><strong>1975<\/strong><\/td>\n<td>Promotion bei Prof. W. H. Schuchardt (Die \u201aHomerischen&#8216; Becher. Hellenistische Reliefkeramik aus Makedonien)<\/td>\n<\/tr>\n<tr>\n<td><strong>1976-79<\/strong><\/td>\n<td>Referent am Deutschen Arch\u00e4ologischen Institut Athen; Mitwirkung an Ausgrabungen im Heraion von Samos<\/td>\n<\/tr>\n<tr>\n<td><strong>1979-84<\/strong><\/td>\n<td>Wissenschaftlicher Assistent am Arch\u00e4ologischen Institut der Universit\u00e4t Bonn<\/td>\n<\/tr>\n<tr>\n<td><strong>1985-91<\/strong><\/td>\n<td>Referent am deutschen Arch\u00e4ologischen Institut als \u00f6rtlicher Leiter der Grabungen in Olympia; Lehrt\u00e4tigkeit an verschiedenen internationalen Institutionen in Athen<\/td>\n<\/tr>\n<tr>\n<td><strong>1989<\/strong><\/td>\n<td>Habilitation an der Universit\u00e4t Bonn (Die griechischen Heiligt\u00fcmer als St\u00e4tten der Hikesie)<\/td>\n<\/tr>\n<tr>\n<td><strong>1992- 94<\/strong><\/td>\n<td>Professor f\u00fcr Klassische Arch\u00e4ologie an der Universit\u00e4t Augsburg seit 1994 Inhaber des Lehrstuhls f\u00fcr Klassische Arch\u00e4ologie an der Universit\u00e4t W\u00fcrzburg und Leiter des Martin von Wagner Museums<\/td>\n<\/tr>\n<tr>\n<td><strong>seit 2003<\/strong><\/td>\n<td>Vizepr\u00e4sident der Universit\u00e4t W\u00fcrzburg<\/td>\n<\/tr>\n<\/tbody>\n<\/table>\n<p class=\"tiny_p\"><strong>Ver\u00f6ffentlichungen:<\/strong><\/p>\n<ul>\n<li>Zahlreiche Ver\u00f6ffentlichungen u.a.: Olympia. Sport, Kult und Fest in der Antike , Bayrisches Fernsehen 2001<\/li>\n<li>Das antike Olympia. G\u00f6tter , Spiel\u00a0 und Kunst.\u00a0\u00a0 C.H. Beck M\u00fcnchen\u00a0 2004<\/li>\n<\/ul>\n<\/div><\/div><\/div><\/div><\/div><div class=\"w-tabs-section\" id=\"l054\"><button class=\"w-tabs-section-header\" aria-controls=\"content-l054\" aria-expanded=\"false\"><div class=\"w-tabs-section-title\">Ulrich Fischer 1949 &#8211; 2020<\/div><div class=\"w-tabs-section-control\"><\/div><\/button><div  class=\"w-tabs-section-content\" id=\"content-l054\"><div class=\"w-tabs-section-content-h i-cf\"><div class=\"g-cols wpb_row via_flex valign_top type_default stacking_default\"><div class=\"vc_col-sm-4 wpb_column vc_column_container\"><div class=\"vc_column-inner\"><div class=\"wpb_wrapper\"><div class=\"w-image align_left\"><div class=\"w-image-h\"><img loading=\"lazy\" decoding=\"async\" width=\"153\" height=\"200\" src=\"https:\/\/johanneum-lueneburg.de\/wordpress\/wp-content\/uploads\/2023\/02\/4423c464dbc74f3b9243f501116cabb1_fischer.jpg\" class=\"attachment-medium size-medium\" alt=\"\" srcset=\"https:\/\/johanneum-lueneburg.de\/wordpress\/wp-content\/uploads\/2023\/02\/4423c464dbc74f3b9243f501116cabb1_fischer.jpg 153w, https:\/\/johanneum-lueneburg.de\/wordpress\/wp-content\/uploads\/2023\/02\/4423c464dbc74f3b9243f501116cabb1_fischer-89x116.jpg 89w\" sizes=\"auto, (max-width: 153px) 100vw, 153px\" \/><\/div><\/div><\/div><\/div><\/div><div class=\"vc_col-sm-8 wpb_column vc_column_container\"><div class=\"vc_column-inner\"><div class=\"wpb_wrapper\"><div class=\"wpb_text_column\"><div class=\"wpb_wrapper\"><p>Theologe, Evangelischer Landesbischof in Baden<\/p>\n<\/div><\/div><\/div><\/div><\/div><\/div><div class=\"w-separator size_medium\"><\/div><div class=\"wpb_text_column\"><div class=\"wpb_wrapper\"><table border=\"0\" cellpadding=\"5\">\n<tbody>\n<tr>\n<td width=\"15%\"><strong>1949<\/strong><\/td>\n<td width=\"75%\">Ulrich Fischer wurde am 11. 2. 1949 in L\u00fcneburg\u00a0 als Sohn eines Volksschulrektors geboren und wuchs in Stelle ( Kreis Harburg) auf.<\/td>\n<\/tr>\n<tr>\n<td><strong>1959- 60<\/strong><\/td>\n<td>Nach der Volksschule in Stelle (1955-59)\u00a0<strong>Besuch des Johanneums in L\u00fcneburg<\/strong><\/td>\n<\/tr>\n<tr>\n<td><strong>1960- 67<\/strong><\/td>\n<td>Besuch des Gymnasiums in Winsen bis zum Abitur; anschlie\u00dfend Grundwehrdienst<\/td>\n<\/tr>\n<tr>\n<td><strong>1969- 72<\/strong><\/td>\n<td>Studium der Evangelischen Theologie in G\u00f6ttingen und Heidelberg<\/td>\n<\/tr>\n<tr>\n<td><strong>1973<\/strong><\/td>\n<td>Heirat mit der Lehrerin Brigitte, geb. Valeske; das Ehepaar hat drei T\u00f6chter<\/td>\n<\/tr>\n<tr>\n<td><strong>1976<\/strong><\/td>\n<td>Promotion zum Dr. theol., anschlie\u00dfend Lehrvikariat<\/td>\n<\/tr>\n<tr>\n<td><strong>1977<\/strong><\/td>\n<td>Zweites theologisches Examen<\/td>\n<\/tr>\n<tr>\n<td><strong>1977- 79<\/strong><\/td>\n<td>Pfarrvikar in Sandhausen<\/td>\n<\/tr>\n<tr>\n<td><strong>1979- 89<\/strong><\/td>\n<td>Gemeindepfarrer in Heidelberg- Kirchheim<\/td>\n<\/tr>\n<tr>\n<td><strong>1989- 95<\/strong><\/td>\n<td>Landesjugendpfarrer der Evangelischen Landeskirche in Baden<\/td>\n<\/tr>\n<tr>\n<td><strong>1996- 98<\/strong><\/td>\n<td>Dekan des Kirchenbezirks Mannheim<\/td>\n<\/tr>\n<tr>\n<td><strong>1997<\/strong><\/td>\n<td>Am 25.7. 1997 erfolgte die Wahl zum Landesbischof der Evangelischen Kirche in Baden als\u00a0 Nachfolger von Klaus Engelhardt; die Amtseinf\u00fchrung fand am 31.3.1998 statt.<\/td>\n<\/tr>\n<\/tbody>\n<\/table>\n<p class=\"tiny_p\">Bischof Dr. Ulrich Fischer setzte sich f\u00fcr ansprechende Formen des Gottesdienstes ein, zum Beispiel so genannte &#8222;Thomasmessen&#8220; f\u00fcr Menschen, die der Kirche ferner stehen, und machte Gestaltungsvorschl\u00e4ge f\u00fcr Gottesdienste (verschiedene Ver\u00f6ffentlichungen im Calwer Verlag). Er bezeichnete es als wichtige Aufgabe der Kirche, sich besonders um die Armen zu k\u00fcmmern und gr\u00fcndete die Initiative &#8222;Solidarischer Lohn- \u00f6kumenisches Teilen&#8220; f\u00fcr gerechtere Besoldungsstrukturen in der Kirche.<\/p>\n<p>Am 21. Oktober 2020 starb Ulrich Fischer in Karlsruhe.<\/p>\n<\/div><\/div><\/div><\/div><\/div><div class=\"w-tabs-section\" id=\"l89d\"><button class=\"w-tabs-section-header\" aria-controls=\"content-l89d\" aria-expanded=\"false\"><div class=\"w-tabs-section-title\">Anja Noske *1986<\/div><div class=\"w-tabs-section-control\"><\/div><\/button><div  class=\"w-tabs-section-content\" id=\"content-l89d\"><div class=\"w-tabs-section-content-h i-cf\"><div class=\"g-cols wpb_row via_flex valign_top type_default stacking_default\"><div class=\"vc_col-sm-4 wpb_column vc_column_container\"><div class=\"vc_column-inner\"><div class=\"wpb_wrapper\"><div class=\"w-image align_left\"><div class=\"w-image-h\"><img loading=\"lazy\" decoding=\"async\" width=\"269\" height=\"300\" src=\"https:\/\/johanneum-lueneburg.de\/wordpress\/wp-content\/uploads\/2023\/02\/anja_noske_-269x300.jpg\" class=\"attachment-medium size-medium\" alt=\"\" srcset=\"https:\/\/johanneum-lueneburg.de\/wordpress\/wp-content\/uploads\/2023\/02\/anja_noske_-269x300.jpg 269w, https:\/\/johanneum-lueneburg.de\/wordpress\/wp-content\/uploads\/2023\/02\/anja_noske_-359x400.jpg 359w, https:\/\/johanneum-lueneburg.de\/wordpress\/wp-content\/uploads\/2023\/02\/anja_noske_-104x116.jpg 104w, https:\/\/johanneum-lueneburg.de\/wordpress\/wp-content\/uploads\/2023\/02\/anja_noske_.jpg 808w\" sizes=\"auto, (max-width: 269px) 100vw, 269px\" \/><\/div><\/div><\/div><\/div><\/div><div class=\"vc_col-sm-8 wpb_column vc_column_container\"><div class=\"vc_column-inner\"><div class=\"wpb_wrapper\"><div class=\"wpb_text_column\"><div class=\"wpb_wrapper\"><p>Ruderin, Weltmeisterin<\/p>\n<p>geb.\u00a0 1986 in L\u00fcneburg<br \/>\n2005\u00a0\u00a0 Abitur am Johanneum L\u00fcneburg, Studium der Medizin in Saarbr\u00fccken,<br \/>\n2006-2019 Mitglied Nationalmanschaft Rudern (DOSB, DRV)<br \/>\n2016-2021 Studium Lehramt Biologie\/ Sport Sek I + II<br \/>\nseit 2021 Referendarin Lehramt Sek I und II, Sport und Biologie in Bremen<\/p>\n<\/div><\/div><\/div><\/div><\/div><\/div><div class=\"w-separator size_medium\"><\/div><div class=\"wpb_text_column\"><div class=\"wpb_wrapper\"><h3><strong><u>Sportliche Erfolge (Auswahl):<\/u><\/strong><\/h3>\n<p class=\"tiny_p\"><strong><u>Olympische Spiele<br \/>\n<\/u><\/strong><strong>6. Platz 2012\u00a0\u00a0\u00a0\u00a0\u00a0\u00a0\u00a0<\/strong>Leichtgewichts-Doppelzweier in London,\u00a0<em>mit Lena M\u00fcller<\/em><\/p>\n<p class=\"tiny_p\"><strong><u>Weltmeisterschaften<br \/>\n<\/u><\/strong><strong>Gold 2015<\/strong> \u00a0\u00a0\u00a0\u00a0\u00a0\u00a0\u00a0\u00a0\u00a0 Leichtgewichts- Doppelvierer,\u00a0 Aiguebelette \/Frankreich; <em>mit Katrin Thoma, Leonie Pieper, Lena M\u00fcller<br \/>\n<\/em><strong>Bronze 2013\u00a0\u00a0\u00a0\u00a0\u00a0 <\/strong>Leichtgewichts-Doppelzweier, Chungju\/ S\u00fcdkorea;\u00a0<em>mit Lena M\u00fcller<br \/>\n<\/em><strong>Gold 2010\u00a0\u00a0\u00a0\u00a0\u00a0\u00a0\u00a0\u00a0\u00a0<\/strong>\u00a0\u00a0Leichtgewichts-Doppelvierer in Lake Karapiro\/ Neuseeland;\u00a0<em>mit Lena M\u00fcller,<\/em><em> Daniela Reimer, M.-L. Dr\u00e4ger<br \/>\n<\/em><strong>Silber 2010<\/strong> \u00a0\u00a0\u00a0\u00a0\u00a0\u00a0\u00a0\u00a0 Leichtgewichts-Doppelzweier in Lake Karapiro\/ Neuseeland; <em>mit Daniela Reimer<\/em><\/p>\n<p class=\"tiny_p\"><strong><u>Weltmeisterschaften U 23<br \/>\n<\/u><\/strong><strong>Gold 2008\u00a0\u00a0\u00a0\u00a0\u00a0\u00a0\u00a0\u00a0\u00a0 <\/strong>Leichtgewichts- Doppelzweier, Beetzsee \/ Brandenburg,\u00a0<em>mit Julia Kr\u00f6ger<br \/>\n<\/em><strong>Bronze 2007\u00a0\u00a0\u00a0\u00a0\u00a0\u00a0<\/strong>Leichtgewichts-Einer in Strahtclyde\/ Schottland<\/p>\n<p class=\"tiny_p\"><strong><u>Europameisterschaften<br \/>\n<\/u><\/strong><strong>Gold 2016\u00a0\u00a0\u00a0\u00a0\u00a0\u00a0\u00a0\u00a0<\/strong>Leichtgewichts-Einer, Beetzsee\/ Brandenburg<br \/>\n<strong>Silber 2014\u00a0\u00a0 \u00a0\u00a0\u00a0\u00a0<\/strong>Leichtgewichts-Doppelzweier in Belgrad\/Serbien;\u00a0<em>mit Lena M\u00fcller<br \/>\n<\/em><strong>Silber 2013\u00a0\u00a0\u00a0\u00a0\u00a0\u00a0<\/strong>Leichtgewichts-Doppelzweier in Sevilla\/ Spanien;\u00a0<em>mit Lena M\u00fcller<br \/>\n<\/em><strong>Bronze 2010\u00a0 \u00a0\u00a0\u00a0<\/strong>Leichtgewichts-Doppelzweier in Montemor-O-Velho\/ Portugal;<em> mit Daniela Reimer<\/em><\/p>\n<p class=\"tiny_p\"><strong><u>Weltcup<br \/>\n<\/u><\/strong><strong>1. Platz 2013\u00a0\u00a0\u00a0\u00a0<\/strong>Leichtgewichts-Doppelzweier, 2. WC in Eton\/ Gro\u00dfbritannien;\u00a0<em>mit Lena M\u00fcller<br \/>\n<\/em><strong>2. Platz 2011\u00a0\u00a0\u00a0\u00a0<\/strong>Leichtgewichts-Doppelzweier, 2. WC in Hamburg;\u00a0<em>mit M.-L<\/em><em>. Dr\u00e4ger<br \/>\n<\/em><strong>2. Platz 2009\u00a0\u00a0\u00a0<\/strong>Leichtgewichts-Doppelzweier, 2. WC in M\u00fcnchen;\u00a0<em>mit M.-L. Dr\u00e4ger<br \/>\n<\/em><strong>1. Platz 2009\u00a0\u00a0\u00a0<\/strong>Leichtgewichts-Doppelzweier, 1. WC in Banyoles\/ Spanien;<em>\u00a0mit M.-L. Dr\u00e4ger<\/em><\/p>\n<p><strong><u>Deutsche Meisterschaften<br \/>\n<\/u><\/strong><strong>Gold 2014\u00a0 \u00a0 \u00a0\u00a0\u00a0<\/strong>Doppelvierer in Eschwege (dt. Gro\u00dfbootmeisterschaft)<br \/>\n<strong>Gold 2014\u00a0\u00a0\u00a0\u00a0\u00a0\u00a0\u00a0<\/strong>Doppelzweier in Eschwege (dt. Gro\u00dfbootmeisterschaft)<br \/>\n<strong>Gold 2014\u00a0\u00a0\u00a0 \u00a0\u00a0\u00a0<\/strong>Leichtgewichts- Einer in K\u00f6ln (Dt. Kleinbootmeisterschaft)<br \/>\n<strong>Gold 2013\u00a0\u00a0 \u00a0 \u00a0\u00a0<\/strong>Doppelvierer in M\u00fcnster (dt. Gro\u00dfbootmeisterschaft)<br \/>\n<strong>Gold 2013\u00a0\u00a0\u00a0\u00a0\u00a0\u00a0\u00a0<\/strong>Doppelzweier in M\u00fcnster (dt. Gro\u00dfbootmeisterschaft)<br \/>\n<strong>Gold 2011\u00a0\u00a0\u00a0\u00a0\u00a0\u00a0\u00a0<\/strong>Leichtgewichts-Doppelzweier in Brandenburg<br \/>\n<strong>Gold 2010\u00a0\u00a0\u00a0\u00a0\u00a0\u00a0\u00a0<\/strong>Doppelvierer in M\u00fcnchen (dt. Gro\u00dfbootmeisterschaft)<\/p>\n<p class=\"tiny_p\"><strong><u>Sportlerin des Jahres<\/u><\/strong><strong>:\u00a0 2010\u00a0 Saarland<\/strong><\/p>\n<p class=\"tiny_p\">Anja Noske\u00a0 ist seit 2013\u00a0 Botschafterin der DOSB-Kampagne &#8222;Sterne des Sports&#8220; im Saarland und engagiert sich im Rotaract Club Saarbr\u00fccken f\u00fcr soziale Projekte (2014 Club- Mitgliedschaft).<\/p>\n<\/div><\/div><\/div><\/div><\/div><\/div><\/div><\/div><\/div><\/div><\/div><\/div><\/section><section class=\"l-section wpb_row height_auto\"><div class=\"l-section-h i-cf\"><div class=\"g-cols vc_row via_flex valign_top type_default stacking_default\"><div class=\"vc_col-sm-12 wpb_column vc_column_container\"><div class=\"vc_column-inner\"><div class=\"wpb_wrapper\"><div class=\"wpb_text_column\"><div class=\"wpb_wrapper\"><p style=\"text-align: right;\">Autor: Gerhard Glombik<\/p>\n<\/div><\/div><\/div><\/div><\/div><\/div><\/div><\/section>\n","protected":false},"excerpt":{"rendered":"Als das Johanneum begann, sich im Rahmen der EXPO 2000 mit einer eigenen Website im Internet zu pr\u00e4sentieren, entstand auch die Dokumentation \u201eProminente ehemalige Johanniter\u201c. Es war klar, dass auch die schon damals fast 600-j\u00e4hrige Tradition dieses Gymnasiums eine wichtige Rolle spielt. Wodurch kann man diesen Aspekt besser zum Ausdruck bringen als durch die prominenten...","protected":false},"author":1,"featured_media":0,"parent":0,"menu_order":0,"comment_status":"closed","ping_status":"closed","template":"","meta":{"footnotes":""},"class_list":["post-11781","page","type-page","status-publish","hentry"],"_links":{"self":[{"href":"https:\/\/johanneum-lueneburg.de\/wordpress\/wp-json\/wp\/v2\/pages\/11781","targetHints":{"allow":["GET"]}}],"collection":[{"href":"https:\/\/johanneum-lueneburg.de\/wordpress\/wp-json\/wp\/v2\/pages"}],"about":[{"href":"https:\/\/johanneum-lueneburg.de\/wordpress\/wp-json\/wp\/v2\/types\/page"}],"author":[{"embeddable":true,"href":"https:\/\/johanneum-lueneburg.de\/wordpress\/wp-json\/wp\/v2\/users\/1"}],"replies":[{"embeddable":true,"href":"https:\/\/johanneum-lueneburg.de\/wordpress\/wp-json\/wp\/v2\/comments?post=11781"}],"version-history":[{"count":76,"href":"https:\/\/johanneum-lueneburg.de\/wordpress\/wp-json\/wp\/v2\/pages\/11781\/revisions"}],"predecessor-version":[{"id":14669,"href":"https:\/\/johanneum-lueneburg.de\/wordpress\/wp-json\/wp\/v2\/pages\/11781\/revisions\/14669"}],"wp:attachment":[{"href":"https:\/\/johanneum-lueneburg.de\/wordpress\/wp-json\/wp\/v2\/media?parent=11781"}],"curies":[{"name":"wp","href":"https:\/\/api.w.org\/{rel}","templated":true}]}}